{"version":"1.0","provider_name":"","provider_url":"https:\/\/futbolhoy.co","title":"Nacional desmiente opci\u00f3n de David Ospina -","type":"rich","width":600,"height":338,"html":"<blockquote class=\"wp-embedded-content\" data-secret=\"At8QSRtYk5\"><a href=\"https:\/\/futbolhoy.co\/index.php\/2017\/11\/21\/nacional-desmiente-opcion-de-david-ospina\/\">Nacional desmiente opci\u00f3n de David Ospina<\/a><\/blockquote><iframe sandbox=\"allow-scripts\" security=\"restricted\" src=\"https:\/\/futbolhoy.co\/index.php\/2017\/11\/21\/nacional-desmiente-opcion-de-david-ospina\/embed\/#?secret=At8QSRtYk5\" width=\"600\" height=\"338\" title=\"\u00abNacional desmiente opci\u00f3n de David Ospina\u00bb \u2014 \" data-secret=\"At8QSRtYk5\" frameborder=\"0\" marginwidth=\"0\" marginheight=\"0\" scrolling=\"no\" class=\"wp-embedded-content\"><\/iframe><script type=\"text\/javascript\">\n\/* <![CDATA[ *\/\n\/*! This file is auto-generated *\/\n!function(d,l){\"use strict\";l.querySelector&&d.addEventListener&&\"undefined\"!=typeof URL&&(d.wp=d.wp||{},d.wp.receiveEmbedMessage||(d.wp.receiveEmbedMessage=function(e){var t=e.data;if((t||t.secret||t.message||t.value)&&!\/[^a-zA-Z0-9]\/.test(t.secret)){for(var s,r,n,a=l.querySelectorAll('iframe[data-secret=\"'+t.secret+'\"]'),o=l.querySelectorAll('blockquote[data-secret=\"'+t.secret+'\"]'),c=new RegExp(\"^https?:$\",\"i\"),i=0;i<o.length;i++)o[i].style.display=\"none\";for(i=0;i<a.length;i++)s=a[i],e.source===s.contentWindow&&(s.removeAttribute(\"style\"),\"height\"===t.message?(1e3<(r=parseInt(t.value,10))?r=1e3:~~r<200&&(r=200),s.height=r):\"link\"===t.message&&(r=new URL(s.getAttribute(\"src\")),n=new URL(t.value),c.test(n.protocol))&&n.host===r.host&&l.activeElement===s&&(d.top.location.href=t.value))}},d.addEventListener(\"message\",d.wp.receiveEmbedMessage,!1),l.addEventListener(\"DOMContentLoaded\",function(){for(var e,t,s=l.querySelectorAll(\"iframe.wp-embedded-content\"),r=0;r<s.length;r++)(t=(e=s[r]).getAttribute(\"data-secret\"))||(t=Math.random().toString(36).substring(2,12),e.src+=\"#?secret=\"+t,e.setAttribute(\"data-secret\",t)),e.contentWindow.postMessage({message:\"ready\",secret:t},\"*\")},!1)))}(window,document);\n\/* ]]> *\/\n<\/script>\n","thumbnail_url":"https:\/\/futbolhoy.co\/wp-content\/uploads\/2017\/11\/IMG_20171121_105322.jpg","thumbnail_width":560,"thumbnail_height":315,"description":"El gerente deportivo de\u00a0Atl\u00e9tico Nacional,\u00a0V\u00edctor Marulanda, desminti\u00f3 las versiones de la prensa de Inglaterra, sobre una supuesta opci\u00f3n para\u00a0el portero antioque\u00f1o\u00a0David Ospina. Marulanda sostuvo que el club no conoce nada oficial sobre el tema y los costos no permitir\u00edan una eventual negociaci\u00f3n. The Mirror\u00a0asegur\u00f3, al inicio de semana, que Ospina\u00a0ofreci\u00f3 salir del Arsenal para buscar [&hellip;]"}