{"version":"1.0","provider_name":"","provider_url":"https:\/\/futbolhoy.co","title":"Yerry y Muriel tras la Copa del Rey -","type":"rich","width":600,"height":338,"html":"<blockquote class=\"wp-embedded-content\" data-secret=\"jjuvcLE7kd\"><a href=\"https:\/\/futbolhoy.co\/index.php\/2018\/04\/20\/yerry-y-muriel-tras-la-copa-del-rey\/\">Yerry y Muriel tras la Copa del Rey<\/a><\/blockquote><iframe sandbox=\"allow-scripts\" security=\"restricted\" src=\"https:\/\/futbolhoy.co\/index.php\/2018\/04\/20\/yerry-y-muriel-tras-la-copa-del-rey\/embed\/#?secret=jjuvcLE7kd\" width=\"600\" height=\"338\" title=\"\u00abYerry y Muriel tras la Copa del Rey\u00bb \u2014 \" data-secret=\"jjuvcLE7kd\" frameborder=\"0\" marginwidth=\"0\" marginheight=\"0\" scrolling=\"no\" class=\"wp-embedded-content\"><\/iframe><script type=\"text\/javascript\">\n\/* <![CDATA[ *\/\n\/*! This file is auto-generated *\/\n!function(d,l){\"use strict\";l.querySelector&&d.addEventListener&&\"undefined\"!=typeof URL&&(d.wp=d.wp||{},d.wp.receiveEmbedMessage||(d.wp.receiveEmbedMessage=function(e){var t=e.data;if((t||t.secret||t.message||t.value)&&!\/[^a-zA-Z0-9]\/.test(t.secret)){for(var s,r,n,a=l.querySelectorAll('iframe[data-secret=\"'+t.secret+'\"]'),o=l.querySelectorAll('blockquote[data-secret=\"'+t.secret+'\"]'),c=new RegExp(\"^https?:$\",\"i\"),i=0;i<o.length;i++)o[i].style.display=\"none\";for(i=0;i<a.length;i++)s=a[i],e.source===s.contentWindow&&(s.removeAttribute(\"style\"),\"height\"===t.message?(1e3<(r=parseInt(t.value,10))?r=1e3:~~r<200&&(r=200),s.height=r):\"link\"===t.message&&(r=new URL(s.getAttribute(\"src\")),n=new URL(t.value),c.test(n.protocol))&&n.host===r.host&&l.activeElement===s&&(d.top.location.href=t.value))}},d.addEventListener(\"message\",d.wp.receiveEmbedMessage,!1),l.addEventListener(\"DOMContentLoaded\",function(){for(var e,t,s=l.querySelectorAll(\"iframe.wp-embedded-content\"),r=0;r<s.length;r++)(t=(e=s[r]).getAttribute(\"data-secret\"))||(t=Math.random().toString(36).substring(2,12),e.src+=\"#?secret=\"+t,e.setAttribute(\"data-secret\",t)),e.contentWindow.postMessage({message:\"ready\",secret:t},\"*\")},!1)))}(window,document);\n\/* ]]> *\/\n<\/script>\n","thumbnail_url":"https:\/\/futbolhoy.co\/wp-content\/uploads\/2018\/04\/IMG_20180420_140537.jpg","thumbnail_width":1600,"thumbnail_height":1066,"description":"El defensa central colombiano\u00a0Yerry Mina\u00a0con el Barcelona y el delantero\u00a0Luis Fernando Muriel con\u00a0el Sevilla, buscar\u00e1n su primer t\u00edtulo en Espa\u00f1a cuando este s\u00e1bado a las 2.30 de la tarde sus clubes se enfrenten en la final de la\u00a0Copa del Rey en\u00a0el estadio\u00a0Wanda Metropolitano\u00a0de Madrid. Para Muriel, alcanzar la corona supondr\u00eda lograr su primer t\u00edtulo como [&hellip;]"}