{"version":"1.0","provider_name":"","provider_url":"https:\/\/futbolhoy.co","title":"Hern\u00e1n Dar\u00edo Burbano, de Le\u00f3n a le\u00f3n -","type":"rich","width":600,"height":338,"html":"<blockquote class=\"wp-embedded-content\" data-secret=\"asVdpm29Ls\"><a href=\"https:\/\/futbolhoy.co\/index.php\/2018\/06\/30\/hernan-dario-burbano-de-leon-a-leon\/\">Hern\u00e1n Dar\u00edo Burbano, de Le\u00f3n a le\u00f3n<\/a><\/blockquote><iframe sandbox=\"allow-scripts\" security=\"restricted\" src=\"https:\/\/futbolhoy.co\/index.php\/2018\/06\/30\/hernan-dario-burbano-de-leon-a-leon\/embed\/#?secret=asVdpm29Ls\" width=\"600\" height=\"338\" title=\"\u00abHern\u00e1n Dar\u00edo Burbano, de Le\u00f3n a le\u00f3n\u00bb \u2014 \" data-secret=\"asVdpm29Ls\" frameborder=\"0\" marginwidth=\"0\" marginheight=\"0\" scrolling=\"no\" class=\"wp-embedded-content\"><\/iframe><script type=\"text\/javascript\">\n\/* <![CDATA[ *\/\n\/*! This file is auto-generated *\/\n!function(d,l){\"use strict\";l.querySelector&&d.addEventListener&&\"undefined\"!=typeof URL&&(d.wp=d.wp||{},d.wp.receiveEmbedMessage||(d.wp.receiveEmbedMessage=function(e){var t=e.data;if((t||t.secret||t.message||t.value)&&!\/[^a-zA-Z0-9]\/.test(t.secret)){for(var s,r,n,a=l.querySelectorAll('iframe[data-secret=\"'+t.secret+'\"]'),o=l.querySelectorAll('blockquote[data-secret=\"'+t.secret+'\"]'),c=new RegExp(\"^https?:$\",\"i\"),i=0;i<o.length;i++)o[i].style.display=\"none\";for(i=0;i<a.length;i++)s=a[i],e.source===s.contentWindow&&(s.removeAttribute(\"style\"),\"height\"===t.message?(1e3<(r=parseInt(t.value,10))?r=1e3:~~r<200&&(r=200),s.height=r):\"link\"===t.message&&(r=new URL(s.getAttribute(\"src\")),n=new URL(t.value),c.test(n.protocol))&&n.host===r.host&&l.activeElement===s&&(d.top.location.href=t.value))}},d.addEventListener(\"message\",d.wp.receiveEmbedMessage,!1),l.addEventListener(\"DOMContentLoaded\",function(){for(var e,t,s=l.querySelectorAll(\"iframe.wp-embedded-content\"),r=0;r<s.length;r++)(t=(e=s[r]).getAttribute(\"data-secret\"))||(t=Math.random().toString(36).substring(2,12),e.src+=\"#?secret=\"+t,e.setAttribute(\"data-secret\",t)),e.contentWindow.postMessage({message:\"ready\",secret:t},\"*\")},!1)))}(window,document);\n\/* ]]> *\/\n<\/script>\n","thumbnail_url":"https:\/\/futbolhoy.co\/wp-content\/uploads\/2018\/06\/IMG_20180630_194007.jpg","thumbnail_width":1002,"thumbnail_height":1280,"description":"El extremo derecho caucano\u00a0Hern\u00e1n Dar\u00edo Burbano, de 30 a\u00f1os de edad, fue anunciado oficialmente como nuevo refuerzo de\u00a0Independiente Santa Fe\u00a0para el segundo semestre de 2018, donde deber\u00e1 disputar la\u00a0Liga \u00c1guila II, la\u00a0Copa Colombia\u00a0y\u00a0la Copa Sudamericana. Burbano llega procedente del\u00a0Le\u00f3n de M\u00e9xico, donde milit\u00f3 las \u00faltimas tres temporadas, donde disput\u00f3 92 partidos y marc\u00f3 6 goles; [&hellip;]"}