{"version":"1.0","provider_name":"","provider_url":"https:\/\/futbolhoy.co","title":"Joao Rodr\u00edguez se lesiona en el Tenerife -","type":"rich","width":600,"height":338,"html":"<blockquote class=\"wp-embedded-content\" data-secret=\"e1R1r8Z8rB\"><a href=\"https:\/\/futbolhoy.co\/index.php\/2018\/09\/09\/24699\/\">Joao Rodr\u00edguez se lesiona en el Tenerife<\/a><\/blockquote><iframe sandbox=\"allow-scripts\" security=\"restricted\" src=\"https:\/\/futbolhoy.co\/index.php\/2018\/09\/09\/24699\/embed\/#?secret=e1R1r8Z8rB\" width=\"600\" height=\"338\" title=\"\u00abJoao Rodr\u00edguez se lesiona en el Tenerife\u00bb \u2014 \" data-secret=\"e1R1r8Z8rB\" frameborder=\"0\" marginwidth=\"0\" marginheight=\"0\" scrolling=\"no\" class=\"wp-embedded-content\"><\/iframe><script type=\"text\/javascript\">\n\/* <![CDATA[ *\/\n\/*! This file is auto-generated *\/\n!function(d,l){\"use strict\";l.querySelector&&d.addEventListener&&\"undefined\"!=typeof URL&&(d.wp=d.wp||{},d.wp.receiveEmbedMessage||(d.wp.receiveEmbedMessage=function(e){var t=e.data;if((t||t.secret||t.message||t.value)&&!\/[^a-zA-Z0-9]\/.test(t.secret)){for(var s,r,n,a=l.querySelectorAll('iframe[data-secret=\"'+t.secret+'\"]'),o=l.querySelectorAll('blockquote[data-secret=\"'+t.secret+'\"]'),c=new RegExp(\"^https?:$\",\"i\"),i=0;i<o.length;i++)o[i].style.display=\"none\";for(i=0;i<a.length;i++)s=a[i],e.source===s.contentWindow&&(s.removeAttribute(\"style\"),\"height\"===t.message?(1e3<(r=parseInt(t.value,10))?r=1e3:~~r<200&&(r=200),s.height=r):\"link\"===t.message&&(r=new URL(s.getAttribute(\"src\")),n=new URL(t.value),c.test(n.protocol))&&n.host===r.host&&l.activeElement===s&&(d.top.location.href=t.value))}},d.addEventListener(\"message\",d.wp.receiveEmbedMessage,!1),l.addEventListener(\"DOMContentLoaded\",function(){for(var e,t,s=l.querySelectorAll(\"iframe.wp-embedded-content\"),r=0;r<s.length;r++)(t=(e=s[r]).getAttribute(\"data-secret\"))||(t=Math.random().toString(36).substring(2,12),e.src+=\"#?secret=\"+t,e.setAttribute(\"data-secret\",t)),e.contentWindow.postMessage({message:\"ready\",secret:t},\"*\")},!1)))}(window,document);\n\/* ]]> *\/\n<\/script>\n","thumbnail_url":"https:\/\/futbolhoy.co\/wp-content\/uploads\/2018\/09\/IMG_20180909_125635.jpg","thumbnail_width":900,"thumbnail_height":538,"description":"El delantero cucute\u00f1o Joao Rodr\u00edguez afronta una situaci\u00f3n m\u00e9dica que no le ha permitido tener la regularidad esperada en Tenerife, de la segunda divisi\u00f3n de Espa\u00f1a. La primera versi\u00f3n de los m\u00e9dicos aseguran que el jugador, que no estuvo en los dos primeros partidos de la Liga por problemas musculares, sufri\u00f3 un esguince de tobillo, [&hellip;]"}