{"version":"1.0","provider_name":"","provider_url":"https:\/\/futbolhoy.co","title":"Sambueza pr\u00f3ximo a reforzar a Santa Fe -","type":"rich","width":600,"height":338,"html":"<blockquote class=\"wp-embedded-content\" data-secret=\"IGvnRv9MDX\"><a href=\"https:\/\/futbolhoy.co\/index.php\/2019\/07\/02\/sambueza-proximo-a-reforzar-a-santa-fe\/\">Sambueza pr\u00f3ximo a reforzar a Santa Fe<\/a><\/blockquote><iframe sandbox=\"allow-scripts\" security=\"restricted\" src=\"https:\/\/futbolhoy.co\/index.php\/2019\/07\/02\/sambueza-proximo-a-reforzar-a-santa-fe\/embed\/#?secret=IGvnRv9MDX\" width=\"600\" height=\"338\" title=\"\u00abSambueza pr\u00f3ximo a reforzar a Santa Fe\u00bb \u2014 \" data-secret=\"IGvnRv9MDX\" frameborder=\"0\" marginwidth=\"0\" marginheight=\"0\" scrolling=\"no\" class=\"wp-embedded-content\"><\/iframe><script type=\"text\/javascript\">\n\/* <![CDATA[ *\/\n\/*! This file is auto-generated *\/\n!function(d,l){\"use strict\";l.querySelector&&d.addEventListener&&\"undefined\"!=typeof URL&&(d.wp=d.wp||{},d.wp.receiveEmbedMessage||(d.wp.receiveEmbedMessage=function(e){var t=e.data;if((t||t.secret||t.message||t.value)&&!\/[^a-zA-Z0-9]\/.test(t.secret)){for(var s,r,n,a=l.querySelectorAll('iframe[data-secret=\"'+t.secret+'\"]'),o=l.querySelectorAll('blockquote[data-secret=\"'+t.secret+'\"]'),c=new RegExp(\"^https?:$\",\"i\"),i=0;i<o.length;i++)o[i].style.display=\"none\";for(i=0;i<a.length;i++)s=a[i],e.source===s.contentWindow&&(s.removeAttribute(\"style\"),\"height\"===t.message?(1e3<(r=parseInt(t.value,10))?r=1e3:~~r<200&&(r=200),s.height=r):\"link\"===t.message&&(r=new URL(s.getAttribute(\"src\")),n=new URL(t.value),c.test(n.protocol))&&n.host===r.host&&l.activeElement===s&&(d.top.location.href=t.value))}},d.addEventListener(\"message\",d.wp.receiveEmbedMessage,!1),l.addEventListener(\"DOMContentLoaded\",function(){for(var e,t,s=l.querySelectorAll(\"iframe.wp-embedded-content\"),r=0;r<s.length;r++)(t=(e=s[r]).getAttribute(\"data-secret\"))||(t=Math.random().toString(36).substring(2,12),e.src+=\"#?secret=\"+t,e.setAttribute(\"data-secret\",t)),e.contentWindow.postMessage({message:\"ready\",secret:t},\"*\")},!1)))}(window,document);\n\/* ]]> *\/\n<\/script>\n","thumbnail_url":"https:\/\/futbolhoy.co\/wp-content\/uploads\/2019\/07\/D-gE8iuWwAUagY-.png","thumbnail_width":984,"thumbnail_height":655,"description":"El volante argentino\u00a0\u00a0Fabi\u00e1n Sambueza\u00a0\u00a0qued\u00f3 a un paso de cerrar su vinculaci\u00f3n al Independiente Santa Fe, luego de no llegar a un acuerdo para renovar con Atl\u00e9tico Junior. El futbolista, propietario de sus derechos deportivos, adelantar\u00e1 en las pr\u00f3ximas horas ex\u00e1menes m\u00e9dicos con el equipo cardenal. \"No he firmado, pero el contrato es a un a\u00f1o [&hellip;]"}