{"version":"1.0","provider_name":"","provider_url":"https:\/\/futbolhoy.co","title":"Duv\u00e1n Zapata ya est\u00e1 en Italia -","type":"rich","width":600,"height":338,"html":"<blockquote class=\"wp-embedded-content\" data-secret=\"GEfUZ7zfCu\"><a href=\"https:\/\/futbolhoy.co\/index.php\/2019\/12\/18\/duvan-zapata-ya-esta-en-italia\/\">Duv\u00e1n Zapata ya est\u00e1 en Italia<\/a><\/blockquote><iframe sandbox=\"allow-scripts\" security=\"restricted\" src=\"https:\/\/futbolhoy.co\/index.php\/2019\/12\/18\/duvan-zapata-ya-esta-en-italia\/embed\/#?secret=GEfUZ7zfCu\" width=\"600\" height=\"338\" title=\"\u00abDuv\u00e1n Zapata ya est\u00e1 en Italia\u00bb \u2014 \" data-secret=\"GEfUZ7zfCu\" frameborder=\"0\" marginwidth=\"0\" marginheight=\"0\" scrolling=\"no\" class=\"wp-embedded-content\"><\/iframe><script type=\"text\/javascript\">\n\/* <![CDATA[ *\/\n\/*! This file is auto-generated *\/\n!function(d,l){\"use strict\";l.querySelector&&d.addEventListener&&\"undefined\"!=typeof URL&&(d.wp=d.wp||{},d.wp.receiveEmbedMessage||(d.wp.receiveEmbedMessage=function(e){var t=e.data;if((t||t.secret||t.message||t.value)&&!\/[^a-zA-Z0-9]\/.test(t.secret)){for(var s,r,n,a=l.querySelectorAll('iframe[data-secret=\"'+t.secret+'\"]'),o=l.querySelectorAll('blockquote[data-secret=\"'+t.secret+'\"]'),c=new RegExp(\"^https?:$\",\"i\"),i=0;i<o.length;i++)o[i].style.display=\"none\";for(i=0;i<a.length;i++)s=a[i],e.source===s.contentWindow&&(s.removeAttribute(\"style\"),\"height\"===t.message?(1e3<(r=parseInt(t.value,10))?r=1e3:~~r<200&&(r=200),s.height=r):\"link\"===t.message&&(r=new URL(s.getAttribute(\"src\")),n=new URL(t.value),c.test(n.protocol))&&n.host===r.host&&l.activeElement===s&&(d.top.location.href=t.value))}},d.addEventListener(\"message\",d.wp.receiveEmbedMessage,!1),l.addEventListener(\"DOMContentLoaded\",function(){for(var e,t,s=l.querySelectorAll(\"iframe.wp-embedded-content\"),r=0;r<s.length;r++)(t=(e=s[r]).getAttribute(\"data-secret\"))||(t=Math.random().toString(36).substring(2,12),e.src+=\"#?secret=\"+t,e.setAttribute(\"data-secret\",t)),e.contentWindow.postMessage({message:\"ready\",secret:t},\"*\")},!1)))}(window,document);\n\/* ]]> *\/\n<\/script>\n","thumbnail_url":"https:\/\/futbolhoy.co\/wp-content\/uploads\/2019\/10\/Duvanz.jpg","thumbnail_width":1600,"thumbnail_height":1200,"description":"El goleador caucano Duv\u00e1n Zapata regres\u00f3 a Italia despu\u00e9s de tres semanas de tratamiento m\u00e9dico en Sevilla, debido a una lesi\u00f3n muscular. Zapata, quien sufri\u00f3 un problema de aductores en un amistoso de la Selecci\u00f3n Colombia, est\u00e1 fuera de las canchas desde octubre. El delantero ya est\u00e1 en Bergamo, donde retomar\u00e1 desde ma\u00f1ana la parte [&hellip;]"}