{"version":"1.0","provider_name":"","provider_url":"https:\/\/futbolhoy.co","title":"Paraguay defini\u00f3 plantilla para el Preol\u00edmpico -","type":"rich","width":600,"height":338,"html":"<blockquote class=\"wp-embedded-content\" data-secret=\"hPmGveWkyT\"><a href=\"https:\/\/futbolhoy.co\/index.php\/2019\/12\/27\/paraguay-definio-plantilla-para-el-preolimpico\/\">Paraguay defini\u00f3 plantilla para el Preol\u00edmpico<\/a><\/blockquote><iframe sandbox=\"allow-scripts\" security=\"restricted\" src=\"https:\/\/futbolhoy.co\/index.php\/2019\/12\/27\/paraguay-definio-plantilla-para-el-preolimpico\/embed\/#?secret=hPmGveWkyT\" width=\"600\" height=\"338\" title=\"\u00abParaguay defini\u00f3 plantilla para el Preol\u00edmpico\u00bb \u2014 \" data-secret=\"hPmGveWkyT\" frameborder=\"0\" marginwidth=\"0\" marginheight=\"0\" scrolling=\"no\" class=\"wp-embedded-content\"><\/iframe><script type=\"text\/javascript\">\n\/* <![CDATA[ *\/\n\/*! This file is auto-generated *\/\n!function(d,l){\"use strict\";l.querySelector&&d.addEventListener&&\"undefined\"!=typeof URL&&(d.wp=d.wp||{},d.wp.receiveEmbedMessage||(d.wp.receiveEmbedMessage=function(e){var t=e.data;if((t||t.secret||t.message||t.value)&&!\/[^a-zA-Z0-9]\/.test(t.secret)){for(var s,r,n,a=l.querySelectorAll('iframe[data-secret=\"'+t.secret+'\"]'),o=l.querySelectorAll('blockquote[data-secret=\"'+t.secret+'\"]'),c=new RegExp(\"^https?:$\",\"i\"),i=0;i<o.length;i++)o[i].style.display=\"none\";for(i=0;i<a.length;i++)s=a[i],e.source===s.contentWindow&&(s.removeAttribute(\"style\"),\"height\"===t.message?(1e3<(r=parseInt(t.value,10))?r=1e3:~~r<200&&(r=200),s.height=r):\"link\"===t.message&&(r=new URL(s.getAttribute(\"src\")),n=new URL(t.value),c.test(n.protocol))&&n.host===r.host&&l.activeElement===s&&(d.top.location.href=t.value))}},d.addEventListener(\"message\",d.wp.receiveEmbedMessage,!1),l.addEventListener(\"DOMContentLoaded\",function(){for(var e,t,s=l.querySelectorAll(\"iframe.wp-embedded-content\"),r=0;r<s.length;r++)(t=(e=s[r]).getAttribute(\"data-secret\"))||(t=Math.random().toString(36).substring(2,12),e.src+=\"#?secret=\"+t,e.setAttribute(\"data-secret\",t)),e.contentWindow.postMessage({message:\"ready\",secret:t},\"*\")},!1)))}(window,document);\n\/* ]]> *\/\n<\/script>\n","thumbnail_url":"https:\/\/futbolhoy.co\/wp-content\/uploads\/2019\/12\/EMy9b2qWoAAJJPU.jpg","thumbnail_width":680,"thumbnail_height":383,"description":"\u00a0Los delanteros Sebasti\u00e1n Ferreira, del Morelia mexicano, y Jes\u00fas Medina, de New York City en la MLS, ser\u00e1n la esperanza de gol de la Selecci\u00f3n Paraguay sub 23 que disputar\u00e1 el Torneo Preol\u00edmpico de Colombia, previsto del 18 de enero al 9 de febrero. Los paraguayos, que integra el grupo B, junto a Brasil, Uruguay, [&hellip;]"}