{"version":"1.0","provider_name":"","provider_url":"https:\/\/futbolhoy.co","title":"Yairo Moreno sufre lesi\u00f3n muscular -","type":"rich","width":600,"height":338,"html":"<blockquote class=\"wp-embedded-content\" data-secret=\"bavQYgyG38\"><a href=\"https:\/\/futbolhoy.co\/index.php\/2020\/02\/11\/yairo-moreno-sufre-lesion-muscular\/\">Yairo Moreno sufre lesi\u00f3n muscular<\/a><\/blockquote><iframe sandbox=\"allow-scripts\" security=\"restricted\" src=\"https:\/\/futbolhoy.co\/index.php\/2020\/02\/11\/yairo-moreno-sufre-lesion-muscular\/embed\/#?secret=bavQYgyG38\" width=\"600\" height=\"338\" title=\"\u00abYairo Moreno sufre lesi\u00f3n muscular\u00bb \u2014 \" data-secret=\"bavQYgyG38\" frameborder=\"0\" marginwidth=\"0\" marginheight=\"0\" scrolling=\"no\" class=\"wp-embedded-content\"><\/iframe><script type=\"text\/javascript\">\n\/* <![CDATA[ *\/\n\/*! This file is auto-generated *\/\n!function(d,l){\"use strict\";l.querySelector&&d.addEventListener&&\"undefined\"!=typeof URL&&(d.wp=d.wp||{},d.wp.receiveEmbedMessage||(d.wp.receiveEmbedMessage=function(e){var t=e.data;if((t||t.secret||t.message||t.value)&&!\/[^a-zA-Z0-9]\/.test(t.secret)){for(var s,r,n,a=l.querySelectorAll('iframe[data-secret=\"'+t.secret+'\"]'),o=l.querySelectorAll('blockquote[data-secret=\"'+t.secret+'\"]'),c=new RegExp(\"^https?:$\",\"i\"),i=0;i<o.length;i++)o[i].style.display=\"none\";for(i=0;i<a.length;i++)s=a[i],e.source===s.contentWindow&&(s.removeAttribute(\"style\"),\"height\"===t.message?(1e3<(r=parseInt(t.value,10))?r=1e3:~~r<200&&(r=200),s.height=r):\"link\"===t.message&&(r=new URL(s.getAttribute(\"src\")),n=new URL(t.value),c.test(n.protocol))&&n.host===r.host&&l.activeElement===s&&(d.top.location.href=t.value))}},d.addEventListener(\"message\",d.wp.receiveEmbedMessage,!1),l.addEventListener(\"DOMContentLoaded\",function(){for(var e,t,s=l.querySelectorAll(\"iframe.wp-embedded-content\"),r=0;r<s.length;r++)(t=(e=s[r]).getAttribute(\"data-secret\"))||(t=Math.random().toString(36).substring(2,12),e.src+=\"#?secret=\"+t,e.setAttribute(\"data-secret\",t)),e.contentWindow.postMessage({message:\"ready\",secret:t},\"*\")},!1)))}(window,document);\n\/* ]]> *\/\n<\/script>\n","thumbnail_url":"https:\/\/futbolhoy.co\/wp-content\/uploads\/2020\/02\/yeiro.png","thumbnail_width":668,"thumbnail_height":431,"description":"El extremo Yairo Moreno, quien ha formado parte de la Selecci\u00f3n Colombia y juega con Le\u00f3n de M\u00e9xico, sufri\u00f3 una lesi\u00f3n en el muslo izquierdo, pero no se precis\u00f3 el tiempo de incapacidad. \"El Club Le\u00f3n informa que tras las valoraciones m\u00e9dicas realizadas al jugador colombiano Yairo Moreno se present\u00f3 el siguiente diagn\u00f3stico: lesi\u00f3n muscular [&hellip;]"}