{"version":"1.0","provider_name":"","provider_url":"https:\/\/futbolhoy.co","title":"Guar\u00edn, listo para reaparecer con Vasco -","type":"rich","width":600,"height":338,"html":"<blockquote class=\"wp-embedded-content\" data-secret=\"FKEGw8VyED\"><a href=\"https:\/\/futbolhoy.co\/index.php\/2020\/02\/18\/guarin-listo-para-reaparecer-con-vasco\/\">Guar\u00edn, listo para reaparecer con Vasco<\/a><\/blockquote><iframe sandbox=\"allow-scripts\" security=\"restricted\" src=\"https:\/\/futbolhoy.co\/index.php\/2020\/02\/18\/guarin-listo-para-reaparecer-con-vasco\/embed\/#?secret=FKEGw8VyED\" width=\"600\" height=\"338\" title=\"\u00abGuar\u00edn, listo para reaparecer con Vasco\u00bb \u2014 \" data-secret=\"FKEGw8VyED\" frameborder=\"0\" marginwidth=\"0\" marginheight=\"0\" scrolling=\"no\" class=\"wp-embedded-content\"><\/iframe><script type=\"text\/javascript\">\n\/* <![CDATA[ *\/\n\/*! This file is auto-generated *\/\n!function(d,l){\"use strict\";l.querySelector&&d.addEventListener&&\"undefined\"!=typeof URL&&(d.wp=d.wp||{},d.wp.receiveEmbedMessage||(d.wp.receiveEmbedMessage=function(e){var t=e.data;if((t||t.secret||t.message||t.value)&&!\/[^a-zA-Z0-9]\/.test(t.secret)){for(var s,r,n,a=l.querySelectorAll('iframe[data-secret=\"'+t.secret+'\"]'),o=l.querySelectorAll('blockquote[data-secret=\"'+t.secret+'\"]'),c=new RegExp(\"^https?:$\",\"i\"),i=0;i<o.length;i++)o[i].style.display=\"none\";for(i=0;i<a.length;i++)s=a[i],e.source===s.contentWindow&&(s.removeAttribute(\"style\"),\"height\"===t.message?(1e3<(r=parseInt(t.value,10))?r=1e3:~~r<200&&(r=200),s.height=r):\"link\"===t.message&&(r=new URL(s.getAttribute(\"src\")),n=new URL(t.value),c.test(n.protocol))&&n.host===r.host&&l.activeElement===s&&(d.top.location.href=t.value))}},d.addEventListener(\"message\",d.wp.receiveEmbedMessage,!1),l.addEventListener(\"DOMContentLoaded\",function(){for(var e,t,s=l.querySelectorAll(\"iframe.wp-embedded-content\"),r=0;r<s.length;r++)(t=(e=s[r]).getAttribute(\"data-secret\"))||(t=Math.random().toString(36).substring(2,12),e.src+=\"#?secret=\"+t,e.setAttribute(\"data-secret\",t)),e.contentWindow.postMessage({message:\"ready\",secret:t},\"*\")},!1)))}(window,document);\n\/* ]]> *\/\n<\/script>\n","thumbnail_url":"https:\/\/futbolhoy.co\/wp-content\/uploads\/2019\/12\/Captura.jpg","thumbnail_width":595,"thumbnail_height":567,"description":"El volante boyacense Fredy Guar\u00edn, que no alcanz\u00f3 a ser inscrito por Vasco da Gama para Copa Sudamericana, qued\u00f3 listo para reaparecer con el equipo brasile\u00f1o. Guar\u00edn, quien cerr\u00f3 la semana anterior el acuerdo por un a\u00f1o m\u00e1s, termin\u00f3 su adaptaci\u00f3n f\u00edsica y ya entrena a la par con sus compa\u00f1eros. El colombiano, que no [&hellip;]"}