{"version":"1.0","provider_name":"","provider_url":"https:\/\/futbolhoy.co","title":"Eliminatorias Conmebol en septiembre -","type":"rich","width":600,"height":338,"html":"<blockquote class=\"wp-embedded-content\" data-secret=\"tb4a7Km3gI\"><a href=\"https:\/\/futbolhoy.co\/index.php\/2020\/03\/17\/eliminatorias-conmebol-en-septiembre\/\">Eliminatorias Conmebol en septiembre<\/a><\/blockquote><iframe sandbox=\"allow-scripts\" security=\"restricted\" src=\"https:\/\/futbolhoy.co\/index.php\/2020\/03\/17\/eliminatorias-conmebol-en-septiembre\/embed\/#?secret=tb4a7Km3gI\" width=\"600\" height=\"338\" title=\"\u00abEliminatorias Conmebol en septiembre\u00bb \u2014 \" data-secret=\"tb4a7Km3gI\" frameborder=\"0\" marginwidth=\"0\" marginheight=\"0\" scrolling=\"no\" class=\"wp-embedded-content\"><\/iframe><script type=\"text\/javascript\">\n\/* <![CDATA[ *\/\n\/*! This file is auto-generated *\/\n!function(d,l){\"use strict\";l.querySelector&&d.addEventListener&&\"undefined\"!=typeof URL&&(d.wp=d.wp||{},d.wp.receiveEmbedMessage||(d.wp.receiveEmbedMessage=function(e){var t=e.data;if((t||t.secret||t.message||t.value)&&!\/[^a-zA-Z0-9]\/.test(t.secret)){for(var s,r,n,a=l.querySelectorAll('iframe[data-secret=\"'+t.secret+'\"]'),o=l.querySelectorAll('blockquote[data-secret=\"'+t.secret+'\"]'),c=new RegExp(\"^https?:$\",\"i\"),i=0;i<o.length;i++)o[i].style.display=\"none\";for(i=0;i<a.length;i++)s=a[i],e.source===s.contentWindow&&(s.removeAttribute(\"style\"),\"height\"===t.message?(1e3<(r=parseInt(t.value,10))?r=1e3:~~r<200&&(r=200),s.height=r):\"link\"===t.message&&(r=new URL(s.getAttribute(\"src\")),n=new URL(t.value),c.test(n.protocol))&&n.host===r.host&&l.activeElement===s&&(d.top.location.href=t.value))}},d.addEventListener(\"message\",d.wp.receiveEmbedMessage,!1),l.addEventListener(\"DOMContentLoaded\",function(){for(var e,t,s=l.querySelectorAll(\"iframe.wp-embedded-content\"),r=0;r<s.length;r++)(t=(e=s[r]).getAttribute(\"data-secret\"))||(t=Math.random().toString(36).substring(2,12),e.src+=\"#?secret=\"+t,e.setAttribute(\"data-secret\",t)),e.contentWindow.postMessage({message:\"ready\",secret:t},\"*\")},!1)))}(window,document);\n\/* ]]> *\/\n<\/script>\n","thumbnail_url":"https:\/\/futbolhoy.co\/wp-content\/uploads\/2020\/03\/IMG_20200317_183516.jpg","thumbnail_width":820,"thumbnail_height":480,"description":"Las eliminatorias sudamericanas al\u00a0Mundial Qatar 2022\u00a0se iniciar\u00edan en septiembre, con el fin de trastocar lo menos posible el calendario de partidos previamente establecidos por la\u00a0Conmebol, utilizando las fechas previstas para el cumplimiento de las jornadas 3 y 4 seg\u00fan la programaci\u00f3n inicial. El presidente de la\u00a0Federaci\u00f3n Colombiana de F\u00fatbol,\u00a0Ram\u00f3n Jesur\u00fan, asegur\u00f3 que \u201cEl problema es [&hellip;]"}