{"version":"1.0","provider_name":"","provider_url":"https:\/\/futbolhoy.co","title":"Santiago Arias en la \u2018mira\u2019 del f\u00fatbol italiano -","type":"rich","width":600,"height":338,"html":"<blockquote class=\"wp-embedded-content\" data-secret=\"7YeyCEUAEq\"><a href=\"https:\/\/futbolhoy.co\/index.php\/2020\/03\/28\/santiago-arias-en-la-mira-del-futbol-italiano\/\">Santiago Arias en la \u2018mira\u2019 del f\u00fatbol italiano<\/a><\/blockquote><iframe sandbox=\"allow-scripts\" security=\"restricted\" src=\"https:\/\/futbolhoy.co\/index.php\/2020\/03\/28\/santiago-arias-en-la-mira-del-futbol-italiano\/embed\/#?secret=7YeyCEUAEq\" width=\"600\" height=\"338\" title=\"\u00abSantiago Arias en la \u2018mira\u2019 del f\u00fatbol italiano\u00bb \u2014 \" data-secret=\"7YeyCEUAEq\" frameborder=\"0\" marginwidth=\"0\" marginheight=\"0\" scrolling=\"no\" class=\"wp-embedded-content\"><\/iframe><script type=\"text\/javascript\">\n\/* <![CDATA[ *\/\n\/*! This file is auto-generated *\/\n!function(d,l){\"use strict\";l.querySelector&&d.addEventListener&&\"undefined\"!=typeof URL&&(d.wp=d.wp||{},d.wp.receiveEmbedMessage||(d.wp.receiveEmbedMessage=function(e){var t=e.data;if((t||t.secret||t.message||t.value)&&!\/[^a-zA-Z0-9]\/.test(t.secret)){for(var s,r,n,a=l.querySelectorAll('iframe[data-secret=\"'+t.secret+'\"]'),o=l.querySelectorAll('blockquote[data-secret=\"'+t.secret+'\"]'),c=new RegExp(\"^https?:$\",\"i\"),i=0;i<o.length;i++)o[i].style.display=\"none\";for(i=0;i<a.length;i++)s=a[i],e.source===s.contentWindow&&(s.removeAttribute(\"style\"),\"height\"===t.message?(1e3<(r=parseInt(t.value,10))?r=1e3:~~r<200&&(r=200),s.height=r):\"link\"===t.message&&(r=new URL(s.getAttribute(\"src\")),n=new URL(t.value),c.test(n.protocol))&&n.host===r.host&&l.activeElement===s&&(d.top.location.href=t.value))}},d.addEventListener(\"message\",d.wp.receiveEmbedMessage,!1),l.addEventListener(\"DOMContentLoaded\",function(){for(var e,t,s=l.querySelectorAll(\"iframe.wp-embedded-content\"),r=0;r<s.length;r++)(t=(e=s[r]).getAttribute(\"data-secret\"))||(t=Math.random().toString(36).substring(2,12),e.src+=\"#?secret=\"+t,e.setAttribute(\"data-secret\",t)),e.contentWindow.postMessage({message:\"ready\",secret:t},\"*\")},!1)))}(window,document);\n\/* ]]> *\/\n<\/script>\n","thumbnail_url":"https:\/\/futbolhoy.co\/wp-content\/uploads\/2020\/03\/ET-kcO3XYAIaYwi.jpg","thumbnail_width":594,"thumbnail_height":396,"description":"El lateral antioque\u00f1o Santiago Arias del Atl\u00e9tico de Madrid, figura en los planes del Inter de Mil\u00e1n y N\u00e1poles para la pr\u00f3xima temporada, seg\u00fan Il Corriere dello Sport. Arias, quien perdi\u00f3 su posici\u00f3n como titular en el equipo \u2018colchonero\u2019 tras la llegada de Kieran Trippier, no seguir\u00eda en el f\u00fatbol espa\u00f1ol. N\u00e1poles, que ya hab\u00eda [&hellip;]"}