{"version":"1.0","provider_name":"","provider_url":"https:\/\/futbolhoy.co","title":"\u00a1Feliz cumplea\u00f1os, Omar! Los 39 del \u00eddolo 'Cardenal' -","type":"rich","width":600,"height":338,"html":"<blockquote class=\"wp-embedded-content\" data-secret=\"v4dMhGz43V\"><a href=\"https:\/\/futbolhoy.co\/index.php\/2020\/03\/29\/feliz-cumpleanos-omar-perez-celebra-39-anos\/\">\u00a1Feliz cumplea\u00f1os, Omar! Los 39 del \u00eddolo 'Cardenal'<\/a><\/blockquote><iframe sandbox=\"allow-scripts\" security=\"restricted\" src=\"https:\/\/futbolhoy.co\/index.php\/2020\/03\/29\/feliz-cumpleanos-omar-perez-celebra-39-anos\/embed\/#?secret=v4dMhGz43V\" width=\"600\" height=\"338\" title=\"\u00ab\u00a1Feliz cumplea\u00f1os, Omar! Los 39 del \u00eddolo &#039;Cardenal&#039;\u00bb \u2014 \" data-secret=\"v4dMhGz43V\" frameborder=\"0\" marginwidth=\"0\" marginheight=\"0\" scrolling=\"no\" class=\"wp-embedded-content\"><\/iframe><script type=\"text\/javascript\">\n\/* <![CDATA[ *\/\n\/*! This file is auto-generated *\/\n!function(d,l){\"use strict\";l.querySelector&&d.addEventListener&&\"undefined\"!=typeof URL&&(d.wp=d.wp||{},d.wp.receiveEmbedMessage||(d.wp.receiveEmbedMessage=function(e){var t=e.data;if((t||t.secret||t.message||t.value)&&!\/[^a-zA-Z0-9]\/.test(t.secret)){for(var s,r,n,a=l.querySelectorAll('iframe[data-secret=\"'+t.secret+'\"]'),o=l.querySelectorAll('blockquote[data-secret=\"'+t.secret+'\"]'),c=new RegExp(\"^https?:$\",\"i\"),i=0;i<o.length;i++)o[i].style.display=\"none\";for(i=0;i<a.length;i++)s=a[i],e.source===s.contentWindow&&(s.removeAttribute(\"style\"),\"height\"===t.message?(1e3<(r=parseInt(t.value,10))?r=1e3:~~r<200&&(r=200),s.height=r):\"link\"===t.message&&(r=new URL(s.getAttribute(\"src\")),n=new URL(t.value),c.test(n.protocol))&&n.host===r.host&&l.activeElement===s&&(d.top.location.href=t.value))}},d.addEventListener(\"message\",d.wp.receiveEmbedMessage,!1),l.addEventListener(\"DOMContentLoaded\",function(){for(var e,t,s=l.querySelectorAll(\"iframe.wp-embedded-content\"),r=0;r<s.length;r++)(t=(e=s[r]).getAttribute(\"data-secret\"))||(t=Math.random().toString(36).substring(2,12),e.src+=\"#?secret=\"+t,e.setAttribute(\"data-secret\",t)),e.contentWindow.postMessage({message:\"ready\",secret:t},\"*\")},!1)))}(window,document);\n\/* ]]> *\/\n<\/script>\n","thumbnail_url":"https:\/\/futbolhoy.co\/wp-content\/uploads\/2020\/03\/Omar-1.jpg","thumbnail_width":1023,"thumbnail_height":698,"description":"Uno de los mayores \u00eddolos de Santa Fe, el m\u00e1s importante en las \u00faltimas d\u00e9cadas, celebra este domingo 39 a\u00f1os, Omar Sebasti\u00e1n P\u00e9rez, el volante argentino que conquist\u00f3 nueve t\u00edtulos con el cuadro 'Cardenal'. Naci\u00f3 en Santiago del Estero el 29 de marzo de 1981, tras debutar en el 2000 con Boca Juniors, jugar para [&hellip;]"}