{"version":"1.0","provider_name":"","provider_url":"https:\/\/futbolhoy.co","title":"Nuevo t\u00e9cnico para Fredy Guar\u00edn -","type":"rich","width":600,"height":338,"html":"<blockquote class=\"wp-embedded-content\" data-secret=\"dumJgkU882\"><a href=\"https:\/\/futbolhoy.co\/index.php\/2020\/03\/31\/nuevo-tecnico-para-fredy-guarin\/\">Nuevo t\u00e9cnico para Fredy Guar\u00edn<\/a><\/blockquote><iframe sandbox=\"allow-scripts\" security=\"restricted\" src=\"https:\/\/futbolhoy.co\/index.php\/2020\/03\/31\/nuevo-tecnico-para-fredy-guarin\/embed\/#?secret=dumJgkU882\" width=\"600\" height=\"338\" title=\"\u00abNuevo t\u00e9cnico para Fredy Guar\u00edn\u00bb \u2014 \" data-secret=\"dumJgkU882\" frameborder=\"0\" marginwidth=\"0\" marginheight=\"0\" scrolling=\"no\" class=\"wp-embedded-content\"><\/iframe><script type=\"text\/javascript\">\n\/* <![CDATA[ *\/\n\/*! This file is auto-generated *\/\n!function(d,l){\"use strict\";l.querySelector&&d.addEventListener&&\"undefined\"!=typeof URL&&(d.wp=d.wp||{},d.wp.receiveEmbedMessage||(d.wp.receiveEmbedMessage=function(e){var t=e.data;if((t||t.secret||t.message||t.value)&&!\/[^a-zA-Z0-9]\/.test(t.secret)){for(var s,r,n,a=l.querySelectorAll('iframe[data-secret=\"'+t.secret+'\"]'),o=l.querySelectorAll('blockquote[data-secret=\"'+t.secret+'\"]'),c=new RegExp(\"^https?:$\",\"i\"),i=0;i<o.length;i++)o[i].style.display=\"none\";for(i=0;i<a.length;i++)s=a[i],e.source===s.contentWindow&&(s.removeAttribute(\"style\"),\"height\"===t.message?(1e3<(r=parseInt(t.value,10))?r=1e3:~~r<200&&(r=200),s.height=r):\"link\"===t.message&&(r=new URL(s.getAttribute(\"src\")),n=new URL(t.value),c.test(n.protocol))&&n.host===r.host&&l.activeElement===s&&(d.top.location.href=t.value))}},d.addEventListener(\"message\",d.wp.receiveEmbedMessage,!1),l.addEventListener(\"DOMContentLoaded\",function(){for(var e,t,s=l.querySelectorAll(\"iframe.wp-embedded-content\"),r=0;r<s.length;r++)(t=(e=s[r]).getAttribute(\"data-secret\"))||(t=Math.random().toString(36).substring(2,12),e.src+=\"#?secret=\"+t,e.setAttribute(\"data-secret\",t)),e.contentWindow.postMessage({message:\"ready\",secret:t},\"*\")},!1)))}(window,document);\n\/* ]]> *\/\n<\/script>\n","thumbnail_url":"https:\/\/futbolhoy.co\/wp-content\/uploads\/2020\/03\/DT-Vasco.jpg","thumbnail_width":1000,"thumbnail_height":1000,"description":"El Vasco da Gama, donde juega el boyacense Fredy\u00a0Guar\u00edn, confirm\u00f3 a Ramon Menezes como su nuevo t\u00e9cnico para la temporada, que contin\u00faa suspendida por la crisis del coronavirus. El nuevo entrenador, que fue campe\u00f3n de la Copa Libertadores de 1998 con el conjunto carioca, sustituir\u00e1 en el cargo a Abel Braga, despedido tras permanecer tres [&hellip;]"}