{"version":"1.0","provider_name":"","provider_url":"https:\/\/futbolhoy.co","title":"\u201cJames desde los 16 a\u00f1os era diferente\u201d, Erviti -","type":"rich","width":600,"height":338,"html":"<blockquote class=\"wp-embedded-content\" data-secret=\"nhFIgO9dL6\"><a href=\"https:\/\/futbolhoy.co\/index.php\/2020\/04\/13\/james-desde-los-16-anos-era-diferente-erviti\/\">\u201cJames desde los 16 a\u00f1os era diferente\u201d, Erviti<\/a><\/blockquote><iframe sandbox=\"allow-scripts\" security=\"restricted\" src=\"https:\/\/futbolhoy.co\/index.php\/2020\/04\/13\/james-desde-los-16-anos-era-diferente-erviti\/embed\/#?secret=nhFIgO9dL6\" width=\"600\" height=\"338\" title=\"\u00ab\u201cJames desde los 16 a\u00f1os era diferente\u201d, Erviti\u00bb \u2014 \" data-secret=\"nhFIgO9dL6\" frameborder=\"0\" marginwidth=\"0\" marginheight=\"0\" scrolling=\"no\" class=\"wp-embedded-content\"><\/iframe><script type=\"text\/javascript\">\n\/* <![CDATA[ *\/\n\/*! This file is auto-generated *\/\n!function(d,l){\"use strict\";l.querySelector&&d.addEventListener&&\"undefined\"!=typeof URL&&(d.wp=d.wp||{},d.wp.receiveEmbedMessage||(d.wp.receiveEmbedMessage=function(e){var t=e.data;if((t||t.secret||t.message||t.value)&&!\/[^a-zA-Z0-9]\/.test(t.secret)){for(var s,r,n,a=l.querySelectorAll('iframe[data-secret=\"'+t.secret+'\"]'),o=l.querySelectorAll('blockquote[data-secret=\"'+t.secret+'\"]'),c=new RegExp(\"^https?:$\",\"i\"),i=0;i<o.length;i++)o[i].style.display=\"none\";for(i=0;i<a.length;i++)s=a[i],e.source===s.contentWindow&&(s.removeAttribute(\"style\"),\"height\"===t.message?(1e3<(r=parseInt(t.value,10))?r=1e3:~~r<200&&(r=200),s.height=r):\"link\"===t.message&&(r=new URL(s.getAttribute(\"src\")),n=new URL(t.value),c.test(n.protocol))&&n.host===r.host&&l.activeElement===s&&(d.top.location.href=t.value))}},d.addEventListener(\"message\",d.wp.receiveEmbedMessage,!1),l.addEventListener(\"DOMContentLoaded\",function(){for(var e,t,s=l.querySelectorAll(\"iframe.wp-embedded-content\"),r=0;r<s.length;r++)(t=(e=s[r]).getAttribute(\"data-secret\"))||(t=Math.random().toString(36).substring(2,12),e.src+=\"#?secret=\"+t,e.setAttribute(\"data-secret\",t)),e.contentWindow.postMessage({message:\"ready\",secret:t},\"*\")},!1)))}(window,document);\n\/* ]]> *\/\n<\/script>\n","thumbnail_url":"https:\/\/futbolhoy.co\/wp-content\/uploads\/2020\/04\/IMG_20200413_195228.jpg","thumbnail_width":593,"thumbnail_height":474,"description":"El talentoso ex volante argentino\u00a0Walter Erviti elogi\u00f3\u00a0al colombiano James Rodr\u00edguiez, con quien comparti\u00f3 en\u00a0Banfield\u00a0en el t\u00edtulo del a\u00f1o 2009 en la\u00a0Liga Argentina\u00a0y asegur\u00f3 que desde temprana edad mostr\u00f3 sus condiciones como futbolista y profesional. \u201cJames\u00a0ten\u00eda 16 a\u00f1os y uno ya se daba cuenta que era diferente, pero no por lo que hac\u00eda con la pelota, [&hellip;]"}