{"version":"1.0","provider_name":"","provider_url":"https:\/\/futbolhoy.co","title":"No ser\u00e1 f\u00e1cil regresar: Iker Casillas -","type":"rich","width":600,"height":338,"html":"<blockquote class=\"wp-embedded-content\" data-secret=\"Qslaefu4zs\"><a href=\"https:\/\/futbolhoy.co\/index.php\/2020\/04\/20\/no-sera-facil-regresar-iker-casillas\/\">No ser\u00e1 f\u00e1cil regresar: Iker Casillas<\/a><\/blockquote><iframe sandbox=\"allow-scripts\" security=\"restricted\" src=\"https:\/\/futbolhoy.co\/index.php\/2020\/04\/20\/no-sera-facil-regresar-iker-casillas\/embed\/#?secret=Qslaefu4zs\" width=\"600\" height=\"338\" title=\"\u00abNo ser\u00e1 f\u00e1cil regresar: Iker Casillas\u00bb \u2014 \" data-secret=\"Qslaefu4zs\" frameborder=\"0\" marginwidth=\"0\" marginheight=\"0\" scrolling=\"no\" class=\"wp-embedded-content\"><\/iframe><script type=\"text\/javascript\">\n\/* <![CDATA[ *\/\n\/*! This file is auto-generated *\/\n!function(d,l){\"use strict\";l.querySelector&&d.addEventListener&&\"undefined\"!=typeof URL&&(d.wp=d.wp||{},d.wp.receiveEmbedMessage||(d.wp.receiveEmbedMessage=function(e){var t=e.data;if((t||t.secret||t.message||t.value)&&!\/[^a-zA-Z0-9]\/.test(t.secret)){for(var s,r,n,a=l.querySelectorAll('iframe[data-secret=\"'+t.secret+'\"]'),o=l.querySelectorAll('blockquote[data-secret=\"'+t.secret+'\"]'),c=new RegExp(\"^https?:$\",\"i\"),i=0;i<o.length;i++)o[i].style.display=\"none\";for(i=0;i<a.length;i++)s=a[i],e.source===s.contentWindow&&(s.removeAttribute(\"style\"),\"height\"===t.message?(1e3<(r=parseInt(t.value,10))?r=1e3:~~r<200&&(r=200),s.height=r):\"link\"===t.message&&(r=new URL(s.getAttribute(\"src\")),n=new URL(t.value),c.test(n.protocol))&&n.host===r.host&&l.activeElement===s&&(d.top.location.href=t.value))}},d.addEventListener(\"message\",d.wp.receiveEmbedMessage,!1),l.addEventListener(\"DOMContentLoaded\",function(){for(var e,t,s=l.querySelectorAll(\"iframe.wp-embedded-content\"),r=0;r<s.length;r++)(t=(e=s[r]).getAttribute(\"data-secret\"))||(t=Math.random().toString(36).substring(2,12),e.src+=\"#?secret=\"+t,e.setAttribute(\"data-secret\",t)),e.contentWindow.postMessage({message:\"ready\",secret:t},\"*\")},!1)))}(window,document);\n\/* ]]> *\/\n<\/script>\n","thumbnail_url":"https:\/\/futbolhoy.co\/wp-content\/uploads\/2017\/09\/IMG_20170914_071726.jpg","thumbnail_width":1499,"thumbnail_height":1065,"description":"El portero del Porto, Iker Casillas, dijo que regresar a la competencia no ser\u00e1 f\u00e1cil, luego del infarto que sufri\u00f3 el 1 de mayo de 2019, aunque su futuro deportivo lo conocer\u00e1 cuando acabe la pandemia del coronavirus. \u201cCuando sucedi\u00f3 el infarto hace un a\u00f1o, estuve un mes pr\u00e1cticamente, no triste, sino con miedo a [&hellip;]"}