{"version":"1.0","provider_name":"","provider_url":"https:\/\/futbolhoy.co","title":"Me alegra el regreso: Jhon C\u00f3rdoba -","type":"rich","width":600,"height":338,"html":"<blockquote class=\"wp-embedded-content\" data-secret=\"SJRrMQ1ti2\"><a href=\"https:\/\/futbolhoy.co\/index.php\/2020\/04\/26\/me-alegra-el-regreso-jhon-cordoba\/\">Me alegra el regreso: Jhon C\u00f3rdoba<\/a><\/blockquote><iframe sandbox=\"allow-scripts\" security=\"restricted\" src=\"https:\/\/futbolhoy.co\/index.php\/2020\/04\/26\/me-alegra-el-regreso-jhon-cordoba\/embed\/#?secret=SJRrMQ1ti2\" width=\"600\" height=\"338\" title=\"\u00abMe alegra el regreso: Jhon C\u00f3rdoba\u00bb \u2014 \" data-secret=\"SJRrMQ1ti2\" frameborder=\"0\" marginwidth=\"0\" marginheight=\"0\" scrolling=\"no\" class=\"wp-embedded-content\"><\/iframe><script type=\"text\/javascript\">\n\/* <![CDATA[ *\/\n\/*! This file is auto-generated *\/\n!function(d,l){\"use strict\";l.querySelector&&d.addEventListener&&\"undefined\"!=typeof URL&&(d.wp=d.wp||{},d.wp.receiveEmbedMessage||(d.wp.receiveEmbedMessage=function(e){var t=e.data;if((t||t.secret||t.message||t.value)&&!\/[^a-zA-Z0-9]\/.test(t.secret)){for(var s,r,n,a=l.querySelectorAll('iframe[data-secret=\"'+t.secret+'\"]'),o=l.querySelectorAll('blockquote[data-secret=\"'+t.secret+'\"]'),c=new RegExp(\"^https?:$\",\"i\"),i=0;i<o.length;i++)o[i].style.display=\"none\";for(i=0;i<a.length;i++)s=a[i],e.source===s.contentWindow&&(s.removeAttribute(\"style\"),\"height\"===t.message?(1e3<(r=parseInt(t.value,10))?r=1e3:~~r<200&&(r=200),s.height=r):\"link\"===t.message&&(r=new URL(s.getAttribute(\"src\")),n=new URL(t.value),c.test(n.protocol))&&n.host===r.host&&l.activeElement===s&&(d.top.location.href=t.value))}},d.addEventListener(\"message\",d.wp.receiveEmbedMessage,!1),l.addEventListener(\"DOMContentLoaded\",function(){for(var e,t,s=l.querySelectorAll(\"iframe.wp-embedded-content\"),r=0;r<s.length;r++)(t=(e=s[r]).getAttribute(\"data-secret\"))||(t=Math.random().toString(36).substring(2,12),e.src+=\"#?secret=\"+t,e.setAttribute(\"data-secret\",t)),e.contentWindow.postMessage({message:\"ready\",secret:t},\"*\")},!1)))}(window,document);\n\/* ]]> *\/\n<\/script>\n","thumbnail_url":"https:\/\/futbolhoy.co\/wp-content\/uploads\/2019\/05\/IMG_20190506_174356.jpg","thumbnail_width":3000,"thumbnail_height":2000,"description":"(Jhon C\u00f3rdoba en di\u00e1logo con el Carrusel Deportivo de Caracol Radio) El delantero chocoano Jhon Andr\u00e9s C\u00f3rdoba, del Colonia de Alemania, asegur\u00f3 que le alegra el pronto regreso de la Bundesliga, luego de tres semanas de entrenamientos bajo condiciones especiales. \u201cNosotros llevamos tres semanas entrenando. Inicialmente lo hac\u00edamos en grupos de ocho y esta semana [&hellip;]"}