{"version":"1.0","provider_name":"","provider_url":"https:\/\/futbolhoy.co","title":"Lazio, en el horizonte de Su\u00e1rez -","type":"rich","width":600,"height":338,"html":"<blockquote class=\"wp-embedded-content\" data-secret=\"07Vb4lrxDb\"><a href=\"https:\/\/futbolhoy.co\/index.php\/2020\/05\/15\/lazio-en-el-horizonte-de-suarez\/\">Lazio, en el horizonte de Su\u00e1rez<\/a><\/blockquote><iframe sandbox=\"allow-scripts\" security=\"restricted\" src=\"https:\/\/futbolhoy.co\/index.php\/2020\/05\/15\/lazio-en-el-horizonte-de-suarez\/embed\/#?secret=07Vb4lrxDb\" width=\"600\" height=\"338\" title=\"\u00abLazio, en el horizonte de Su\u00e1rez\u00bb \u2014 \" data-secret=\"07Vb4lrxDb\" frameborder=\"0\" marginwidth=\"0\" marginheight=\"0\" scrolling=\"no\" class=\"wp-embedded-content\"><\/iframe><script type=\"text\/javascript\">\n\/* <![CDATA[ *\/\n\/*! This file is auto-generated *\/\n!function(d,l){\"use strict\";l.querySelector&&d.addEventListener&&\"undefined\"!=typeof URL&&(d.wp=d.wp||{},d.wp.receiveEmbedMessage||(d.wp.receiveEmbedMessage=function(e){var t=e.data;if((t||t.secret||t.message||t.value)&&!\/[^a-zA-Z0-9]\/.test(t.secret)){for(var s,r,n,a=l.querySelectorAll('iframe[data-secret=\"'+t.secret+'\"]'),o=l.querySelectorAll('blockquote[data-secret=\"'+t.secret+'\"]'),c=new RegExp(\"^https?:$\",\"i\"),i=0;i<o.length;i++)o[i].style.display=\"none\";for(i=0;i<a.length;i++)s=a[i],e.source===s.contentWindow&&(s.removeAttribute(\"style\"),\"height\"===t.message?(1e3<(r=parseInt(t.value,10))?r=1e3:~~r<200&&(r=200),s.height=r):\"link\"===t.message&&(r=new URL(s.getAttribute(\"src\")),n=new URL(t.value),c.test(n.protocol))&&n.host===r.host&&l.activeElement===s&&(d.top.location.href=t.value))}},d.addEventListener(\"message\",d.wp.receiveEmbedMessage,!1),l.addEventListener(\"DOMContentLoaded\",function(){for(var e,t,s=l.querySelectorAll(\"iframe.wp-embedded-content\"),r=0;r<s.length;r++)(t=(e=s[r]).getAttribute(\"data-secret\"))||(t=Math.random().toString(36).substring(2,12),e.src+=\"#?secret=\"+t,e.setAttribute(\"data-secret\",t)),e.contentWindow.postMessage({message:\"ready\",secret:t},\"*\")},!1)))}(window,document);\n\/* ]]> *\/\n<\/script>\n","thumbnail_url":"https:\/\/futbolhoy.co\/wp-content\/uploads\/2020\/05\/20200515_192650.jpg","thumbnail_width":640,"thumbnail_height":355,"description":"El delantero colombiano\u00a0Luis Su\u00e1rez, actualmente en el\u00a0Zaragoza\u00a0de Espa\u00f1a, tendr\u00eda un principio de acuerdo para jugar la pr\u00f3xima temporada en la\u00a0Lazio\u00a0de la\u00a0Serie A\u00a0de Italia, Su\u00e1rez, de 22 a\u00f1os, cuyos derechos deportivos pertenecen al\u00a0Watford\u00a0de\u00a0Inglaterra, ha tenido una destacada temporada en la segunda divisi\u00f3n ib\u00e9rica, despertando el inter\u00e9s de varios clubes del continente. El club del\u00a0Calcio\u00a0habr\u00eda ofrecido a [&hellip;]"}