{"version":"1.0","provider_name":"","provider_url":"https:\/\/futbolhoy.co","title":"Espa\u00f1a e Italia, a tres semanas del regreso -","type":"rich","width":600,"height":338,"html":"<blockquote class=\"wp-embedded-content\" data-secret=\"XIi8tFwxXK\"><a href=\"https:\/\/futbolhoy.co\/index.php\/2020\/05\/24\/espana-e-italia-a-tres-semanas-del-regreso\/\">Espa\u00f1a e Italia, a tres semanas del regreso<\/a><\/blockquote><iframe sandbox=\"allow-scripts\" security=\"restricted\" src=\"https:\/\/futbolhoy.co\/index.php\/2020\/05\/24\/espana-e-italia-a-tres-semanas-del-regreso\/embed\/#?secret=XIi8tFwxXK\" width=\"600\" height=\"338\" title=\"\u00abEspa\u00f1a e Italia, a tres semanas del regreso\u00bb \u2014 \" data-secret=\"XIi8tFwxXK\" frameborder=\"0\" marginwidth=\"0\" marginheight=\"0\" scrolling=\"no\" class=\"wp-embedded-content\"><\/iframe><script type=\"text\/javascript\">\n\/* <![CDATA[ *\/\n\/*! This file is auto-generated *\/\n!function(d,l){\"use strict\";l.querySelector&&d.addEventListener&&\"undefined\"!=typeof URL&&(d.wp=d.wp||{},d.wp.receiveEmbedMessage||(d.wp.receiveEmbedMessage=function(e){var t=e.data;if((t||t.secret||t.message||t.value)&&!\/[^a-zA-Z0-9]\/.test(t.secret)){for(var s,r,n,a=l.querySelectorAll('iframe[data-secret=\"'+t.secret+'\"]'),o=l.querySelectorAll('blockquote[data-secret=\"'+t.secret+'\"]'),c=new RegExp(\"^https?:$\",\"i\"),i=0;i<o.length;i++)o[i].style.display=\"none\";for(i=0;i<a.length;i++)s=a[i],e.source===s.contentWindow&&(s.removeAttribute(\"style\"),\"height\"===t.message?(1e3<(r=parseInt(t.value,10))?r=1e3:~~r<200&&(r=200),s.height=r):\"link\"===t.message&&(r=new URL(s.getAttribute(\"src\")),n=new URL(t.value),c.test(n.protocol))&&n.host===r.host&&l.activeElement===s&&(d.top.location.href=t.value))}},d.addEventListener(\"message\",d.wp.receiveEmbedMessage,!1),l.addEventListener(\"DOMContentLoaded\",function(){for(var e,t,s=l.querySelectorAll(\"iframe.wp-embedded-content\"),r=0;r<s.length;r++)(t=(e=s[r]).getAttribute(\"data-secret\"))||(t=Math.random().toString(36).substring(2,12),e.src+=\"#?secret=\"+t,e.setAttribute(\"data-secret\",t)),e.contentWindow.postMessage({message:\"ready\",secret:t},\"*\")},!1)))}(window,document);\n\/* ]]> *\/\n<\/script>\n","thumbnail_url":"https:\/\/futbolhoy.co\/wp-content\/uploads\/2020\/05\/EYUlRruWkAA9zfa.jpg","thumbnail_width":680,"thumbnail_height":453,"description":"El presidente de la Liga espa\u00f1ola,\u00a0Javier Tebas, y el\u00a0ministro del Deporte de Italia,\u00a0Vincenzo Spadafora, anunciaron que la segunda semana de junio est\u00e1 marcada para los regresos de los campeonatos de primera divisi\u00f3n, luego de iniciar el proceso de retorno a la normalidad en toda actividad. Tebas se mostr\u00f3 ilusionado ante la posibilidad de que el [&hellip;]"}