{"version":"1.0","provider_name":"","provider_url":"https:\/\/futbolhoy.co","title":"Ibrahimovic habr\u00eda sufrido grave lesi\u00f3n -","type":"rich","width":600,"height":338,"html":"<blockquote class=\"wp-embedded-content\" data-secret=\"qKhrZGTGSU\"><a href=\"https:\/\/futbolhoy.co\/index.php\/2020\/05\/25\/ibrahimovic-habria-sufrido-grave-lesion\/\">Ibrahimovic habr\u00eda sufrido grave lesi\u00f3n<\/a><\/blockquote><iframe sandbox=\"allow-scripts\" security=\"restricted\" src=\"https:\/\/futbolhoy.co\/index.php\/2020\/05\/25\/ibrahimovic-habria-sufrido-grave-lesion\/embed\/#?secret=qKhrZGTGSU\" width=\"600\" height=\"338\" title=\"\u00abIbrahimovic habr\u00eda sufrido grave lesi\u00f3n\u00bb \u2014 \" data-secret=\"qKhrZGTGSU\" frameborder=\"0\" marginwidth=\"0\" marginheight=\"0\" scrolling=\"no\" class=\"wp-embedded-content\"><\/iframe><script type=\"text\/javascript\">\n\/* <![CDATA[ *\/\n\/*! This file is auto-generated *\/\n!function(d,l){\"use strict\";l.querySelector&&d.addEventListener&&\"undefined\"!=typeof URL&&(d.wp=d.wp||{},d.wp.receiveEmbedMessage||(d.wp.receiveEmbedMessage=function(e){var t=e.data;if((t||t.secret||t.message||t.value)&&!\/[^a-zA-Z0-9]\/.test(t.secret)){for(var s,r,n,a=l.querySelectorAll('iframe[data-secret=\"'+t.secret+'\"]'),o=l.querySelectorAll('blockquote[data-secret=\"'+t.secret+'\"]'),c=new RegExp(\"^https?:$\",\"i\"),i=0;i<o.length;i++)o[i].style.display=\"none\";for(i=0;i<a.length;i++)s=a[i],e.source===s.contentWindow&&(s.removeAttribute(\"style\"),\"height\"===t.message?(1e3<(r=parseInt(t.value,10))?r=1e3:~~r<200&&(r=200),s.height=r):\"link\"===t.message&&(r=new URL(s.getAttribute(\"src\")),n=new URL(t.value),c.test(n.protocol))&&n.host===r.host&&l.activeElement===s&&(d.top.location.href=t.value))}},d.addEventListener(\"message\",d.wp.receiveEmbedMessage,!1),l.addEventListener(\"DOMContentLoaded\",function(){for(var e,t,s=l.querySelectorAll(\"iframe.wp-embedded-content\"),r=0;r<s.length;r++)(t=(e=s[r]).getAttribute(\"data-secret\"))||(t=Math.random().toString(36).substring(2,12),e.src+=\"#?secret=\"+t,e.setAttribute(\"data-secret\",t)),e.contentWindow.postMessage({message:\"ready\",secret:t},\"*\")},!1)))}(window,document);\n\/* ]]> *\/\n<\/script>\n","thumbnail_url":"https:\/\/futbolhoy.co\/wp-content\/uploads\/2020\/05\/EYs9xt5XgAAVgwT.jpg","thumbnail_width":1600,"thumbnail_height":1000,"description":"El sueco Zlatan Ibrahimovic abandon\u00f3 el entrenamiento del Milan debido a una lesi\u00f3n, que podr\u00eda ser grave, lo que salt\u00f3 las alarmas en el club italiano. El delantero, que regres\u00f3 al Milan en enero desde Los \u00c1ngeles Galaxy, se retir\u00f3 con mucho dolor en la parte baja en un gemelo y algunos medios temen que [&hellip;]"}