{"version":"1.0","provider_name":"","provider_url":"https:\/\/futbolhoy.co","title":"Bobadilla tiene fecha de regreso -","type":"rich","width":600,"height":338,"html":"<blockquote class=\"wp-embedded-content\" data-secret=\"Wu94f9j9jl\"><a href=\"https:\/\/futbolhoy.co\/index.php\/2020\/06\/10\/bobadilla-tiene-fecha-de-regreso\/\">Bobadilla tiene fecha de regreso<\/a><\/blockquote><iframe sandbox=\"allow-scripts\" security=\"restricted\" src=\"https:\/\/futbolhoy.co\/index.php\/2020\/06\/10\/bobadilla-tiene-fecha-de-regreso\/embed\/#?secret=Wu94f9j9jl\" width=\"600\" height=\"338\" title=\"\u00abBobadilla tiene fecha de regreso\u00bb \u2014 \" data-secret=\"Wu94f9j9jl\" frameborder=\"0\" marginwidth=\"0\" marginheight=\"0\" scrolling=\"no\" class=\"wp-embedded-content\"><\/iframe><script type=\"text\/javascript\">\n\/* <![CDATA[ *\/\n\/*! This file is auto-generated *\/\n!function(d,l){\"use strict\";l.querySelector&&d.addEventListener&&\"undefined\"!=typeof URL&&(d.wp=d.wp||{},d.wp.receiveEmbedMessage||(d.wp.receiveEmbedMessage=function(e){var t=e.data;if((t||t.secret||t.message||t.value)&&!\/[^a-zA-Z0-9]\/.test(t.secret)){for(var s,r,n,a=l.querySelectorAll('iframe[data-secret=\"'+t.secret+'\"]'),o=l.querySelectorAll('blockquote[data-secret=\"'+t.secret+'\"]'),c=new RegExp(\"^https?:$\",\"i\"),i=0;i<o.length;i++)o[i].style.display=\"none\";for(i=0;i<a.length;i++)s=a[i],e.source===s.contentWindow&&(s.removeAttribute(\"style\"),\"height\"===t.message?(1e3<(r=parseInt(t.value,10))?r=1e3:~~r<200&&(r=200),s.height=r):\"link\"===t.message&&(r=new URL(s.getAttribute(\"src\")),n=new URL(t.value),c.test(n.protocol))&&n.host===r.host&&l.activeElement===s&&(d.top.location.href=t.value))}},d.addEventListener(\"message\",d.wp.receiveEmbedMessage,!1),l.addEventListener(\"DOMContentLoaded\",function(){for(var e,t,s=l.querySelectorAll(\"iframe.wp-embedded-content\"),r=0;r<s.length;r++)(t=(e=s[r]).getAttribute(\"data-secret\"))||(t=Math.random().toString(36).substring(2,12),e.src+=\"#?secret=\"+t,e.setAttribute(\"data-secret\",t)),e.contentWindow.postMessage({message:\"ready\",secret:t},\"*\")},!1)))}(window,document);\n\/* ]]> *\/\n<\/script>\n","thumbnail_url":"https:\/\/futbolhoy.co\/wp-content\/uploads\/2020\/06\/ESSDCcHXkAEhrJy-1.jpg","thumbnail_width":640,"thumbnail_height":355,"description":"El t\u00e9cnico del\u00a0Medell\u00edn, el paraguayo\u00a0Aldo Bobadilla, asegur\u00f3 que ya se adelant\u00f3 ante la\u00a0Canciller\u00eda\u00a0colombiana todo el proceso requerido para su regreso al pa\u00eds el 18 de junio. Bobadilla, quien hab\u00eda viajado a\u00a0Asunci\u00f3n\u00a0para pasar parte de la cuarentena con sus familiares, deber\u00e1 someterse a 14 d\u00edas de aislamiento, y podr\u00eda eventualmente reanudar su trabajo el 3 de [&hellip;]"}