{"version":"1.0","provider_name":"","provider_url":"https:\/\/futbolhoy.co","title":"\u201cVeremos si hay Copa Am\u00e9rica\u201d, Gareca -","type":"rich","width":600,"height":338,"html":"<blockquote class=\"wp-embedded-content\" data-secret=\"8rrPN5GJxe\"><a href=\"https:\/\/futbolhoy.co\/index.php\/2020\/06\/10\/veremos-si-hay-copa-america-gareca\/\">\u201cVeremos si hay Copa Am\u00e9rica\u201d, Gareca<\/a><\/blockquote><iframe sandbox=\"allow-scripts\" security=\"restricted\" src=\"https:\/\/futbolhoy.co\/index.php\/2020\/06\/10\/veremos-si-hay-copa-america-gareca\/embed\/#?secret=8rrPN5GJxe\" width=\"600\" height=\"338\" title=\"\u00ab\u201cVeremos si hay Copa Am\u00e9rica\u201d, Gareca\u00bb \u2014 \" data-secret=\"8rrPN5GJxe\" frameborder=\"0\" marginwidth=\"0\" marginheight=\"0\" scrolling=\"no\" class=\"wp-embedded-content\"><\/iframe><script type=\"text\/javascript\">\n\/* <![CDATA[ *\/\n\/*! This file is auto-generated *\/\n!function(d,l){\"use strict\";l.querySelector&&d.addEventListener&&\"undefined\"!=typeof URL&&(d.wp=d.wp||{},d.wp.receiveEmbedMessage||(d.wp.receiveEmbedMessage=function(e){var t=e.data;if((t||t.secret||t.message||t.value)&&!\/[^a-zA-Z0-9]\/.test(t.secret)){for(var s,r,n,a=l.querySelectorAll('iframe[data-secret=\"'+t.secret+'\"]'),o=l.querySelectorAll('blockquote[data-secret=\"'+t.secret+'\"]'),c=new RegExp(\"^https?:$\",\"i\"),i=0;i<o.length;i++)o[i].style.display=\"none\";for(i=0;i<a.length;i++)s=a[i],e.source===s.contentWindow&&(s.removeAttribute(\"style\"),\"height\"===t.message?(1e3<(r=parseInt(t.value,10))?r=1e3:~~r<200&&(r=200),s.height=r):\"link\"===t.message&&(r=new URL(s.getAttribute(\"src\")),n=new URL(t.value),c.test(n.protocol))&&n.host===r.host&&l.activeElement===s&&(d.top.location.href=t.value))}},d.addEventListener(\"message\",d.wp.receiveEmbedMessage,!1),l.addEventListener(\"DOMContentLoaded\",function(){for(var e,t,s=l.querySelectorAll(\"iframe.wp-embedded-content\"),r=0;r<s.length;r++)(t=(e=s[r]).getAttribute(\"data-secret\"))||(t=Math.random().toString(36).substring(2,12),e.src+=\"#?secret=\"+t,e.setAttribute(\"data-secret\",t)),e.contentWindow.postMessage({message:\"ready\",secret:t},\"*\")},!1)))}(window,document);\n\/* ]]> *\/\n<\/script>\n","thumbnail_url":"https:\/\/futbolhoy.co\/wp-content\/uploads\/2020\/06\/EaLHsU4XgAAg_YN.jpg","thumbnail_width":1024,"thumbnail_height":692,"description":"El argentino\u00a0Ricardo Gareca, seleccionador de\u00a0Per\u00fa, asegur\u00f3 que, si las eliminatorias sudamericanas al\u00a0Mundial Qatar 2022\u00a0no se inician este a\u00f1o, habr\u00eda que replantearse la posibilidad de hacer la\u00a0Copa Am\u00e9rica\u00a0a mitad de 2021. Gareca manifest\u00f3 que ser\u00e1 muy dif\u00edcil cambiar el sistema Todos contra Todos de la fase clasificatoria, lo que aprieta mucho el calendario si no se [&hellip;]"}