{"version":"1.0","provider_name":"","provider_url":"https:\/\/futbolhoy.co","title":"L\u00f3pez reconoci\u00f3 di\u00e1logos con Am\u00e9rica -","type":"rich","width":600,"height":338,"html":"<blockquote class=\"wp-embedded-content\" data-secret=\"lv3LC8ImwU\"><a href=\"https:\/\/futbolhoy.co\/index.php\/2020\/06\/15\/lopez-reconocio-dialogos-con-america\/\">L\u00f3pez reconoci\u00f3 di\u00e1logos con Am\u00e9rica<\/a><\/blockquote><iframe sandbox=\"allow-scripts\" security=\"restricted\" src=\"https:\/\/futbolhoy.co\/index.php\/2020\/06\/15\/lopez-reconocio-dialogos-con-america\/embed\/#?secret=lv3LC8ImwU\" width=\"600\" height=\"338\" title=\"\u00abL\u00f3pez reconoci\u00f3 di\u00e1logos con Am\u00e9rica\u00bb \u2014 \" data-secret=\"lv3LC8ImwU\" frameborder=\"0\" marginwidth=\"0\" marginheight=\"0\" scrolling=\"no\" class=\"wp-embedded-content\"><\/iframe><script type=\"text\/javascript\">\n\/* <![CDATA[ *\/\n\/*! This file is auto-generated *\/\n!function(d,l){\"use strict\";l.querySelector&&d.addEventListener&&\"undefined\"!=typeof URL&&(d.wp=d.wp||{},d.wp.receiveEmbedMessage||(d.wp.receiveEmbedMessage=function(e){var t=e.data;if((t||t.secret||t.message||t.value)&&!\/[^a-zA-Z0-9]\/.test(t.secret)){for(var s,r,n,a=l.querySelectorAll('iframe[data-secret=\"'+t.secret+'\"]'),o=l.querySelectorAll('blockquote[data-secret=\"'+t.secret+'\"]'),c=new RegExp(\"^https?:$\",\"i\"),i=0;i<o.length;i++)o[i].style.display=\"none\";for(i=0;i<a.length;i++)s=a[i],e.source===s.contentWindow&&(s.removeAttribute(\"style\"),\"height\"===t.message?(1e3<(r=parseInt(t.value,10))?r=1e3:~~r<200&&(r=200),s.height=r):\"link\"===t.message&&(r=new URL(s.getAttribute(\"src\")),n=new URL(t.value),c.test(n.protocol))&&n.host===r.host&&l.activeElement===s&&(d.top.location.href=t.value))}},d.addEventListener(\"message\",d.wp.receiveEmbedMessage,!1),l.addEventListener(\"DOMContentLoaded\",function(){for(var e,t,s=l.querySelectorAll(\"iframe.wp-embedded-content\"),r=0;r<s.length;r++)(t=(e=s[r]).getAttribute(\"data-secret\"))||(t=Math.random().toString(36).substring(2,12),e.src+=\"#?secret=\"+t,e.setAttribute(\"data-secret\",t)),e.contentWindow.postMessage({message:\"ready\",secret:t},\"*\")},!1)))}(window,document);\n\/* ]]> *\/\n<\/script>\n","thumbnail_url":"https:\/\/futbolhoy.co\/wp-content\/uploads\/2020\/06\/miguel-angel-lc3b3pez.png","thumbnail_width":925,"thumbnail_height":619,"description":"&nbsp; \u00c1ngel L\u00f3pez - Dt Espa\u00f1ol, VBAR Caracol Radio El entrenador espa\u00f1ol, \u00c1ngel L\u00f3pez, reconoci\u00f3 haber sostenido varias conversaciones con\u00a0Tulio G\u00f3mez, m\u00e1ximo accionista del Am\u00e9rica, para asumir la direcci\u00f3n t\u00e9cnica del campe\u00f3n colombiano, ante la salida del brasile\u00f1o\u00a0Alexandre Guimaraes. L\u00f3pez, de 37 a\u00f1os, quien viene de dirigir al\u00a0Delf\u00edn de Manta\u00a0en Ecuador, asegur\u00f3 que los primeros [&hellip;]"}