{"version":"1.0","provider_name":"","provider_url":"https:\/\/futbolhoy.co","title":"FIFA aterriz\u00f3 la candidatura de Colombia -","type":"rich","width":600,"height":338,"html":"<blockquote class=\"wp-embedded-content\" data-secret=\"fNmBzisAne\"><a href=\"https:\/\/futbolhoy.co\/index.php\/2020\/06\/20\/fifa-aterriza-candidatura-de-colombia\/\">FIFA aterriz\u00f3 la candidatura de Colombia<\/a><\/blockquote><iframe sandbox=\"allow-scripts\" security=\"restricted\" src=\"https:\/\/futbolhoy.co\/index.php\/2020\/06\/20\/fifa-aterriza-candidatura-de-colombia\/embed\/#?secret=fNmBzisAne\" width=\"600\" height=\"338\" title=\"\u00abFIFA aterriz\u00f3 la candidatura de Colombia\u00bb \u2014 \" data-secret=\"fNmBzisAne\" frameborder=\"0\" marginwidth=\"0\" marginheight=\"0\" scrolling=\"no\" class=\"wp-embedded-content\"><\/iframe><script type=\"text\/javascript\">\n\/* <![CDATA[ *\/\n\/*! This file is auto-generated *\/\n!function(d,l){\"use strict\";l.querySelector&&d.addEventListener&&\"undefined\"!=typeof URL&&(d.wp=d.wp||{},d.wp.receiveEmbedMessage||(d.wp.receiveEmbedMessage=function(e){var t=e.data;if((t||t.secret||t.message||t.value)&&!\/[^a-zA-Z0-9]\/.test(t.secret)){for(var s,r,n,a=l.querySelectorAll('iframe[data-secret=\"'+t.secret+'\"]'),o=l.querySelectorAll('blockquote[data-secret=\"'+t.secret+'\"]'),c=new RegExp(\"^https?:$\",\"i\"),i=0;i<o.length;i++)o[i].style.display=\"none\";for(i=0;i<a.length;i++)s=a[i],e.source===s.contentWindow&&(s.removeAttribute(\"style\"),\"height\"===t.message?(1e3<(r=parseInt(t.value,10))?r=1e3:~~r<200&&(r=200),s.height=r):\"link\"===t.message&&(r=new URL(s.getAttribute(\"src\")),n=new URL(t.value),c.test(n.protocol))&&n.host===r.host&&l.activeElement===s&&(d.top.location.href=t.value))}},d.addEventListener(\"message\",d.wp.receiveEmbedMessage,!1),l.addEventListener(\"DOMContentLoaded\",function(){for(var e,t,s=l.querySelectorAll(\"iframe.wp-embedded-content\"),r=0;r<s.length;r++)(t=(e=s[r]).getAttribute(\"data-secret\"))||(t=Math.random().toString(36).substring(2,12),e.src+=\"#?secret=\"+t,e.setAttribute(\"data-secret\",t)),e.contentWindow.postMessage({message:\"ready\",secret:t},\"*\")},!1)))}(window,document);\n\/* ]]> *\/\n<\/script>\n","thumbnail_url":"https:\/\/futbolhoy.co\/wp-content\/uploads\/2020\/06\/fifa-oficina.jpg","thumbnail_width":600,"thumbnail_height":337,"description":"La FIFA defendi\u00f3 su objetividad tanto en el proceso de candidaturas, como en la evaluaci\u00f3n de los pa\u00edses que se postularon para organizar el mundial femenino de 2023, cuya sede se elegir\u00e1 el pr\u00f3ximo jueves. En respuesta a una comunicaci\u00f3n del presidente de la Federaci\u00f3n Colombiana, Ram\u00f3n Jesur\u00fan, y el de Conmebol, Alejandro Dom\u00ednguez, que [&hellip;]"}