{"version":"1.0","provider_name":"","provider_url":"https:\/\/futbolhoy.co","title":"Seti\u00e9n no se siente se\u00f1alado por Messi -","type":"rich","width":600,"height":338,"html":"<blockquote class=\"wp-embedded-content\" data-secret=\"ufCwaQC5aX\"><a href=\"https:\/\/futbolhoy.co\/index.php\/2020\/07\/18\/setien-no-se-siente-senalado-por-messi\/\">Seti\u00e9n no se siente se\u00f1alado por Messi<\/a><\/blockquote><iframe sandbox=\"allow-scripts\" security=\"restricted\" src=\"https:\/\/futbolhoy.co\/index.php\/2020\/07\/18\/setien-no-se-siente-senalado-por-messi\/embed\/#?secret=ufCwaQC5aX\" width=\"600\" height=\"338\" title=\"\u00abSeti\u00e9n no se siente se\u00f1alado por Messi\u00bb \u2014 \" data-secret=\"ufCwaQC5aX\" frameborder=\"0\" marginwidth=\"0\" marginheight=\"0\" scrolling=\"no\" class=\"wp-embedded-content\"><\/iframe><script type=\"text\/javascript\">\n\/* <![CDATA[ *\/\n\/*! This file is auto-generated *\/\n!function(d,l){\"use strict\";l.querySelector&&d.addEventListener&&\"undefined\"!=typeof URL&&(d.wp=d.wp||{},d.wp.receiveEmbedMessage||(d.wp.receiveEmbedMessage=function(e){var t=e.data;if((t||t.secret||t.message||t.value)&&!\/[^a-zA-Z0-9]\/.test(t.secret)){for(var s,r,n,a=l.querySelectorAll('iframe[data-secret=\"'+t.secret+'\"]'),o=l.querySelectorAll('blockquote[data-secret=\"'+t.secret+'\"]'),c=new RegExp(\"^https?:$\",\"i\"),i=0;i<o.length;i++)o[i].style.display=\"none\";for(i=0;i<a.length;i++)s=a[i],e.source===s.contentWindow&&(s.removeAttribute(\"style\"),\"height\"===t.message?(1e3<(r=parseInt(t.value,10))?r=1e3:~~r<200&&(r=200),s.height=r):\"link\"===t.message&&(r=new URL(s.getAttribute(\"src\")),n=new URL(t.value),c.test(n.protocol))&&n.host===r.host&&l.activeElement===s&&(d.top.location.href=t.value))}},d.addEventListener(\"message\",d.wp.receiveEmbedMessage,!1),l.addEventListener(\"DOMContentLoaded\",function(){for(var e,t,s=l.querySelectorAll(\"iframe.wp-embedded-content\"),r=0;r<s.length;r++)(t=(e=s[r]).getAttribute(\"data-secret\"))||(t=Math.random().toString(36).substring(2,12),e.src+=\"#?secret=\"+t,e.setAttribute(\"data-secret\",t)),e.contentWindow.postMessage({message:\"ready\",secret:t},\"*\")},!1)))}(window,document);\n\/* ]]> *\/\n<\/script>\n","thumbnail_url":"https:\/\/futbolhoy.co\/wp-content\/uploads\/2020\/04\/setien.jpg","thumbnail_width":1152,"thumbnail_height":768,"description":"(Quique Seti\u00e9n, DT del Barcelona) El t\u00e9cnico del Barcelona, Quique Seti\u00e9n, asegur\u00f3 que no se siente se\u00f1alado por las declaraciones de Leo Messi pidiendo \"autocr\u00edtica\", afirmando que tampoco ha pensado en dimitir tras perder el t\u00edtulo de Liga. \"No, en absoluto, creo que todos en un momento determinado decimos cosas que a veces se interpretan [&hellip;]"}