{"version":"1.0","provider_name":"","provider_url":"https:\/\/futbolhoy.co","title":"Cavani, cerca del f\u00fatbol portugu\u00e9s -","type":"rich","width":600,"height":338,"html":"<blockquote class=\"wp-embedded-content\" data-secret=\"vcQ9bGf9nR\"><a href=\"https:\/\/futbolhoy.co\/index.php\/2020\/08\/17\/cavani-cerca-del-futbol-portugues\/\">Cavani, cerca del f\u00fatbol portugu\u00e9s<\/a><\/blockquote><iframe sandbox=\"allow-scripts\" security=\"restricted\" src=\"https:\/\/futbolhoy.co\/index.php\/2020\/08\/17\/cavani-cerca-del-futbol-portugues\/embed\/#?secret=vcQ9bGf9nR\" width=\"600\" height=\"338\" title=\"\u00abCavani, cerca del f\u00fatbol portugu\u00e9s\u00bb \u2014 \" data-secret=\"vcQ9bGf9nR\" frameborder=\"0\" marginwidth=\"0\" marginheight=\"0\" scrolling=\"no\" class=\"wp-embedded-content\"><\/iframe><script type=\"text\/javascript\">\n\/* <![CDATA[ *\/\n\/*! This file is auto-generated *\/\n!function(d,l){\"use strict\";l.querySelector&&d.addEventListener&&\"undefined\"!=typeof URL&&(d.wp=d.wp||{},d.wp.receiveEmbedMessage||(d.wp.receiveEmbedMessage=function(e){var t=e.data;if((t||t.secret||t.message||t.value)&&!\/[^a-zA-Z0-9]\/.test(t.secret)){for(var s,r,n,a=l.querySelectorAll('iframe[data-secret=\"'+t.secret+'\"]'),o=l.querySelectorAll('blockquote[data-secret=\"'+t.secret+'\"]'),c=new RegExp(\"^https?:$\",\"i\"),i=0;i<o.length;i++)o[i].style.display=\"none\";for(i=0;i<a.length;i++)s=a[i],e.source===s.contentWindow&&(s.removeAttribute(\"style\"),\"height\"===t.message?(1e3<(r=parseInt(t.value,10))?r=1e3:~~r<200&&(r=200),s.height=r):\"link\"===t.message&&(r=new URL(s.getAttribute(\"src\")),n=new URL(t.value),c.test(n.protocol))&&n.host===r.host&&l.activeElement===s&&(d.top.location.href=t.value))}},d.addEventListener(\"message\",d.wp.receiveEmbedMessage,!1),l.addEventListener(\"DOMContentLoaded\",function(){for(var e,t,s=l.querySelectorAll(\"iframe.wp-embedded-content\"),r=0;r<s.length;r++)(t=(e=s[r]).getAttribute(\"data-secret\"))||(t=Math.random().toString(36).substring(2,12),e.src+=\"#?secret=\"+t,e.setAttribute(\"data-secret\",t)),e.contentWindow.postMessage({message:\"ready\",secret:t},\"*\")},!1)))}(window,document);\n\/* ]]> *\/\n<\/script>\n","thumbnail_url":"https:\/\/futbolhoy.co\/wp-content\/uploads\/2018\/06\/cavani.jpg","thumbnail_width":1200,"thumbnail_height":628,"description":"El delantero uruguayo Edinson Cavani parti\u00f3 a Europa y todo parece indicar, seg\u00fan medios de su pa\u00eds, que su destino ser\u00e1 el Benfica de Portugal. Christian Gonz\u00e1lez, su preparador f\u00edsico durante los meses que Cavani permaneci\u00f3 en Salto, su ciudad natal, escribi\u00f3 en Instagram: \u201cMuchos \u00e9xitos, buen viaje, gracias por la oportunidad y la confianza. [&hellip;]"}