{"version":"1.0","provider_name":"","provider_url":"https:\/\/futbolhoy.co","title":"Pol\u00e9mica foto de Oliveros -","type":"rich","width":600,"height":338,"html":"<blockquote class=\"wp-embedded-content\" data-secret=\"CXElTqC1wu\"><a href=\"https:\/\/futbolhoy.co\/index.php\/2021\/05\/23\/65077\/\">Pol\u00e9mica foto de Oliveros<\/a><\/blockquote><iframe sandbox=\"allow-scripts\" security=\"restricted\" src=\"https:\/\/futbolhoy.co\/index.php\/2021\/05\/23\/65077\/embed\/#?secret=CXElTqC1wu\" width=\"600\" height=\"338\" title=\"\u00abPol\u00e9mica foto de Oliveros\u00bb \u2014 \" data-secret=\"CXElTqC1wu\" frameborder=\"0\" marginwidth=\"0\" marginheight=\"0\" scrolling=\"no\" class=\"wp-embedded-content\"><\/iframe><script type=\"text\/javascript\">\n\/* <![CDATA[ *\/\n\/*! This file is auto-generated *\/\n!function(d,l){\"use strict\";l.querySelector&&d.addEventListener&&\"undefined\"!=typeof URL&&(d.wp=d.wp||{},d.wp.receiveEmbedMessage||(d.wp.receiveEmbedMessage=function(e){var t=e.data;if((t||t.secret||t.message||t.value)&&!\/[^a-zA-Z0-9]\/.test(t.secret)){for(var s,r,n,a=l.querySelectorAll('iframe[data-secret=\"'+t.secret+'\"]'),o=l.querySelectorAll('blockquote[data-secret=\"'+t.secret+'\"]'),c=new RegExp(\"^https?:$\",\"i\"),i=0;i<o.length;i++)o[i].style.display=\"none\";for(i=0;i<a.length;i++)s=a[i],e.source===s.contentWindow&&(s.removeAttribute(\"style\"),\"height\"===t.message?(1e3<(r=parseInt(t.value,10))?r=1e3:~~r<200&&(r=200),s.height=r):\"link\"===t.message&&(r=new URL(s.getAttribute(\"src\")),n=new URL(t.value),c.test(n.protocol))&&n.host===r.host&&l.activeElement===s&&(d.top.location.href=t.value))}},d.addEventListener(\"message\",d.wp.receiveEmbedMessage,!1),l.addEventListener(\"DOMContentLoaded\",function(){for(var e,t,s=l.querySelectorAll(\"iframe.wp-embedded-content\"),r=0;r<s.length;r++)(t=(e=s[r]).getAttribute(\"data-secret\"))||(t=Math.random().toString(36).substring(2,12),e.src+=\"#?secret=\"+t,e.setAttribute(\"data-secret\",t)),e.contentWindow.postMessage({message:\"ready\",secret:t},\"*\")},!1)))}(window,document);\n\/* ]]> *\/\n<\/script>\n","thumbnail_url":"https:\/\/futbolhoy.co\/wp-content\/uploads\/2021\/05\/Eu_gLbYWYAIzov2.jpg","thumbnail_width":1280,"thumbnail_height":850,"description":"El volante santandereano del Santa Fe, Auli Oliveros, recibi\u00f3 duras cr\u00edticas de los hinchas, despu\u00e9s de publicar una pol\u00e9mica foto en Instagram, que desapareci\u00f3 r\u00e1pidamente, pero los aficionados cardenales quedaron indignados. Oliveros, que actu\u00f3 los \u00faltimos 5 minutos en el juego donde el equipo bogotano cay\u00f3 2-1 frente a River Plate en Copa Libertadores, apareci\u00f3 [&hellip;]"}