{"version":"1.0","provider_name":"","provider_url":"https:\/\/futbolhoy.co","title":"Eto\u2019o, nuevo presidente de la Federaci\u00f3n de Camer\u00fan -","type":"rich","width":600,"height":338,"html":"<blockquote class=\"wp-embedded-content\" data-secret=\"g7qSPEdmTx\"><a href=\"https:\/\/futbolhoy.co\/index.php\/2021\/12\/11\/etoo-nuevo-presidente-de-la-federacion-de-camerun\/\">Eto\u2019o, nuevo presidente de la Federaci\u00f3n de Camer\u00fan<\/a><\/blockquote><iframe sandbox=\"allow-scripts\" security=\"restricted\" src=\"https:\/\/futbolhoy.co\/index.php\/2021\/12\/11\/etoo-nuevo-presidente-de-la-federacion-de-camerun\/embed\/#?secret=g7qSPEdmTx\" width=\"600\" height=\"338\" title=\"\u00abEto\u2019o, nuevo presidente de la Federaci\u00f3n de Camer\u00fan\u00bb \u2014 \" data-secret=\"g7qSPEdmTx\" frameborder=\"0\" marginwidth=\"0\" marginheight=\"0\" scrolling=\"no\" class=\"wp-embedded-content\"><\/iframe><script type=\"text\/javascript\">\n\/* <![CDATA[ *\/\n\/*! This file is auto-generated *\/\n!function(d,l){\"use strict\";l.querySelector&&d.addEventListener&&\"undefined\"!=typeof URL&&(d.wp=d.wp||{},d.wp.receiveEmbedMessage||(d.wp.receiveEmbedMessage=function(e){var t=e.data;if((t||t.secret||t.message||t.value)&&!\/[^a-zA-Z0-9]\/.test(t.secret)){for(var s,r,n,a=l.querySelectorAll('iframe[data-secret=\"'+t.secret+'\"]'),o=l.querySelectorAll('blockquote[data-secret=\"'+t.secret+'\"]'),c=new RegExp(\"^https?:$\",\"i\"),i=0;i<o.length;i++)o[i].style.display=\"none\";for(i=0;i<a.length;i++)s=a[i],e.source===s.contentWindow&&(s.removeAttribute(\"style\"),\"height\"===t.message?(1e3<(r=parseInt(t.value,10))?r=1e3:~~r<200&&(r=200),s.height=r):\"link\"===t.message&&(r=new URL(s.getAttribute(\"src\")),n=new URL(t.value),c.test(n.protocol))&&n.host===r.host&&l.activeElement===s&&(d.top.location.href=t.value))}},d.addEventListener(\"message\",d.wp.receiveEmbedMessage,!1),l.addEventListener(\"DOMContentLoaded\",function(){for(var e,t,s=l.querySelectorAll(\"iframe.wp-embedded-content\"),r=0;r<s.length;r++)(t=(e=s[r]).getAttribute(\"data-secret\"))||(t=Math.random().toString(36).substring(2,12),e.src+=\"#?secret=\"+t,e.setAttribute(\"data-secret\",t)),e.contentWindow.postMessage({message:\"ready\",secret:t},\"*\")},!1)))}(window,document);\n\/* ]]> *\/\n<\/script>\n","thumbnail_url":"https:\/\/futbolhoy.co\/wp-content\/uploads\/2021\/12\/FGVRyTWXwAUt4qU.jpg","thumbnail_width":1024,"thumbnail_height":768,"description":"El ex delantero\u00a0Samuel Eto'o\u00a0fue elegido presidente de la\u00a0Federaci\u00f3n Camerunesa de F\u00fatbol, seg\u00fan anunci\u00f3 la propia entidad, luego de superar en la votaci\u00f3n al hasta hoy primer mandatario\u00a0Seidou Mbombo Njoya. La elecci\u00f3n del anterior presidente fue anulada dos a\u00f1os despu\u00e9s, en enero de este a\u00f1o por decisi\u00f3n del\u00a0Tribunal Arbitral del Deporte\u00a0(TAS). Eto\u2019o recibi\u00f3 43 votos, contra [&hellip;]"}