{"version":"1.0","provider_name":"","provider_url":"https:\/\/futbolhoy.co","title":"Falcao fue determinante para el t\u00edtulo: Simeone -","type":"rich","width":600,"height":338,"html":"<blockquote class=\"wp-embedded-content\" data-secret=\"D4ruA9NuqG\"><a href=\"https:\/\/futbolhoy.co\/index.php\/2021\/12\/27\/falcao-fue-determinante-para-el-titulo-simeone\/\">Falcao fue determinante para el t\u00edtulo: Simeone<\/a><\/blockquote><iframe sandbox=\"allow-scripts\" security=\"restricted\" src=\"https:\/\/futbolhoy.co\/index.php\/2021\/12\/27\/falcao-fue-determinante-para-el-titulo-simeone\/embed\/#?secret=D4ruA9NuqG\" width=\"600\" height=\"338\" title=\"\u00abFalcao fue determinante para el t\u00edtulo: Simeone\u00bb \u2014 \" data-secret=\"D4ruA9NuqG\" frameborder=\"0\" marginwidth=\"0\" marginheight=\"0\" scrolling=\"no\" class=\"wp-embedded-content\"><\/iframe><script type=\"text\/javascript\">\n\/* <![CDATA[ *\/\n\/*! This file is auto-generated *\/\n!function(d,l){\"use strict\";l.querySelector&&d.addEventListener&&\"undefined\"!=typeof URL&&(d.wp=d.wp||{},d.wp.receiveEmbedMessage||(d.wp.receiveEmbedMessage=function(e){var t=e.data;if((t||t.secret||t.message||t.value)&&!\/[^a-zA-Z0-9]\/.test(t.secret)){for(var s,r,n,a=l.querySelectorAll('iframe[data-secret=\"'+t.secret+'\"]'),o=l.querySelectorAll('blockquote[data-secret=\"'+t.secret+'\"]'),c=new RegExp(\"^https?:$\",\"i\"),i=0;i<o.length;i++)o[i].style.display=\"none\";for(i=0;i<a.length;i++)s=a[i],e.source===s.contentWindow&&(s.removeAttribute(\"style\"),\"height\"===t.message?(1e3<(r=parseInt(t.value,10))?r=1e3:~~r<200&&(r=200),s.height=r):\"link\"===t.message&&(r=new URL(s.getAttribute(\"src\")),n=new URL(t.value),c.test(n.protocol))&&n.host===r.host&&l.activeElement===s&&(d.top.location.href=t.value))}},d.addEventListener(\"message\",d.wp.receiveEmbedMessage,!1),l.addEventListener(\"DOMContentLoaded\",function(){for(var e,t,s=l.querySelectorAll(\"iframe.wp-embedded-content\"),r=0;r<s.length;r++)(t=(e=s[r]).getAttribute(\"data-secret\"))||(t=Math.random().toString(36).substring(2,12),e.src+=\"#?secret=\"+t,e.setAttribute(\"data-secret\",t)),e.contentWindow.postMessage({message:\"ready\",secret:t},\"*\")},!1)))}(window,document);\n\/* ]]> *\/\n<\/script>\n","thumbnail_url":"https:\/\/futbolhoy.co\/wp-content\/uploads\/2021\/12\/E-GxeXsWYAIpS_W.jpg","thumbnail_width":1559,"thumbnail_height":719,"description":"(Diego Simeone en entrevista con el canal de YouTube del Atl\u00e9tico de Madrid) El t\u00e9cnico del Atl\u00e9tico de Madrid, Diego Simeone, quien este lunes cumpli\u00f3 10 a\u00f1os de llegada al equipo espa\u00f1ol, elogi\u00f3 el paso de Falcao Garc\u00eda por el plantel que conquist\u00f3 la Liga de Europa 2011\/12. \u201cLa Europa League fue un trofeo buscado, [&hellip;]"}