{"version":"1.0","provider_name":"","provider_url":"https:\/\/futbolhoy.co","title":"'Teo' seguir\u00e1 en el Cali -","type":"rich","width":600,"height":338,"html":"<blockquote class=\"wp-embedded-content\" data-secret=\"P10uXcjOaK\"><a href=\"https:\/\/futbolhoy.co\/index.php\/2021\/12\/30\/teo-seguira-en-el-cali\/\">'Teo' seguir\u00e1 en el Cali<\/a><\/blockquote><iframe sandbox=\"allow-scripts\" security=\"restricted\" src=\"https:\/\/futbolhoy.co\/index.php\/2021\/12\/30\/teo-seguira-en-el-cali\/embed\/#?secret=P10uXcjOaK\" width=\"600\" height=\"338\" title=\"\u00ab&#039;Teo&#039; seguir\u00e1 en el Cali\u00bb \u2014 \" data-secret=\"P10uXcjOaK\" frameborder=\"0\" marginwidth=\"0\" marginheight=\"0\" scrolling=\"no\" class=\"wp-embedded-content\"><\/iframe><script type=\"text\/javascript\">\n\/* <![CDATA[ *\/\n\/*! This file is auto-generated *\/\n!function(d,l){\"use strict\";l.querySelector&&d.addEventListener&&\"undefined\"!=typeof URL&&(d.wp=d.wp||{},d.wp.receiveEmbedMessage||(d.wp.receiveEmbedMessage=function(e){var t=e.data;if((t||t.secret||t.message||t.value)&&!\/[^a-zA-Z0-9]\/.test(t.secret)){for(var s,r,n,a=l.querySelectorAll('iframe[data-secret=\"'+t.secret+'\"]'),o=l.querySelectorAll('blockquote[data-secret=\"'+t.secret+'\"]'),c=new RegExp(\"^https?:$\",\"i\"),i=0;i<o.length;i++)o[i].style.display=\"none\";for(i=0;i<a.length;i++)s=a[i],e.source===s.contentWindow&&(s.removeAttribute(\"style\"),\"height\"===t.message?(1e3<(r=parseInt(t.value,10))?r=1e3:~~r<200&&(r=200),s.height=r):\"link\"===t.message&&(r=new URL(s.getAttribute(\"src\")),n=new URL(t.value),c.test(n.protocol))&&n.host===r.host&&l.activeElement===s&&(d.top.location.href=t.value))}},d.addEventListener(\"message\",d.wp.receiveEmbedMessage,!1),l.addEventListener(\"DOMContentLoaded\",function(){for(var e,t,s=l.querySelectorAll(\"iframe.wp-embedded-content\"),r=0;r<s.length;r++)(t=(e=s[r]).getAttribute(\"data-secret\"))||(t=Math.random().toString(36).substring(2,12),e.src+=\"#?secret=\"+t,e.setAttribute(\"data-secret\",t)),e.contentWindow.postMessage({message:\"ready\",secret:t},\"*\")},!1)))}(window,document);\n\/* ]]> *\/\n<\/script>\n","thumbnail_url":"https:\/\/futbolhoy.co\/wp-content\/uploads\/2021\/12\/1pcSCdSQ.jpeg","thumbnail_width":2400,"thumbnail_height":1600,"description":"El delantero y capit\u00e1n del\u00a0Deportivo Cali, Te\u00f3filo Guti\u00e9rrez, renov\u00f3 su v\u00ednculo con el campe\u00f3n colombiano hasta diciembre del a\u00f1o 2023. Guti\u00e9rrez, de 36 a\u00f1os, podr\u00eda cerrar su carrera deportiva en el equipo \u2018azucarero\u2019 al cual lleg\u00f3 a mitad de este a\u00f1o, alcanzando a disputar 22 partidos, en los cuales marc\u00f3 9 goles y realiz\u00f3 2 [&hellip;]"}