{"version":"1.0","provider_name":"","provider_url":"https:\/\/futbolhoy.co","title":"\"Barranquilla no es una cancha f\u00e1cil\": Valoyes -","type":"rich","width":600,"height":338,"html":"<blockquote class=\"wp-embedded-content\" data-secret=\"JVxNrhCZi5\"><a href=\"https:\/\/futbolhoy.co\/index.php\/2022\/01\/24\/barranquilla-no-es-una-cancha-facil-valoyes\/\">\"Barranquilla no es una cancha f\u00e1cil\": Valoyes<\/a><\/blockquote><iframe sandbox=\"allow-scripts\" security=\"restricted\" src=\"https:\/\/futbolhoy.co\/index.php\/2022\/01\/24\/barranquilla-no-es-una-cancha-facil-valoyes\/embed\/#?secret=JVxNrhCZi5\" width=\"600\" height=\"338\" title=\"\u00ab&quot;Barranquilla no es una cancha f\u00e1cil&quot;: Valoyes\u00bb \u2014 \" data-secret=\"JVxNrhCZi5\" frameborder=\"0\" marginwidth=\"0\" marginheight=\"0\" scrolling=\"no\" class=\"wp-embedded-content\"><\/iframe><script type=\"text\/javascript\">\n\/* <![CDATA[ *\/\n\/*! This file is auto-generated *\/\n!function(d,l){\"use strict\";l.querySelector&&d.addEventListener&&\"undefined\"!=typeof URL&&(d.wp=d.wp||{},d.wp.receiveEmbedMessage||(d.wp.receiveEmbedMessage=function(e){var t=e.data;if((t||t.secret||t.message||t.value)&&!\/[^a-zA-Z0-9]\/.test(t.secret)){for(var s,r,n,a=l.querySelectorAll('iframe[data-secret=\"'+t.secret+'\"]'),o=l.querySelectorAll('blockquote[data-secret=\"'+t.secret+'\"]'),c=new RegExp(\"^https?:$\",\"i\"),i=0;i<o.length;i++)o[i].style.display=\"none\";for(i=0;i<a.length;i++)s=a[i],e.source===s.contentWindow&&(s.removeAttribute(\"style\"),\"height\"===t.message?(1e3<(r=parseInt(t.value,10))?r=1e3:~~r<200&&(r=200),s.height=r):\"link\"===t.message&&(r=new URL(s.getAttribute(\"src\")),n=new URL(t.value),c.test(n.protocol))&&n.host===r.host&&l.activeElement===s&&(d.top.location.href=t.value))}},d.addEventListener(\"message\",d.wp.receiveEmbedMessage,!1),l.addEventListener(\"DOMContentLoaded\",function(){for(var e,t,s=l.querySelectorAll(\"iframe.wp-embedded-content\"),r=0;r<s.length;r++)(t=(e=s[r]).getAttribute(\"data-secret\"))||(t=Math.random().toString(36).substring(2,12),e.src+=\"#?secret=\"+t,e.setAttribute(\"data-secret\",t)),e.contentWindow.postMessage({message:\"ready\",secret:t},\"*\")},!1)))}(window,document);\n\/* ]]> *\/\n<\/script>\n","thumbnail_url":"https:\/\/futbolhoy.co\/wp-content\/uploads\/2022\/01\/Valoyes.png","thumbnail_width":1237,"thumbnail_height":608,"description":"Diego Valoyes, delantero de Talleres, y Freddy Hinestroza, volante del Junior, atendieron a los medios de comunicaci\u00f3n desde la concentraci\u00f3n de la Selecci\u00f3n Colombia este lunes en Barranquilla. Los jugadores se refirieron al duelo de este viernes ante Per\u00fa por la fecha 15 de las Eliminatorias. Valoyes se refiri\u00f3 a su ocasi\u00f3n de gol desperdiciada [&hellip;]"}