{"version":"1.0","provider_name":"","provider_url":"https:\/\/futbolhoy.co","title":"Mi contrato estaba sujeto a la clasificaci\u00f3n: Rueda -","type":"rich","width":600,"height":338,"html":"<blockquote class=\"wp-embedded-content\" data-secret=\"ef7iGGdDkd\"><a href=\"https:\/\/futbolhoy.co\/index.php\/2022\/03\/30\/mi-contrato-estaba-sujeto-a-la-clasificacion-rueda\/\">Mi contrato estaba sujeto a la clasificaci\u00f3n: Rueda<\/a><\/blockquote><iframe sandbox=\"allow-scripts\" security=\"restricted\" src=\"https:\/\/futbolhoy.co\/index.php\/2022\/03\/30\/mi-contrato-estaba-sujeto-a-la-clasificacion-rueda\/embed\/#?secret=ef7iGGdDkd\" width=\"600\" height=\"338\" title=\"\u00abMi contrato estaba sujeto a la clasificaci\u00f3n: Rueda\u00bb \u2014 \" data-secret=\"ef7iGGdDkd\" frameborder=\"0\" marginwidth=\"0\" marginheight=\"0\" scrolling=\"no\" class=\"wp-embedded-content\"><\/iframe><script type=\"text\/javascript\">\n\/* <![CDATA[ *\/\n\/*! This file is auto-generated *\/\n!function(d,l){\"use strict\";l.querySelector&&d.addEventListener&&\"undefined\"!=typeof URL&&(d.wp=d.wp||{},d.wp.receiveEmbedMessage||(d.wp.receiveEmbedMessage=function(e){var t=e.data;if((t||t.secret||t.message||t.value)&&!\/[^a-zA-Z0-9]\/.test(t.secret)){for(var s,r,n,a=l.querySelectorAll('iframe[data-secret=\"'+t.secret+'\"]'),o=l.querySelectorAll('blockquote[data-secret=\"'+t.secret+'\"]'),c=new RegExp(\"^https?:$\",\"i\"),i=0;i<o.length;i++)o[i].style.display=\"none\";for(i=0;i<a.length;i++)s=a[i],e.source===s.contentWindow&&(s.removeAttribute(\"style\"),\"height\"===t.message?(1e3<(r=parseInt(t.value,10))?r=1e3:~~r<200&&(r=200),s.height=r):\"link\"===t.message&&(r=new URL(s.getAttribute(\"src\")),n=new URL(t.value),c.test(n.protocol))&&n.host===r.host&&l.activeElement===s&&(d.top.location.href=t.value))}},d.addEventListener(\"message\",d.wp.receiveEmbedMessage,!1),l.addEventListener(\"DOMContentLoaded\",function(){for(var e,t,s=l.querySelectorAll(\"iframe.wp-embedded-content\"),r=0;r<s.length;r++)(t=(e=s[r]).getAttribute(\"data-secret\"))||(t=Math.random().toString(36).substring(2,12),e.src+=\"#?secret=\"+t,e.setAttribute(\"data-secret\",t)),e.contentWindow.postMessage({message:\"ready\",secret:t},\"*\")},!1)))}(window,document);\n\/* ]]> *\/\n<\/script>\n","thumbnail_url":"https:\/\/futbolhoy.co\/wp-content\/uploads\/2021\/06\/RUEDA.jpg","thumbnail_width":844,"thumbnail_height":506,"description":"La situaci\u00f3n del t\u00e9cnico Reinaldo Rueda en la selecci\u00f3n Colombia\u00a0se definir\u00e1 una vez regresen al pa\u00eds de los directivos de la Federaci\u00f3n, que asisten al sorteo del Mundial en Qatar. El entrenador, una vez finaliz\u00f3 el partido ante Venezuela, asegur\u00f3 que \u201cest\u00e1 muy claro que nuestro contrato estaba sujeto a la clasificaci\u00f3n del Mundial y [&hellip;]"}