{"version":"1.0","provider_name":"","provider_url":"https:\/\/futbolhoy.co","title":"Cuadrado se lamenta por la eliminaci\u00f3n -","type":"rich","width":600,"height":338,"html":"<blockquote class=\"wp-embedded-content\" data-secret=\"yAqpvkm6pd\"><a href=\"https:\/\/futbolhoy.co\/index.php\/2022\/03\/31\/cuadrado-se-lamenta-por-la-eliminacion\/\">Cuadrado se lamenta por la eliminaci\u00f3n<\/a><\/blockquote><iframe sandbox=\"allow-scripts\" security=\"restricted\" src=\"https:\/\/futbolhoy.co\/index.php\/2022\/03\/31\/cuadrado-se-lamenta-por-la-eliminacion\/embed\/#?secret=yAqpvkm6pd\" width=\"600\" height=\"338\" title=\"\u00abCuadrado se lamenta por la eliminaci\u00f3n\u00bb \u2014 \" data-secret=\"yAqpvkm6pd\" frameborder=\"0\" marginwidth=\"0\" marginheight=\"0\" scrolling=\"no\" class=\"wp-embedded-content\"><\/iframe><script type=\"text\/javascript\">\n\/* <![CDATA[ *\/\n\/*! This file is auto-generated *\/\n!function(d,l){\"use strict\";l.querySelector&&d.addEventListener&&\"undefined\"!=typeof URL&&(d.wp=d.wp||{},d.wp.receiveEmbedMessage||(d.wp.receiveEmbedMessage=function(e){var t=e.data;if((t||t.secret||t.message||t.value)&&!\/[^a-zA-Z0-9]\/.test(t.secret)){for(var s,r,n,a=l.querySelectorAll('iframe[data-secret=\"'+t.secret+'\"]'),o=l.querySelectorAll('blockquote[data-secret=\"'+t.secret+'\"]'),c=new RegExp(\"^https?:$\",\"i\"),i=0;i<o.length;i++)o[i].style.display=\"none\";for(i=0;i<a.length;i++)s=a[i],e.source===s.contentWindow&&(s.removeAttribute(\"style\"),\"height\"===t.message?(1e3<(r=parseInt(t.value,10))?r=1e3:~~r<200&&(r=200),s.height=r):\"link\"===t.message&&(r=new URL(s.getAttribute(\"src\")),n=new URL(t.value),c.test(n.protocol))&&n.host===r.host&&l.activeElement===s&&(d.top.location.href=t.value))}},d.addEventListener(\"message\",d.wp.receiveEmbedMessage,!1),l.addEventListener(\"DOMContentLoaded\",function(){for(var e,t,s=l.querySelectorAll(\"iframe.wp-embedded-content\"),r=0;r<s.length;r++)(t=(e=s[r]).getAttribute(\"data-secret\"))||(t=Math.random().toString(36).substring(2,12),e.src+=\"#?secret=\"+t,e.setAttribute(\"data-secret\",t)),e.contentWindow.postMessage({message:\"ready\",secret:t},\"*\")},!1)))}(window,document);\n\/* ]]> *\/\n<\/script>\n","thumbnail_url":"https:\/\/futbolhoy.co\/wp-content\/uploads\/2022\/03\/20220331_182020.png","thumbnail_width":580,"thumbnail_height":330,"description":"Juan Guillermo Cuadrado\u00a0expres\u00f3 en sus redes sociales la frustraci\u00f3n personal que le produjo la eliminaci\u00f3n de\u00a0Colombia del Mundial de Qatar 2022, luego de perderse por acumulaci\u00f3n de tarjetas amarillas el \u00faltimo juego en\u00a0Puerto Ordaz\u00a0contra\u00a0Venezuela\u00a0(0-1). \u201cSolo recordar que despu\u00e9s de 16 a\u00f1os volvimos a un Mundial 2 veces seguidas es motivo para agradecer. Nadie m\u00e1s que [&hellip;]"}