{"version":"1.0","provider_name":"","provider_url":"https:\/\/futbolhoy.co","title":"Van Gaal est\u00e1 curado -","type":"rich","width":600,"height":338,"html":"<blockquote class=\"wp-embedded-content\" data-secret=\"9aKV1ZftBj\"><a href=\"https:\/\/futbolhoy.co\/index.php\/2022\/04\/11\/van-gaal-esta-curado\/\">Van Gaal est\u00e1 curado<\/a><\/blockquote><iframe sandbox=\"allow-scripts\" security=\"restricted\" src=\"https:\/\/futbolhoy.co\/index.php\/2022\/04\/11\/van-gaal-esta-curado\/embed\/#?secret=9aKV1ZftBj\" width=\"600\" height=\"338\" title=\"\u00abVan Gaal est\u00e1 curado\u00bb \u2014 \" data-secret=\"9aKV1ZftBj\" frameborder=\"0\" marginwidth=\"0\" marginheight=\"0\" scrolling=\"no\" class=\"wp-embedded-content\"><\/iframe><script type=\"text\/javascript\">\n\/* <![CDATA[ *\/\n\/*! This file is auto-generated *\/\n!function(d,l){\"use strict\";l.querySelector&&d.addEventListener&&\"undefined\"!=typeof URL&&(d.wp=d.wp||{},d.wp.receiveEmbedMessage||(d.wp.receiveEmbedMessage=function(e){var t=e.data;if((t||t.secret||t.message||t.value)&&!\/[^a-zA-Z0-9]\/.test(t.secret)){for(var s,r,n,a=l.querySelectorAll('iframe[data-secret=\"'+t.secret+'\"]'),o=l.querySelectorAll('blockquote[data-secret=\"'+t.secret+'\"]'),c=new RegExp(\"^https?:$\",\"i\"),i=0;i<o.length;i++)o[i].style.display=\"none\";for(i=0;i<a.length;i++)s=a[i],e.source===s.contentWindow&&(s.removeAttribute(\"style\"),\"height\"===t.message?(1e3<(r=parseInt(t.value,10))?r=1e3:~~r<200&&(r=200),s.height=r):\"link\"===t.message&&(r=new URL(s.getAttribute(\"src\")),n=new URL(t.value),c.test(n.protocol))&&n.host===r.host&&l.activeElement===s&&(d.top.location.href=t.value))}},d.addEventListener(\"message\",d.wp.receiveEmbedMessage,!1),l.addEventListener(\"DOMContentLoaded\",function(){for(var e,t,s=l.querySelectorAll(\"iframe.wp-embedded-content\"),r=0;r<s.length;r++)(t=(e=s[r]).getAttribute(\"data-secret\"))||(t=Math.random().toString(36).substring(2,12),e.src+=\"#?secret=\"+t,e.setAttribute(\"data-secret\",t)),e.contentWindow.postMessage({message:\"ready\",secret:t},\"*\")},!1)))}(window,document);\n\/* ]]> *\/\n<\/script>\n","thumbnail_url":"https:\/\/futbolhoy.co\/wp-content\/uploads\/2022\/04\/20220411_171851.jpg","thumbnail_width":2048,"thumbnail_height":1152,"description":"El seleccionador neerland\u00e9s\u00a0Louis van Gaal, quien anunci\u00f3 la semana pasada que sufr\u00eda un c\u00e1ncer de pr\u00f3stata, se\u00f1al\u00f3 sobre su estado de salud que ya ha dejado atr\u00e1s el tratamiento contra le enfermedad. \"Me somet\u00ed a 25 sesiones de radioterapia. Despu\u00e9s tuve que esperar cinco o seis meses para saber si hab\u00eda hecho efecto. Fue el [&hellip;]"}