{"version":"1.0","provider_name":"","provider_url":"https:\/\/futbolhoy.co","title":"\u201cNo para de sonre\u00edr\u201d, Klopp sobre D\u00edaz -","type":"rich","width":600,"height":338,"html":"<blockquote class=\"wp-embedded-content\" data-secret=\"rtb2HTd9zV\"><a href=\"https:\/\/futbolhoy.co\/index.php\/2022\/04\/12\/no-para-de-sonreir-klopp-sobre-diaz\/\">\u201cNo para de sonre\u00edr\u201d, Klopp sobre D\u00edaz<\/a><\/blockquote><iframe sandbox=\"allow-scripts\" security=\"restricted\" src=\"https:\/\/futbolhoy.co\/index.php\/2022\/04\/12\/no-para-de-sonreir-klopp-sobre-diaz\/embed\/#?secret=rtb2HTd9zV\" width=\"600\" height=\"338\" title=\"\u00ab\u201cNo para de sonre\u00edr\u201d, Klopp sobre D\u00edaz\u00bb \u2014 \" data-secret=\"rtb2HTd9zV\" frameborder=\"0\" marginwidth=\"0\" marginheight=\"0\" scrolling=\"no\" class=\"wp-embedded-content\"><\/iframe><script type=\"text\/javascript\">\n\/* <![CDATA[ *\/\n\/*! This file is auto-generated *\/\n!function(d,l){\"use strict\";l.querySelector&&d.addEventListener&&\"undefined\"!=typeof URL&&(d.wp=d.wp||{},d.wp.receiveEmbedMessage||(d.wp.receiveEmbedMessage=function(e){var t=e.data;if((t||t.secret||t.message||t.value)&&!\/[^a-zA-Z0-9]\/.test(t.secret)){for(var s,r,n,a=l.querySelectorAll('iframe[data-secret=\"'+t.secret+'\"]'),o=l.querySelectorAll('blockquote[data-secret=\"'+t.secret+'\"]'),c=new RegExp(\"^https?:$\",\"i\"),i=0;i<o.length;i++)o[i].style.display=\"none\";for(i=0;i<a.length;i++)s=a[i],e.source===s.contentWindow&&(s.removeAttribute(\"style\"),\"height\"===t.message?(1e3<(r=parseInt(t.value,10))?r=1e3:~~r<200&&(r=200),s.height=r):\"link\"===t.message&&(r=new URL(s.getAttribute(\"src\")),n=new URL(t.value),c.test(n.protocol))&&n.host===r.host&&l.activeElement===s&&(d.top.location.href=t.value))}},d.addEventListener(\"message\",d.wp.receiveEmbedMessage,!1),l.addEventListener(\"DOMContentLoaded\",function(){for(var e,t,s=l.querySelectorAll(\"iframe.wp-embedded-content\"),r=0;r<s.length;r++)(t=(e=s[r]).getAttribute(\"data-secret\"))||(t=Math.random().toString(36).substring(2,12),e.src+=\"#?secret=\"+t,e.setAttribute(\"data-secret\",t)),e.contentWindow.postMessage({message:\"ready\",secret:t},\"*\")},!1)))}(window,document);\n\/* ]]> *\/\n<\/script>\n","thumbnail_url":"https:\/\/futbolhoy.co\/wp-content\/uploads\/2022\/02\/Diaz-Klopp.png","thumbnail_width":858,"thumbnail_height":654,"description":"(J\u00fcrgen Klopp, DT del Liverpool, en rueda de prensa) El t\u00e9cnico alem\u00e1n\u00a0Jurgen Klopp, del\u00a0Liverpool ingl\u00e9s, asegur\u00f3 que el extremo colombiano\u00a0Luis D\u00edaz\u00a0sigue adelantando de buena manera su proceso de adaptaci\u00f3n al club, previo al partido que sostendr\u00e1n este mi\u00e9rcoles contra el\u00a0Benfica portugu\u00e9s\u00a0en la vuelta de los cuartos de final de la\u00a0Champions, donde ganan la serie 3-1. [&hellip;]"}