{"version":"1.0","provider_name":"","provider_url":"https:\/\/futbolhoy.co","title":"\u201cEl sue\u00f1o del Madrid no acaba\u201d, Mbapp\u00e9 -","type":"rich","width":600,"height":338,"html":"<blockquote class=\"wp-embedded-content\" data-secret=\"OSuaGwpA6Z\"><a href=\"https:\/\/futbolhoy.co\/index.php\/2022\/05\/23\/el-sueno-del-madrid-no-acaba-mbappe\/\">\u201cEl sue\u00f1o del Madrid no acaba\u201d, Mbapp\u00e9<\/a><\/blockquote><iframe sandbox=\"allow-scripts\" security=\"restricted\" src=\"https:\/\/futbolhoy.co\/index.php\/2022\/05\/23\/el-sueno-del-madrid-no-acaba-mbappe\/embed\/#?secret=OSuaGwpA6Z\" width=\"600\" height=\"338\" title=\"\u00ab\u201cEl sue\u00f1o del Madrid no acaba\u201d, Mbapp\u00e9\u00bb \u2014 \" data-secret=\"OSuaGwpA6Z\" frameborder=\"0\" marginwidth=\"0\" marginheight=\"0\" scrolling=\"no\" class=\"wp-embedded-content\"><\/iframe><script type=\"text\/javascript\">\n\/* <![CDATA[ *\/\n\/*! This file is auto-generated *\/\n!function(d,l){\"use strict\";l.querySelector&&d.addEventListener&&\"undefined\"!=typeof URL&&(d.wp=d.wp||{},d.wp.receiveEmbedMessage||(d.wp.receiveEmbedMessage=function(e){var t=e.data;if((t||t.secret||t.message||t.value)&&!\/[^a-zA-Z0-9]\/.test(t.secret)){for(var s,r,n,a=l.querySelectorAll('iframe[data-secret=\"'+t.secret+'\"]'),o=l.querySelectorAll('blockquote[data-secret=\"'+t.secret+'\"]'),c=new RegExp(\"^https?:$\",\"i\"),i=0;i<o.length;i++)o[i].style.display=\"none\";for(i=0;i<a.length;i++)s=a[i],e.source===s.contentWindow&&(s.removeAttribute(\"style\"),\"height\"===t.message?(1e3<(r=parseInt(t.value,10))?r=1e3:~~r<200&&(r=200),s.height=r):\"link\"===t.message&&(r=new URL(s.getAttribute(\"src\")),n=new URL(t.value),c.test(n.protocol))&&n.host===r.host&&l.activeElement===s&&(d.top.location.href=t.value))}},d.addEventListener(\"message\",d.wp.receiveEmbedMessage,!1),l.addEventListener(\"DOMContentLoaded\",function(){for(var e,t,s=l.querySelectorAll(\"iframe.wp-embedded-content\"),r=0;r<s.length;r++)(t=(e=s[r]).getAttribute(\"data-secret\"))||(t=Math.random().toString(36).substring(2,12),e.src+=\"#?secret=\"+t,e.setAttribute(\"data-secret\",t)),e.contentWindow.postMessage({message:\"ready\",secret:t},\"*\")},!1)))}(window,document);\n\/* ]]> *\/\n<\/script>\n","thumbnail_url":"https:\/\/futbolhoy.co\/wp-content\/uploads\/2022\/05\/20220523_174329.jpg","thumbnail_width":1365,"thumbnail_height":936,"description":"El delantero franc\u00e9s Kylian Mbapp\u00e9,\u00a0quien renov\u00f3 su v\u00ednculo con el\u00a0Paris Saint Germain hasta 2025,\u00a0asegur\u00f3 que su sue\u00f1o de jugar en el\u00a0Real Madrid\u00a0no ha terminado, y desconoce qu\u00e9 pasar\u00e1 en el futuro. Mbapp\u00e9 rechaz\u00f3 a \u00faltima hora la oferta del club espa\u00f1ol para quedarse en la\u00a0Ciudad Luz\u00a0y expres\u00f3: \"La semana pasada tom\u00e9 la decisi\u00f3n de quedarme [&hellip;]"}