{"version":"1.0","provider_name":"","provider_url":"https:\/\/futbolhoy.co","author_name":"Laura Hern\u00e1ndez","author_url":"https:\/\/futbolhoy.co\/index.php\/author\/laura-hernandez\/","title":"Gio Moreno, lesionado un mes -","type":"rich","width":600,"height":338,"html":"<blockquote class=\"wp-embedded-content\" data-secret=\"ag29zl6sbv\"><a href=\"https:\/\/futbolhoy.co\/index.php\/2022\/05\/26\/gio-moreno-lesionado-un-mes\/\">Gio Moreno, lesionado un mes<\/a><\/blockquote><iframe sandbox=\"allow-scripts\" security=\"restricted\" src=\"https:\/\/futbolhoy.co\/index.php\/2022\/05\/26\/gio-moreno-lesionado-un-mes\/embed\/#?secret=ag29zl6sbv\" width=\"600\" height=\"338\" title=\"\u00abGio Moreno, lesionado un mes\u00bb \u2014 \" data-secret=\"ag29zl6sbv\" frameborder=\"0\" marginwidth=\"0\" marginheight=\"0\" scrolling=\"no\" class=\"wp-embedded-content\"><\/iframe><script>\n\/*! This file is auto-generated *\/\n!function(d,l){\"use strict\";l.querySelector&&d.addEventListener&&\"undefined\"!=typeof URL&&(d.wp=d.wp||{},d.wp.receiveEmbedMessage||(d.wp.receiveEmbedMessage=function(e){var t=e.data;if((t||t.secret||t.message||t.value)&&!\/[^a-zA-Z0-9]\/.test(t.secret)){for(var s,r,n,a=l.querySelectorAll('iframe[data-secret=\"'+t.secret+'\"]'),o=l.querySelectorAll('blockquote[data-secret=\"'+t.secret+'\"]'),c=new RegExp(\"^https?:$\",\"i\"),i=0;i<o.length;i++)o[i].style.display=\"none\";for(i=0;i<a.length;i++)s=a[i],e.source===s.contentWindow&&(s.removeAttribute(\"style\"),\"height\"===t.message?(1e3<(r=parseInt(t.value,10))?r=1e3:~~r<200&&(r=200),s.height=r):\"link\"===t.message&&(r=new URL(s.getAttribute(\"src\")),n=new URL(t.value),c.test(n.protocol))&&n.host===r.host&&l.activeElement===s&&(d.top.location.href=t.value))}},d.addEventListener(\"message\",d.wp.receiveEmbedMessage,!1),l.addEventListener(\"DOMContentLoaded\",function(){for(var e,t,s=l.querySelectorAll(\"iframe.wp-embedded-content\"),r=0;r<s.length;r++)(t=(e=s[r]).getAttribute(\"data-secret\"))||(t=Math.random().toString(36).substring(2,12),e.src+=\"#?secret=\"+t,e.setAttribute(\"data-secret\",t)),e.contentWindow.postMessage({message:\"ready\",secret:t},\"*\")},!1)))}(window,document);\n\/\/# sourceURL=https:\/\/futbolhoy.co\/wp-includes\/js\/wp-embed.min.js\n<\/script>\n","thumbnail_url":"https:\/\/futbolhoy.co\/wp-content\/uploads\/2022\/05\/FTtAw3eX0AAl5sL.jpg","thumbnail_width":680,"thumbnail_height":473,"description":"El delantero\u00a0Giovanni Moreno\u00a0sufri\u00f3 una lesi\u00f3n en el b\u00edceps femoral de la pierna derecha y tendr\u00e1 alrededor de un mes de incapacidad, lo que lo priva pr\u00e1cticamente de jugar lo que resta de la\u00a0Liga con Atl\u00e9tico Nacional. \u00abEl jugador presenta una lesi\u00f3n en el vientre muscular del b\u00edceps femoral derecho. La fecha probable del retorno, entre [&hellip;]"}