{"version":"1.0","provider_name":"","provider_url":"https:\/\/futbolhoy.co","title":"Renovar a Gareca es prioridad para Per\u00fa -","type":"rich","width":600,"height":338,"html":"<blockquote class=\"wp-embedded-content\" data-secret=\"zbWyEfxB75\"><a href=\"https:\/\/futbolhoy.co\/index.php\/2022\/06\/17\/renovar-a-gareca-es-prioridad-para-peru\/\">Renovar a Gareca es prioridad para Per\u00fa<\/a><\/blockquote><iframe sandbox=\"allow-scripts\" security=\"restricted\" src=\"https:\/\/futbolhoy.co\/index.php\/2022\/06\/17\/renovar-a-gareca-es-prioridad-para-peru\/embed\/#?secret=zbWyEfxB75\" width=\"600\" height=\"338\" title=\"\u00abRenovar a Gareca es prioridad para Per\u00fa\u00bb \u2014 \" data-secret=\"zbWyEfxB75\" frameborder=\"0\" marginwidth=\"0\" marginheight=\"0\" scrolling=\"no\" class=\"wp-embedded-content\"><\/iframe><script type=\"text\/javascript\">\n\/* <![CDATA[ *\/\n\/*! This file is auto-generated *\/\n!function(d,l){\"use strict\";l.querySelector&&d.addEventListener&&\"undefined\"!=typeof URL&&(d.wp=d.wp||{},d.wp.receiveEmbedMessage||(d.wp.receiveEmbedMessage=function(e){var t=e.data;if((t||t.secret||t.message||t.value)&&!\/[^a-zA-Z0-9]\/.test(t.secret)){for(var s,r,n,a=l.querySelectorAll('iframe[data-secret=\"'+t.secret+'\"]'),o=l.querySelectorAll('blockquote[data-secret=\"'+t.secret+'\"]'),c=new RegExp(\"^https?:$\",\"i\"),i=0;i<o.length;i++)o[i].style.display=\"none\";for(i=0;i<a.length;i++)s=a[i],e.source===s.contentWindow&&(s.removeAttribute(\"style\"),\"height\"===t.message?(1e3<(r=parseInt(t.value,10))?r=1e3:~~r<200&&(r=200),s.height=r):\"link\"===t.message&&(r=new URL(s.getAttribute(\"src\")),n=new URL(t.value),c.test(n.protocol))&&n.host===r.host&&l.activeElement===s&&(d.top.location.href=t.value))}},d.addEventListener(\"message\",d.wp.receiveEmbedMessage,!1),l.addEventListener(\"DOMContentLoaded\",function(){for(var e,t,s=l.querySelectorAll(\"iframe.wp-embedded-content\"),r=0;r<s.length;r++)(t=(e=s[r]).getAttribute(\"data-secret\"))||(t=Math.random().toString(36).substring(2,12),e.src+=\"#?secret=\"+t,e.setAttribute(\"data-secret\",t)),e.contentWindow.postMessage({message:\"ready\",secret:t},\"*\")},!1)))}(window,document);\n\/* ]]> *\/\n<\/script>\n","thumbnail_url":"https:\/\/futbolhoy.co\/wp-content\/uploads\/2022\/06\/20220617_171844.jpg","thumbnail_width":1024,"thumbnail_height":713,"description":"La Federaci\u00f3n Peruana de F\u00fatbol tiene como prioridad renovar el contrato del entrenador argentino Ricardo Gareca, por cuatro a\u00f1os m\u00e1s al frente de la selecci\u00f3n rumbo al Mundial de 2026. \u201cQueremos s\u00ed o s\u00ed que \u00e9l contin\u00fae al frente de la selecci\u00f3n nacional absoluta\", dijo el director deportivo de la Federaci\u00f3n, Juan Carlos Oblitas, en [&hellip;]"}