{"version":"1.0","provider_name":"","provider_url":"https:\/\/futbolhoy.co","author_name":"Laura Hern\u00e1ndez","author_url":"https:\/\/futbolhoy.co\/index.php\/author\/laura-hernandez\/","title":"Lorenzo ya tiene reemplazo en Per\u00fa -","type":"rich","width":600,"height":338,"html":"<blockquote class=\"wp-embedded-content\" data-secret=\"eB1N2yM6Ll\"><a href=\"https:\/\/futbolhoy.co\/index.php\/2022\/07\/04\/lorenzo-ya-tiene-reemplazo-en-peru\/\">Lorenzo ya tiene reemplazo en Per\u00fa<\/a><\/blockquote><iframe sandbox=\"allow-scripts\" security=\"restricted\" src=\"https:\/\/futbolhoy.co\/index.php\/2022\/07\/04\/lorenzo-ya-tiene-reemplazo-en-peru\/embed\/#?secret=eB1N2yM6Ll\" width=\"600\" height=\"338\" title=\"\u00abLorenzo ya tiene reemplazo en Per\u00fa\u00bb \u2014 \" data-secret=\"eB1N2yM6Ll\" frameborder=\"0\" marginwidth=\"0\" marginheight=\"0\" scrolling=\"no\" class=\"wp-embedded-content\"><\/iframe><script>\n\/*! This file is auto-generated *\/\n!function(d,l){\"use strict\";l.querySelector&&d.addEventListener&&\"undefined\"!=typeof URL&&(d.wp=d.wp||{},d.wp.receiveEmbedMessage||(d.wp.receiveEmbedMessage=function(e){var t=e.data;if((t||t.secret||t.message||t.value)&&!\/[^a-zA-Z0-9]\/.test(t.secret)){for(var s,r,n,a=l.querySelectorAll('iframe[data-secret=\"'+t.secret+'\"]'),o=l.querySelectorAll('blockquote[data-secret=\"'+t.secret+'\"]'),c=new RegExp(\"^https?:$\",\"i\"),i=0;i<o.length;i++)o[i].style.display=\"none\";for(i=0;i<a.length;i++)s=a[i],e.source===s.contentWindow&&(s.removeAttribute(\"style\"),\"height\"===t.message?(1e3<(r=parseInt(t.value,10))?r=1e3:~~r<200&&(r=200),s.height=r):\"link\"===t.message&&(r=new URL(s.getAttribute(\"src\")),n=new URL(t.value),c.test(n.protocol))&&n.host===r.host&&l.activeElement===s&&(d.top.location.href=t.value))}},d.addEventListener(\"message\",d.wp.receiveEmbedMessage,!1),l.addEventListener(\"DOMContentLoaded\",function(){for(var e,t,s=l.querySelectorAll(\"iframe.wp-embedded-content\"),r=0;r<s.length;r++)(t=(e=s[r]).getAttribute(\"data-secret\"))||(t=Math.random().toString(36).substring(2,12),e.src+=\"#?secret=\"+t,e.setAttribute(\"data-secret\",t)),e.contentWindow.postMessage({message:\"ready\",secret:t},\"*\")},!1)))}(window,document);\n\/\/# sourceURL=https:\/\/futbolhoy.co\/wp-includes\/js\/wp-embed.min.js\n<\/script>\n","thumbnail_url":"https:\/\/futbolhoy.co\/wp-content\/uploads\/2022\/07\/Lavallen.jpg","thumbnail_width":572,"thumbnail_height":573,"description":"Melgar de Arequipa, que dirigir\u00e1 hasta el pr\u00f3ximo mi\u00e9rcoles el seleccionador de Colombia, N\u00e9stor Lorenzo, anunci\u00f3 al argentino Pablo Hern\u00e1n Lavall\u00e9n como su nuevo entrenador. \u00ab\u00a1Nuevo DT Domin\u00f3! Nos complace anunciar a Pablo Hern\u00e1n Lavall\u00e9n como nuestro flamante Director T\u00e9cnico que estar\u00e1 a cargo del primer equipo a lo largo de esta temporada. \u00a1Bienvenido tu [&hellip;]"}