{"version":"1.0","provider_name":"","provider_url":"https:\/\/futbolhoy.co","title":"Su\u00e1rez no renuncia a Costa Rica -","type":"rich","width":600,"height":338,"html":"<blockquote class=\"wp-embedded-content\" data-secret=\"qpbftBjMQ3\"><a href=\"https:\/\/futbolhoy.co\/index.php\/2023\/07\/09\/suarez-no-renuncia-a-costa-rica\/\">Su\u00e1rez no renuncia a Costa Rica<\/a><\/blockquote><iframe sandbox=\"allow-scripts\" security=\"restricted\" src=\"https:\/\/futbolhoy.co\/index.php\/2023\/07\/09\/suarez-no-renuncia-a-costa-rica\/embed\/#?secret=qpbftBjMQ3\" width=\"600\" height=\"338\" title=\"\u00abSu\u00e1rez no renuncia a Costa Rica\u00bb \u2014 \" data-secret=\"qpbftBjMQ3\" frameborder=\"0\" marginwidth=\"0\" marginheight=\"0\" scrolling=\"no\" class=\"wp-embedded-content\"><\/iframe><script type=\"text\/javascript\">\n\/* <![CDATA[ *\/\n\/*! This file is auto-generated *\/\n!function(d,l){\"use strict\";l.querySelector&&d.addEventListener&&\"undefined\"!=typeof URL&&(d.wp=d.wp||{},d.wp.receiveEmbedMessage||(d.wp.receiveEmbedMessage=function(e){var t=e.data;if((t||t.secret||t.message||t.value)&&!\/[^a-zA-Z0-9]\/.test(t.secret)){for(var s,r,n,a=l.querySelectorAll('iframe[data-secret=\"'+t.secret+'\"]'),o=l.querySelectorAll('blockquote[data-secret=\"'+t.secret+'\"]'),c=new RegExp(\"^https?:$\",\"i\"),i=0;i<o.length;i++)o[i].style.display=\"none\";for(i=0;i<a.length;i++)s=a[i],e.source===s.contentWindow&&(s.removeAttribute(\"style\"),\"height\"===t.message?(1e3<(r=parseInt(t.value,10))?r=1e3:~~r<200&&(r=200),s.height=r):\"link\"===t.message&&(r=new URL(s.getAttribute(\"src\")),n=new URL(t.value),c.test(n.protocol))&&n.host===r.host&&l.activeElement===s&&(d.top.location.href=t.value))}},d.addEventListener(\"message\",d.wp.receiveEmbedMessage,!1),l.addEventListener(\"DOMContentLoaded\",function(){for(var e,t,s=l.querySelectorAll(\"iframe.wp-embedded-content\"),r=0;r<s.length;r++)(t=(e=s[r]).getAttribute(\"data-secret\"))||(t=Math.random().toString(36).substring(2,12),e.src+=\"#?secret=\"+t,e.setAttribute(\"data-secret\",t)),e.contentWindow.postMessage({message:\"ready\",secret:t},\"*\")},!1)))}(window,document);\n\/* ]]> *\/\n<\/script>\n","thumbnail_url":"https:\/\/futbolhoy.co\/wp-content\/uploads\/2023\/06\/Suarez-2.png","thumbnail_width":1164,"thumbnail_height":924,"description":"El t\u00e9cnico colombiano\u00a0Luis Fernando Su\u00e1rez\u00a0asegur\u00f3 que no dejar\u00e1 su cargo de seleccionador absoluto de\u00a0Costa Rica, a pesar de la derrota sufrida ante\u00a0M\u00e9xico 2-0\u00a0en los cuartos de final de la\u00a0Copa Oro, que supuso su eliminaci\u00f3n del torneo. Su\u00e1rez, de 63 a\u00f1os, ha sido muy criticado en el pa\u00eds desde la eliminaci\u00f3n del\u00a0Mundial de Qatar, donde tuvo [&hellip;]"}