{"version":"1.0","provider_name":"","provider_url":"https:\/\/futbolhoy.co","title":"Te\u00f3filo Guti\u00e9rrez, \u00bfhay inter\u00e9s del Junior? -","type":"rich","width":600,"height":338,"html":"<blockquote class=\"wp-embedded-content\" data-secret=\"L3awxZNutJ\"><a href=\"https:\/\/futbolhoy.co\/index.php\/2023\/12\/28\/teofilo-gutierrez-hay-interes-del-junior\/\">Te\u00f3filo Guti\u00e9rrez, \u00bfhay inter\u00e9s del Junior?<\/a><\/blockquote><iframe sandbox=\"allow-scripts\" security=\"restricted\" src=\"https:\/\/futbolhoy.co\/index.php\/2023\/12\/28\/teofilo-gutierrez-hay-interes-del-junior\/embed\/#?secret=L3awxZNutJ\" width=\"600\" height=\"338\" title=\"\u00abTe\u00f3filo Guti\u00e9rrez, \u00bfhay inter\u00e9s del Junior?\u00bb \u2014 \" data-secret=\"L3awxZNutJ\" frameborder=\"0\" marginwidth=\"0\" marginheight=\"0\" scrolling=\"no\" class=\"wp-embedded-content\"><\/iframe><script type=\"text\/javascript\">\n\/* <![CDATA[ *\/\n\/*! This file is auto-generated *\/\n!function(d,l){\"use strict\";l.querySelector&&d.addEventListener&&\"undefined\"!=typeof URL&&(d.wp=d.wp||{},d.wp.receiveEmbedMessage||(d.wp.receiveEmbedMessage=function(e){var t=e.data;if((t||t.secret||t.message||t.value)&&!\/[^a-zA-Z0-9]\/.test(t.secret)){for(var s,r,n,a=l.querySelectorAll('iframe[data-secret=\"'+t.secret+'\"]'),o=l.querySelectorAll('blockquote[data-secret=\"'+t.secret+'\"]'),c=new RegExp(\"^https?:$\",\"i\"),i=0;i<o.length;i++)o[i].style.display=\"none\";for(i=0;i<a.length;i++)s=a[i],e.source===s.contentWindow&&(s.removeAttribute(\"style\"),\"height\"===t.message?(1e3<(r=parseInt(t.value,10))?r=1e3:~~r<200&&(r=200),s.height=r):\"link\"===t.message&&(r=new URL(s.getAttribute(\"src\")),n=new URL(t.value),c.test(n.protocol))&&n.host===r.host&&l.activeElement===s&&(d.top.location.href=t.value))}},d.addEventListener(\"message\",d.wp.receiveEmbedMessage,!1),l.addEventListener(\"DOMContentLoaded\",function(){for(var e,t,s=l.querySelectorAll(\"iframe.wp-embedded-content\"),r=0;r<s.length;r++)(t=(e=s[r]).getAttribute(\"data-secret\"))||(t=Math.random().toString(36).substring(2,12),e.src+=\"#?secret=\"+t,e.setAttribute(\"data-secret\",t)),e.contentWindow.postMessage({message:\"ready\",secret:t},\"*\")},!1)))}(window,document);\n\/* ]]> *\/\n<\/script>\n","thumbnail_url":"https:\/\/futbolhoy.co\/wp-content\/uploads\/2019\/06\/Teo.jpg","thumbnail_width":680,"thumbnail_height":454,"description":"Te\u00f3filo Guti\u00e9rrez qued\u00f3 libre luego de terminar su v\u00ednculo con el Deportivo Cali. El futbolista, nuevamente fue vinculado con un posible regreso al Junior de Barranquilla, pero Fuad Char, m\u00e1ximo accionista del club, aclar\u00f3 la situaci\u00f3n. Antes de reunirse con V\u00edctor Cantillo, con quien todav\u00eda no hay acuerdo para que vuelva a la instituci\u00f3n, Fuad [&hellip;]"}