{"version":"1.0","provider_name":"","provider_url":"https:\/\/futbolhoy.co","title":"Barcelona estar\u00eda considerando despedir a Xavi Hern\u00e1ndez -","type":"rich","width":600,"height":338,"html":"<blockquote class=\"wp-embedded-content\" data-secret=\"hk8iwSHUDg\"><a href=\"https:\/\/futbolhoy.co\/index.php\/2024\/05\/17\/barcelona-estaria-considerando-despedir-a-xavi-hernandez\/\">Barcelona estar\u00eda considerando despedir a Xavi Hern\u00e1ndez<\/a><\/blockquote><iframe sandbox=\"allow-scripts\" security=\"restricted\" src=\"https:\/\/futbolhoy.co\/index.php\/2024\/05\/17\/barcelona-estaria-considerando-despedir-a-xavi-hernandez\/embed\/#?secret=hk8iwSHUDg\" width=\"600\" height=\"338\" title=\"\u00abBarcelona estar\u00eda considerando despedir a Xavi Hern\u00e1ndez\u00bb \u2014 \" data-secret=\"hk8iwSHUDg\" frameborder=\"0\" marginwidth=\"0\" marginheight=\"0\" scrolling=\"no\" class=\"wp-embedded-content\"><\/iframe><script type=\"text\/javascript\">\n\/* <![CDATA[ *\/\n\/*! This file is auto-generated *\/\n!function(d,l){\"use strict\";l.querySelector&&d.addEventListener&&\"undefined\"!=typeof URL&&(d.wp=d.wp||{},d.wp.receiveEmbedMessage||(d.wp.receiveEmbedMessage=function(e){var t=e.data;if((t||t.secret||t.message||t.value)&&!\/[^a-zA-Z0-9]\/.test(t.secret)){for(var s,r,n,a=l.querySelectorAll('iframe[data-secret=\"'+t.secret+'\"]'),o=l.querySelectorAll('blockquote[data-secret=\"'+t.secret+'\"]'),c=new RegExp(\"^https?:$\",\"i\"),i=0;i<o.length;i++)o[i].style.display=\"none\";for(i=0;i<a.length;i++)s=a[i],e.source===s.contentWindow&&(s.removeAttribute(\"style\"),\"height\"===t.message?(1e3<(r=parseInt(t.value,10))?r=1e3:~~r<200&&(r=200),s.height=r):\"link\"===t.message&&(r=new URL(s.getAttribute(\"src\")),n=new URL(t.value),c.test(n.protocol))&&n.host===r.host&&l.activeElement===s&&(d.top.location.href=t.value))}},d.addEventListener(\"message\",d.wp.receiveEmbedMessage,!1),l.addEventListener(\"DOMContentLoaded\",function(){for(var e,t,s=l.querySelectorAll(\"iframe.wp-embedded-content\"),r=0;r<s.length;r++)(t=(e=s[r]).getAttribute(\"data-secret\"))||(t=Math.random().toString(36).substring(2,12),e.src+=\"#?secret=\"+t,e.setAttribute(\"data-secret\",t)),e.contentWindow.postMessage({message:\"ready\",secret:t},\"*\")},!1)))}(window,document);\n\/* ]]> *\/\n<\/script>\n","thumbnail_url":"https:\/\/futbolhoy.co\/wp-content\/uploads\/2023\/08\/Xavi-1024x886.png","thumbnail_width":1024,"thumbnail_height":886,"description":"Xavi Hern\u00e1ndez y Barcelona hab\u00edan anunciado recientemente la continuidad de la relaci\u00f3n contractual. Sin embargo, en la \u00faltima semana, una frase del entrenador sobre la competitividad del club, no habr\u00eda ca\u00eddo bien en en presidente Joan Laporta. Las declaraciones del exfutbolista se produjeron en el marco de una rueda de prensa previo al juego contra [&hellip;]"}