{"version":"1.0","provider_name":"","provider_url":"https:\/\/futbolhoy.co","title":"Ederson se pierde la Copa Am\u00e9rica -","type":"rich","width":600,"height":338,"html":"<blockquote class=\"wp-embedded-content\" data-secret=\"FFyiVSU2ar\"><a href=\"https:\/\/futbolhoy.co\/index.php\/2024\/05\/19\/ederson-se-pierde-la-copa-america\/\">Ederson se pierde la Copa Am\u00e9rica<\/a><\/blockquote><iframe sandbox=\"allow-scripts\" security=\"restricted\" src=\"https:\/\/futbolhoy.co\/index.php\/2024\/05\/19\/ederson-se-pierde-la-copa-america\/embed\/#?secret=FFyiVSU2ar\" width=\"600\" height=\"338\" title=\"\u00abEderson se pierde la Copa Am\u00e9rica\u00bb \u2014 \" data-secret=\"FFyiVSU2ar\" frameborder=\"0\" marginwidth=\"0\" marginheight=\"0\" scrolling=\"no\" class=\"wp-embedded-content\"><\/iframe><script type=\"text\/javascript\">\n\/* <![CDATA[ *\/\n\/*! This file is auto-generated *\/\n!function(d,l){\"use strict\";l.querySelector&&d.addEventListener&&\"undefined\"!=typeof URL&&(d.wp=d.wp||{},d.wp.receiveEmbedMessage||(d.wp.receiveEmbedMessage=function(e){var t=e.data;if((t||t.secret||t.message||t.value)&&!\/[^a-zA-Z0-9]\/.test(t.secret)){for(var s,r,n,a=l.querySelectorAll('iframe[data-secret=\"'+t.secret+'\"]'),o=l.querySelectorAll('blockquote[data-secret=\"'+t.secret+'\"]'),c=new RegExp(\"^https?:$\",\"i\"),i=0;i<o.length;i++)o[i].style.display=\"none\";for(i=0;i<a.length;i++)s=a[i],e.source===s.contentWindow&&(s.removeAttribute(\"style\"),\"height\"===t.message?(1e3<(r=parseInt(t.value,10))?r=1e3:~~r<200&&(r=200),s.height=r):\"link\"===t.message&&(r=new URL(s.getAttribute(\"src\")),n=new URL(t.value),c.test(n.protocol))&&n.host===r.host&&l.activeElement===s&&(d.top.location.href=t.value))}},d.addEventListener(\"message\",d.wp.receiveEmbedMessage,!1),l.addEventListener(\"DOMContentLoaded\",function(){for(var e,t,s=l.querySelectorAll(\"iframe.wp-embedded-content\"),r=0;r<s.length;r++)(t=(e=s[r]).getAttribute(\"data-secret\"))||(t=Math.random().toString(36).substring(2,12),e.src+=\"#?secret=\"+t,e.setAttribute(\"data-secret\",t)),e.contentWindow.postMessage({message:\"ready\",secret:t},\"*\")},!1)))}(window,document);\n\/* ]]> *\/\n<\/script>\n","thumbnail_url":"https:\/\/futbolhoy.co\/wp-content\/uploads\/2024\/05\/WhatsApp-Image-2024-05-19-at-6.33.38-PM.jpeg","thumbnail_width":1179,"thumbnail_height":759,"description":"La selecci\u00f3n brasile\u00f1a desconvoc\u00f3 este domingo al arquero del Manchester City, Ederson. El futbolista sufri\u00f3 una fractura en el rostro en el juego ante Tottenham, por lo que se perder\u00e1 la Copa Am\u00e9rica que comenzar\u00e1 el 20 de junio en Estados Unidos. El seleccionador Dorival J\u00fanior llam\u00f3 en lugar del arquero del City, que apuntaba [&hellip;]"}