{"version":"1.0","provider_name":"","provider_url":"https:\/\/futbolhoy.co","title":"Santa Fe oficializ\u00f3 la contrataci\u00f3n de Jorge Bava -","type":"rich","width":600,"height":338,"html":"<blockquote class=\"wp-embedded-content\" data-secret=\"P7K45hU34T\"><a href=\"https:\/\/futbolhoy.co\/index.php\/2025\/03\/27\/santa-fe-oficializo-la-contratacion-de-jorge-bava\/\">Santa Fe oficializ\u00f3 la contrataci\u00f3n de Jorge Bava<\/a><\/blockquote><iframe sandbox=\"allow-scripts\" security=\"restricted\" src=\"https:\/\/futbolhoy.co\/index.php\/2025\/03\/27\/santa-fe-oficializo-la-contratacion-de-jorge-bava\/embed\/#?secret=P7K45hU34T\" width=\"600\" height=\"338\" title=\"\u00abSanta Fe oficializ\u00f3 la contrataci\u00f3n de Jorge Bava\u00bb \u2014 \" data-secret=\"P7K45hU34T\" frameborder=\"0\" marginwidth=\"0\" marginheight=\"0\" scrolling=\"no\" class=\"wp-embedded-content\"><\/iframe><script type=\"text\/javascript\">\n\/* <![CDATA[ *\/\n\/*! This file is auto-generated *\/\n!function(d,l){\"use strict\";l.querySelector&&d.addEventListener&&\"undefined\"!=typeof URL&&(d.wp=d.wp||{},d.wp.receiveEmbedMessage||(d.wp.receiveEmbedMessage=function(e){var t=e.data;if((t||t.secret||t.message||t.value)&&!\/[^a-zA-Z0-9]\/.test(t.secret)){for(var s,r,n,a=l.querySelectorAll('iframe[data-secret=\"'+t.secret+'\"]'),o=l.querySelectorAll('blockquote[data-secret=\"'+t.secret+'\"]'),c=new RegExp(\"^https?:$\",\"i\"),i=0;i<o.length;i++)o[i].style.display=\"none\";for(i=0;i<a.length;i++)s=a[i],e.source===s.contentWindow&&(s.removeAttribute(\"style\"),\"height\"===t.message?(1e3<(r=parseInt(t.value,10))?r=1e3:~~r<200&&(r=200),s.height=r):\"link\"===t.message&&(r=new URL(s.getAttribute(\"src\")),n=new URL(t.value),c.test(n.protocol))&&n.host===r.host&&l.activeElement===s&&(d.top.location.href=t.value))}},d.addEventListener(\"message\",d.wp.receiveEmbedMessage,!1),l.addEventListener(\"DOMContentLoaded\",function(){for(var e,t,s=l.querySelectorAll(\"iframe.wp-embedded-content\"),r=0;r<s.length;r++)(t=(e=s[r]).getAttribute(\"data-secret\"))||(t=Math.random().toString(36).substring(2,12),e.src+=\"#?secret=\"+t,e.setAttribute(\"data-secret\",t)),e.contentWindow.postMessage({message:\"ready\",secret:t},\"*\")},!1)))}(window,document);\n\/* ]]> *\/\n<\/script>\n","thumbnail_url":"https:\/\/futbolhoy.co\/wp-content\/uploads\/2025\/03\/Bava-1024x709.png","thumbnail_width":1024,"thumbnail_height":709,"description":"Independiente Santa Fe oficializ\u00f3 este jueves la contrataci\u00f3n del uruguayo Jorge Bava como su nuevo director t\u00e9cnico. El exportero de 43 a\u00f1os tendr\u00e1 su tercera experiencia como entrenador. \ud835\udfef, \ud835\udfee, \ud835\udfed ... \ud83c\udfac#VamosSantaFe \ud83c\uddee\ud83c\udde9 pic.twitter.com\/YjRQJALMJ0 \u2014 Independiente Santa Fe (@SantaFe) March 27, 2025 Bava reemplazar\u00e1 como t\u00e9cnico en propiedad a su compatriota Pablo Peirano. Durante [&hellip;]"}