{"version":"1.0","provider_name":"","provider_url":"https:\/\/futbolhoy.co","title":"Dudamel y un mensaje claro: \u201cNo protegemos sinverg\u00fcenzuras\u201d -","type":"rich","width":600,"height":338,"html":"<blockquote class=\"wp-embedded-content\" data-secret=\"b3YwPmM3B1\"><a href=\"https:\/\/futbolhoy.co\/index.php\/2025\/04\/10\/dudamel-y-un-mensaje-claro-no-protegemos-sinverguenzuras\/\">Dudamel y un mensaje claro: \u201cNo protegemos sinverg\u00fcenzuras\u201d<\/a><\/blockquote><iframe sandbox=\"allow-scripts\" security=\"restricted\" src=\"https:\/\/futbolhoy.co\/index.php\/2025\/04\/10\/dudamel-y-un-mensaje-claro-no-protegemos-sinverguenzuras\/embed\/#?secret=b3YwPmM3B1\" width=\"600\" height=\"338\" title=\"\u00abDudamel y un mensaje claro: \u201cNo protegemos sinverg\u00fcenzuras\u201d\u00bb \u2014 \" data-secret=\"b3YwPmM3B1\" frameborder=\"0\" marginwidth=\"0\" marginheight=\"0\" scrolling=\"no\" class=\"wp-embedded-content\"><\/iframe><script type=\"text\/javascript\">\n\/* <![CDATA[ *\/\n\/*! This file is auto-generated *\/\n!function(d,l){\"use strict\";l.querySelector&&d.addEventListener&&\"undefined\"!=typeof URL&&(d.wp=d.wp||{},d.wp.receiveEmbedMessage||(d.wp.receiveEmbedMessage=function(e){var t=e.data;if((t||t.secret||t.message||t.value)&&!\/[^a-zA-Z0-9]\/.test(t.secret)){for(var s,r,n,a=l.querySelectorAll('iframe[data-secret=\"'+t.secret+'\"]'),o=l.querySelectorAll('blockquote[data-secret=\"'+t.secret+'\"]'),c=new RegExp(\"^https?:$\",\"i\"),i=0;i<o.length;i++)o[i].style.display=\"none\";for(i=0;i<a.length;i++)s=a[i],e.source===s.contentWindow&&(s.removeAttribute(\"style\"),\"height\"===t.message?(1e3<(r=parseInt(t.value,10))?r=1e3:~~r<200&&(r=200),s.height=r):\"link\"===t.message&&(r=new URL(s.getAttribute(\"src\")),n=new URL(t.value),c.test(n.protocol))&&n.host===r.host&&l.activeElement===s&&(d.top.location.href=t.value))}},d.addEventListener(\"message\",d.wp.receiveEmbedMessage,!1),l.addEventListener(\"DOMContentLoaded\",function(){for(var e,t,s=l.querySelectorAll(\"iframe.wp-embedded-content\"),r=0;r<s.length;r++)(t=(e=s[r]).getAttribute(\"data-secret\"))||(t=Math.random().toString(36).substring(2,12),e.src+=\"#?secret=\"+t,e.setAttribute(\"data-secret\",t)),e.contentWindow.postMessage({message:\"ready\",secret:t},\"*\")},!1)))}(window,document);\n\/* ]]> *\/\n<\/script>\n","thumbnail_url":"https:\/\/futbolhoy.co\/wp-content\/uploads\/2025\/04\/WhatsApp-Image-2025-04-10-at-12.52.01-PM.jpeg","thumbnail_width":1600,"thumbnail_height":1066,"description":"Rafael Dudamel fue presentado este jueves como el nuevo entrenador del Deportivo Pereira. El t\u00e9cnico venezolano asumir\u00e1 en su tercer equipo en Colombia y el s\u00e9ptimo desde que inici\u00f3 en su carrera de direcci\u00f3n t\u00e9cnica. El t\u00e9cnico de 52 a\u00f1os lleg\u00f3 a la capital risaraldense y compareci\u00f3 ante los medios de comunicaci\u00f3n, dejando claro el [&hellip;]"}