{"version":"1.0","provider_name":"","provider_url":"https:\/\/futbolhoy.co","title":"\u00c1rbitro de Barcelona - Real Madrid dio duras declaraciones -","type":"rich","width":600,"height":338,"html":"<blockquote class=\"wp-embedded-content\" data-secret=\"Zt7OFnDpBA\"><a href=\"https:\/\/futbolhoy.co\/index.php\/2025\/04\/25\/arbitro-de-barcelona-real-madrid-dio-duras-declaraciones\/\">\u00c1rbitro de Barcelona - Real Madrid dio duras declaraciones<\/a><\/blockquote><iframe sandbox=\"allow-scripts\" security=\"restricted\" src=\"https:\/\/futbolhoy.co\/index.php\/2025\/04\/25\/arbitro-de-barcelona-real-madrid-dio-duras-declaraciones\/embed\/#?secret=Zt7OFnDpBA\" width=\"600\" height=\"338\" title=\"\u00ab\u00c1rbitro de Barcelona - Real Madrid dio duras declaraciones\u00bb \u2014 \" data-secret=\"Zt7OFnDpBA\" frameborder=\"0\" marginwidth=\"0\" marginheight=\"0\" scrolling=\"no\" class=\"wp-embedded-content\"><\/iframe><script type=\"text\/javascript\">\n\/* <![CDATA[ *\/\n\/*! This file is auto-generated *\/\n!function(d,l){\"use strict\";l.querySelector&&d.addEventListener&&\"undefined\"!=typeof URL&&(d.wp=d.wp||{},d.wp.receiveEmbedMessage||(d.wp.receiveEmbedMessage=function(e){var t=e.data;if((t||t.secret||t.message||t.value)&&!\/[^a-zA-Z0-9]\/.test(t.secret)){for(var s,r,n,a=l.querySelectorAll('iframe[data-secret=\"'+t.secret+'\"]'),o=l.querySelectorAll('blockquote[data-secret=\"'+t.secret+'\"]'),c=new RegExp(\"^https?:$\",\"i\"),i=0;i<o.length;i++)o[i].style.display=\"none\";for(i=0;i<a.length;i++)s=a[i],e.source===s.contentWindow&&(s.removeAttribute(\"style\"),\"height\"===t.message?(1e3<(r=parseInt(t.value,10))?r=1e3:~~r<200&&(r=200),s.height=r):\"link\"===t.message&&(r=new URL(s.getAttribute(\"src\")),n=new URL(t.value),c.test(n.protocol))&&n.host===r.host&&l.activeElement===s&&(d.top.location.href=t.value))}},d.addEventListener(\"message\",d.wp.receiveEmbedMessage,!1),l.addEventListener(\"DOMContentLoaded\",function(){for(var e,t,s=l.querySelectorAll(\"iframe.wp-embedded-content\"),r=0;r<s.length;r++)(t=(e=s[r]).getAttribute(\"data-secret\"))||(t=Math.random().toString(36).substring(2,12),e.src+=\"#?secret=\"+t,e.setAttribute(\"data-secret\",t)),e.contentWindow.postMessage({message:\"ready\",secret:t},\"*\")},!1)))}(window,document);\n\/* ]]> *\/\n<\/script>\n","thumbnail_url":"https:\/\/futbolhoy.co\/wp-content\/uploads\/2025\/04\/IMG_4363.png","thumbnail_width":1706,"thumbnail_height":1280,"description":"El \u00e1rbitro vasco Ricardo De Burgos Bengoechea, que dirigir\u00e1 el s\u00e1bado la final de la Copa del Rey espa\u00f1ola entre el Barcelona y el Real Madrid, lament\u00f3 este viernes entre l\u00e1grimas \"la repercusi\u00f3n de los v\u00eddeos de Real Madrid Televisi\u00f3n\" contra su estamento, ya que \"los hijos de los compa\u00f1eros oyen decir en el colegio [&hellip;]"}