{"version":"1.0","provider_name":"","provider_url":"https:\/\/futbolhoy.co","title":"Julen Lopetegui encuentra trabajo: dirigir\u00e1 a selecci\u00f3n -","type":"rich","width":600,"height":338,"html":"<blockquote class=\"wp-embedded-content\" data-secret=\"Fli2inUVrK\"><a href=\"https:\/\/futbolhoy.co\/index.php\/2025\/05\/01\/julen-lopetegui-encuentra-trabajo-dirigira-a-seleccion\/\">Julen Lopetegui encuentra trabajo: dirigir\u00e1 a selecci\u00f3n<\/a><\/blockquote><iframe sandbox=\"allow-scripts\" security=\"restricted\" src=\"https:\/\/futbolhoy.co\/index.php\/2025\/05\/01\/julen-lopetegui-encuentra-trabajo-dirigira-a-seleccion\/embed\/#?secret=Fli2inUVrK\" width=\"600\" height=\"338\" title=\"\u00abJulen Lopetegui encuentra trabajo: dirigir\u00e1 a selecci\u00f3n\u00bb \u2014 \" data-secret=\"Fli2inUVrK\" frameborder=\"0\" marginwidth=\"0\" marginheight=\"0\" scrolling=\"no\" class=\"wp-embedded-content\"><\/iframe><script type=\"text\/javascript\">\n\/* <![CDATA[ *\/\n\/*! This file is auto-generated *\/\n!function(d,l){\"use strict\";l.querySelector&&d.addEventListener&&\"undefined\"!=typeof URL&&(d.wp=d.wp||{},d.wp.receiveEmbedMessage||(d.wp.receiveEmbedMessage=function(e){var t=e.data;if((t||t.secret||t.message||t.value)&&!\/[^a-zA-Z0-9]\/.test(t.secret)){for(var s,r,n,a=l.querySelectorAll('iframe[data-secret=\"'+t.secret+'\"]'),o=l.querySelectorAll('blockquote[data-secret=\"'+t.secret+'\"]'),c=new RegExp(\"^https?:$\",\"i\"),i=0;i<o.length;i++)o[i].style.display=\"none\";for(i=0;i<a.length;i++)s=a[i],e.source===s.contentWindow&&(s.removeAttribute(\"style\"),\"height\"===t.message?(1e3<(r=parseInt(t.value,10))?r=1e3:~~r<200&&(r=200),s.height=r):\"link\"===t.message&&(r=new URL(s.getAttribute(\"src\")),n=new URL(t.value),c.test(n.protocol))&&n.host===r.host&&l.activeElement===s&&(d.top.location.href=t.value))}},d.addEventListener(\"message\",d.wp.receiveEmbedMessage,!1),l.addEventListener(\"DOMContentLoaded\",function(){for(var e,t,s=l.querySelectorAll(\"iframe.wp-embedded-content\"),r=0;r<s.length;r++)(t=(e=s[r]).getAttribute(\"data-secret\"))||(t=Math.random().toString(36).substring(2,12),e.src+=\"#?secret=\"+t,e.setAttribute(\"data-secret\",t)),e.contentWindow.postMessage({message:\"ready\",secret:t},\"*\")},!1)))}(window,document);\n\/* ]]> *\/\n<\/script>\n","thumbnail_url":"https:\/\/futbolhoy.co\/wp-content\/uploads\/2025\/05\/Gp20aAVXIAATrK9.jpg","thumbnail_width":1486,"thumbnail_height":954,"description":"El espa\u00f1ol\u00a0Julen\u00a0Lopetegui, exseleccionador espa\u00f1ol y exentrenador del Real Madrid, fue nombrado al frente de la selecci\u00f3n de Catar en sustituci\u00f3n de su compatriota Luis Garc\u00eda, anunci\u00f3 este jueves la Federaci\u00f3n Catar\u00ed (QFA).\u00a0 \"Listos para un nuevo cap\u00edtulo. Bienvenido\u00a0Lopetegui\", anunci\u00f3 la federaci\u00f3n en las redes sociales junto con un breve v\u00eddeo del antiguo portero llegado a [&hellip;]"}