{"version":"1.0","provider_name":"","provider_url":"https:\/\/futbolhoy.co","title":"Goles colombianos en Europa, M\u00e9xico, Brasil y m\u00e1s -","type":"rich","width":600,"height":338,"html":"<blockquote class=\"wp-embedded-content\" data-secret=\"xd0dX5fIHC\"><a href=\"https:\/\/futbolhoy.co\/index.php\/2025\/08\/18\/goles-colombianos-en-europa-mexico-brasil-y-mas\/\">Goles colombianos en Europa, M\u00e9xico, Brasil y m\u00e1s<\/a><\/blockquote><iframe sandbox=\"allow-scripts\" security=\"restricted\" src=\"https:\/\/futbolhoy.co\/index.php\/2025\/08\/18\/goles-colombianos-en-europa-mexico-brasil-y-mas\/embed\/#?secret=xd0dX5fIHC\" width=\"600\" height=\"338\" title=\"\u00abGoles colombianos en Europa, M\u00e9xico, Brasil y m\u00e1s\u00bb \u2014 \" data-secret=\"xd0dX5fIHC\" frameborder=\"0\" marginwidth=\"0\" marginheight=\"0\" scrolling=\"no\" class=\"wp-embedded-content\"><\/iframe><script type=\"text\/javascript\">\n\/* <![CDATA[ *\/\n\/*! This file is auto-generated *\/\n!function(d,l){\"use strict\";l.querySelector&&d.addEventListener&&\"undefined\"!=typeof URL&&(d.wp=d.wp||{},d.wp.receiveEmbedMessage||(d.wp.receiveEmbedMessage=function(e){var t=e.data;if((t||t.secret||t.message||t.value)&&!\/[^a-zA-Z0-9]\/.test(t.secret)){for(var s,r,n,a=l.querySelectorAll('iframe[data-secret=\"'+t.secret+'\"]'),o=l.querySelectorAll('blockquote[data-secret=\"'+t.secret+'\"]'),c=new RegExp(\"^https?:$\",\"i\"),i=0;i<o.length;i++)o[i].style.display=\"none\";for(i=0;i<a.length;i++)s=a[i],e.source===s.contentWindow&&(s.removeAttribute(\"style\"),\"height\"===t.message?(1e3<(r=parseInt(t.value,10))?r=1e3:~~r<200&&(r=200),s.height=r):\"link\"===t.message&&(r=new URL(s.getAttribute(\"src\")),n=new URL(t.value),c.test(n.protocol))&&n.host===r.host&&l.activeElement===s&&(d.top.location.href=t.value))}},d.addEventListener(\"message\",d.wp.receiveEmbedMessage,!1),l.addEventListener(\"DOMContentLoaded\",function(){for(var e,t,s=l.querySelectorAll(\"iframe.wp-embedded-content\"),r=0;r<s.length;r++)(t=(e=s[r]).getAttribute(\"data-secret\"))||(t=Math.random().toString(36).substring(2,12),e.src+=\"#?secret=\"+t,e.setAttribute(\"data-secret\",t)),e.contentWindow.postMessage({message:\"ready\",secret:t},\"*\")},!1)))}(window,document);\n\/* ]]> *\/\n<\/script>\n","thumbnail_url":"https:\/\/futbolhoy.co\/wp-content\/uploads\/2025\/08\/Gylyu0cXkAAgh5T.jpeg","thumbnail_width":1080,"thumbnail_height":701,"description":"El tercer fin de semana de agosto trajo consigo varias anotaciones de futbolistas colombianos que se reportaron con buenas presentaciones. Europa, Brasil, Rusia y Norteam\u00e9rica fueron los lugares en los que los deportistas nacionales marcaron para sus equipo. En Alemania, Luis D\u00edaz se estren\u00f3 con su primer gol en Bayern M\u00fanich para la Supercopa de [&hellip;]"}