{"version":"1.0","provider_name":"","provider_url":"https:\/\/futbolhoy.co","title":"Antonio R\u00fcdiger, lesionado de \u00faltimo momento en Real Madrid: \u00bfCu\u00e1ndo regresa? -","type":"rich","width":600,"height":338,"html":"<blockquote class=\"wp-embedded-content\" data-secret=\"mwoLkrxxbE\"><a href=\"https:\/\/futbolhoy.co\/index.php\/2025\/09\/12\/real-madrid-confirma-sensible-baja-por-lesion\/\">Antonio R\u00fcdiger, lesionado de \u00faltimo momento en Real Madrid: \u00bfCu\u00e1ndo regresa?<\/a><\/blockquote><iframe sandbox=\"allow-scripts\" security=\"restricted\" src=\"https:\/\/futbolhoy.co\/index.php\/2025\/09\/12\/real-madrid-confirma-sensible-baja-por-lesion\/embed\/#?secret=mwoLkrxxbE\" width=\"600\" height=\"338\" title=\"\u00abAntonio R\u00fcdiger, lesionado de \u00faltimo momento en Real Madrid: \u00bfCu\u00e1ndo regresa?\u00bb \u2014 \" data-secret=\"mwoLkrxxbE\" frameborder=\"0\" marginwidth=\"0\" marginheight=\"0\" scrolling=\"no\" class=\"wp-embedded-content\"><\/iframe><script type=\"text\/javascript\">\n\/* <![CDATA[ *\/\n\/*! This file is auto-generated *\/\n!function(d,l){\"use strict\";l.querySelector&&d.addEventListener&&\"undefined\"!=typeof URL&&(d.wp=d.wp||{},d.wp.receiveEmbedMessage||(d.wp.receiveEmbedMessage=function(e){var t=e.data;if((t||t.secret||t.message||t.value)&&!\/[^a-zA-Z0-9]\/.test(t.secret)){for(var s,r,n,a=l.querySelectorAll('iframe[data-secret=\"'+t.secret+'\"]'),o=l.querySelectorAll('blockquote[data-secret=\"'+t.secret+'\"]'),c=new RegExp(\"^https?:$\",\"i\"),i=0;i<o.length;i++)o[i].style.display=\"none\";for(i=0;i<a.length;i++)s=a[i],e.source===s.contentWindow&&(s.removeAttribute(\"style\"),\"height\"===t.message?(1e3<(r=parseInt(t.value,10))?r=1e3:~~r<200&&(r=200),s.height=r):\"link\"===t.message&&(r=new URL(s.getAttribute(\"src\")),n=new URL(t.value),c.test(n.protocol))&&n.host===r.host&&l.activeElement===s&&(d.top.location.href=t.value))}},d.addEventListener(\"message\",d.wp.receiveEmbedMessage,!1),l.addEventListener(\"DOMContentLoaded\",function(){for(var e,t,s=l.querySelectorAll(\"iframe.wp-embedded-content\"),r=0;r<s.length;r++)(t=(e=s[r]).getAttribute(\"data-secret\"))||(t=Math.random().toString(36).substring(2,12),e.src+=\"#?secret=\"+t,e.setAttribute(\"data-secret\",t)),e.contentWindow.postMessage({message:\"ready\",secret:t},\"*\")},!1)))}(window,document);\n\/* ]]> *\/\n<\/script>\n","thumbnail_url":"https:\/\/futbolhoy.co\/wp-content\/uploads\/2025\/09\/WhatsApp-Image-2025-09-12-at-1.48.33-PM.jpeg","thumbnail_width":1047,"thumbnail_height":656,"description":"A trav\u00e9s de sus redes sociales, Real Madrid confirm\u00f3 que el defensor de 32 a\u00f1os, Antonio R\u00fcdiger, fue diagnosticado de una lesi\u00f3n \u201cen el recto anterior de su pierna izquierda\u201d. R\u00fcdiger entren\u00f3 con normalidad durante la sesi\u00f3n del viernes 12 de septiembre, pero tras sentir unas molestias f\u00edsicas en la recta final, el Servicio M\u00e9dico [&hellip;]"}