{"version":"1.0","provider_name":"","provider_url":"https:\/\/futbolhoy.co","title":"Nacional ratifica a su cuerpo t\u00e9cnico -","type":"rich","width":600,"height":338,"html":"<blockquote class=\"wp-embedded-content\" data-secret=\"4S2olB12I3\"><a href=\"https:\/\/futbolhoy.co\/index.php\/2025\/10\/16\/nacional-ratifica-a-su-cuerpo-tecnico\/\">Nacional ratifica a su cuerpo t\u00e9cnico<\/a><\/blockquote><iframe sandbox=\"allow-scripts\" security=\"restricted\" src=\"https:\/\/futbolhoy.co\/index.php\/2025\/10\/16\/nacional-ratifica-a-su-cuerpo-tecnico\/embed\/#?secret=4S2olB12I3\" width=\"600\" height=\"338\" title=\"\u00abNacional ratifica a su cuerpo t\u00e9cnico\u00bb \u2014 \" data-secret=\"4S2olB12I3\" frameborder=\"0\" marginwidth=\"0\" marginheight=\"0\" scrolling=\"no\" class=\"wp-embedded-content\"><\/iframe><script type=\"text\/javascript\">\n\/* <![CDATA[ *\/\n\/*! This file is auto-generated *\/\n!function(d,l){\"use strict\";l.querySelector&&d.addEventListener&&\"undefined\"!=typeof URL&&(d.wp=d.wp||{},d.wp.receiveEmbedMessage||(d.wp.receiveEmbedMessage=function(e){var t=e.data;if((t||t.secret||t.message||t.value)&&!\/[^a-zA-Z0-9]\/.test(t.secret)){for(var s,r,n,a=l.querySelectorAll('iframe[data-secret=\"'+t.secret+'\"]'),o=l.querySelectorAll('blockquote[data-secret=\"'+t.secret+'\"]'),c=new RegExp(\"^https?:$\",\"i\"),i=0;i<o.length;i++)o[i].style.display=\"none\";for(i=0;i<a.length;i++)s=a[i],e.source===s.contentWindow&&(s.removeAttribute(\"style\"),\"height\"===t.message?(1e3<(r=parseInt(t.value,10))?r=1e3:~~r<200&&(r=200),s.height=r):\"link\"===t.message&&(r=new URL(s.getAttribute(\"src\")),n=new URL(t.value),c.test(n.protocol))&&n.host===r.host&&l.activeElement===s&&(d.top.location.href=t.value))}},d.addEventListener(\"message\",d.wp.receiveEmbedMessage,!1),l.addEventListener(\"DOMContentLoaded\",function(){for(var e,t,s=l.querySelectorAll(\"iframe.wp-embedded-content\"),r=0;r<s.length;r++)(t=(e=s[r]).getAttribute(\"data-secret\"))||(t=Math.random().toString(36).substring(2,12),e.src+=\"#?secret=\"+t,e.setAttribute(\"data-secret\",t)),e.contentWindow.postMessage({message:\"ready\",secret:t},\"*\")},!1)))}(window,document);\n\/* ]]> *\/\n<\/script>\n","thumbnail_url":"https:\/\/futbolhoy.co\/wp-content\/uploads\/2025\/10\/Captura-de-pantalla-2025-10-16-171806.png","thumbnail_width":726,"thumbnail_height":465,"description":"Atl\u00e9tico Nacional seguir\u00e1 bajo el mando de Diego Arias hasta fin de a\u00f1o, tal y como se ven\u00eda especulando desde hace unas semanas. El presidente, Sebasti\u00e1n Botero, as\u00ed lo confirm\u00f3. \u201cHoy destacamos el talento institucional que demuestra con resultados lo que somos capaces de lograr. Atl\u00e9tico Nacional se enorgullece de ratificar al cuerpo t\u00e9cnico actual, [&hellip;]"}