{"id":6175,"date":"2017-09-23T07:14:29","date_gmt":"2017-09-23T12:14:29","guid":{"rendered":"http:\/\/futbolhoy.co\/?page_id=6175"},"modified":"2023-11-26T08:32:26","modified_gmt":"2023-11-26T13:32:26","slug":"mundo-futbol","status":"publish","type":"page","link":"https:\/\/futbolhoy.co\/index.php\/mundo-futbol\/","title":{"rendered":"Mundo F\u00fatbol"},"content":{"rendered":"<div id=\"tdi_1\" class=\"tdc-zone\"><div class=\"tdc_zone tdi_2  wpb_row td-pb-row\"  >\n<style scoped>\n\n\/* custom css *\/\n.tdi_2{\r\n                    min-height: 0;\r\n                }\n<\/style><div id=\"tdi_3\" class=\"tdc-row\"><div class=\"vc_row tdi_4  wpb_row td-pb-row\" >\n<style scoped>\n\n\/* custom css *\/\n.tdi_4,\r\n                .tdi_4 .tdc-columns{\r\n                    min-height: 0;\r\n                }.tdi_4,\r\n\t\t\t\t.tdi_4 .tdc-columns{\r\n\t\t\t\t    display: block;\r\n\t\t\t\t}.tdi_4 .tdc-columns{\r\n\t\t\t\t    width: 100%;\r\n\t\t\t\t}\n<\/style><div class=\"vc_column tdi_6  wpb_column vc_column_container tdc-column td-pb-span12\">\n<style scoped>\n\n\/* custom css *\/\n.tdi_6{\r\n                    vertical-align: baseline;\r\n                }.tdi_6 > .wpb_wrapper,\r\n\t\t\t\t.tdi_6 > .wpb_wrapper > .tdc-elements{\r\n\t\t\t\t    display: block;\r\n\t\t\t\t}.tdi_6 > .wpb_wrapper > .tdc-elements{\r\n\t\t\t\t    width: 100%;\r\n\t\t\t\t}.tdi_6 > .wpb_wrapper > .vc_row_inner{\r\n\t\t\t\t    width: auto;\r\n\t\t\t\t}.tdi_6 > .wpb_wrapper{\r\n\t\t\t\t    width: auto;\r\n\t\t\t\t    height: auto;\r\n\t\t\t\t}\n<\/style><div class=\"wpb_wrapper\" ><div class=\"td_block_wrap td_flex_block_4 tdi_7 td_with_ajax_pagination td-pb-border-top td_block_template_1 td_flex_block\"  data-td-block-uid=\"tdi_7\" >\n<style>\n\/* custom css *\/\n.tdi_7 .td_module_wrap{\r\n\t\t\t\t\tpadding-left: 24px;\r\n\t\t\t\t\tpadding-right: 24px;\r\n\t\t\t\t}.tdi_7 .td_block_inner{\r\n\t\t\t\t\tmargin-left: -24px;\r\n\t\t\t\t\tmargin-right: -24px;\r\n\t\t\t\t}.tdi_7 .td_module_flex_1{\r\n\t\t\t\t\tpadding-bottom: 10.5px;\r\n\t\t\t\t\tmargin-bottom: 10.5px;\r\n\t\t\t\t}.tdi_7 .td_module_flex_1 .td-module-container:before{\r\n\t\t\t\t\tbottom: -10.5px;\r\n\t\t\t\t\r\n\t\t\t\t\tborder-width: 0 0 1px 0;\r\n\t\t\t\t\tborder-style: none;\r\n\t\t\t\t\tborder-color: #eaeaea;\r\n\t\t\t\t\r\n\t\t\t\t\tborder-color: #eaeaea;\r\n\t\t\t\t}.tdi_7 .td_module_flex_4{\r\n\t\t\t\t\tpadding-bottom: 13px;\r\n\t\t\t\t\tmargin-bottom: 13px;\r\n\t\t\t\t}.tdi_7 .td_module_flex_4 .td-module-container:before{\r\n\t\t\t\t\tbottom: -13px;\r\n\t\t\t\t\r\n\t\t\t\t\tborder-width: 0 0 1px 0;\r\n\t\t\t\t\tborder-style: none;\r\n\t\t\t\t\tborder-color: #eaeaea;\r\n\t\t\t\t\r\n\t\t\t\t\tborder-color: #eaeaea;\r\n\t\t\t\t}.tdi_7 .td_module_wrap:last-child{\r\n\t\t\t\t    margin-bottom: 0 !important;\r\n\t\t\t\t\tpadding-bottom: 0 !important;\r\n\t\t\t\t}.tdi_7 .td_module_wrap:last-child .td-module-container:before{\r\n\t\t\t\t    display: none;\r\n\t\t\t\t}.tdi_7 .td_module_flex_1 .td-module-container{\r\n\t\t\t\t    border-color: #eaeaea;\r\n\t\t\t\t\r\n\t\t\t\t\tflex-direction: column;\r\n\t\t\t\t}.tdi_7 .td_module_flex_4 .td-module-container{\r\n\t\t\t\t    border-color: #eaeaea;\r\n\t\t\t\t}.tdi_7 .td_module_flex_1 .entry-thumb{\r\n\t\t\t\t\tbackground-position: center 50%;\r\n\t\t\t\t}.tdi_7 .td_module_flex_4 .entry-thumb{\r\n\t\t\t\t\tbackground-position: center 50%;\r\n\t\t\t\t}.tdi_7 .td_module_flex_4 .td-image-container{\r\n\t\t\t\t \tflex: 0 0 30%;\r\n\t\t\t\t \twidth: 30%;\r\n\t\t\t    \r\n                \tdisplay: block; order: 0;\r\n                }.ie10 .tdi_7 .td_module_flex_4 .td-module-meta-info,\r\n\t\t\t\t.ie11 .tdi_7 .td_module_flex_4 .td-module-meta-info{\r\n\t\t\t\t \tflex: 1;\r\n\t\t\t    }body .tdi_7 .td_module_flex_1 .td-favorite{\r\n                    font-size: 36px;\r\n                \r\n                    box-shadow:  1px 1px 4px 0px rgba(0, 0, 0, 0.2);\r\n                }body .tdi_7 .td_module_flex_4 .td-favorite{\r\n                    font-size: 36px;\r\n                \r\n                    box-shadow:  1px 1px 4px 0px rgba(0, 0, 0, 0.2);\r\n                }.tdi_7 .td_module_flex_4 .td-video-play-ico{\r\n\t\t\t\t\twidth: 20px;\r\n\t\t\t\t\theight: 20px;\r\n\t\t\t\t\tfont-size: 20px;\r\n\t\t\t\t}.tdi_7 .td_module_flex_1 .td-video-play-ico{\r\n\t\t\t\t\ttop: 50%;\r\n                    left: 50%;\r\n                    transform: translate(-50%, -50%);\r\n\t\t\t\t}.tdi_7 .td_module_flex_1 .td-post-vid-time{\r\n\t\t\t\t\tdisplay: block;\r\n\t\t\t\t}.tdi_7 .td_module_flex_4 .td-post-vid-time{\r\n\t\t\t\t\tdisplay: block;\r\n\t\t\t\t}.tdi_7 .td_module_flex_1 .td-module-meta-info{\r\n\t\t\t\t\tposition: relative;\r\n\t\t\t\t}.tdi_7 .td_module_flex_1 .td-category-pos-image .td-post-category:not(.td-post-extra-category){\r\n\t\t\t\t\ttop: auto;\r\n\t\t\t\t\tbottom: 0;\r\n\t\t\t\t}.tdi_7 .td_module_flex_1 .td-audio-player{\r\n\t\t\t\t\tfont-size: 13px;\r\n\t\t\t\t\r\n\t\t\t\t\topacity: 1;\r\n\t\t\t\t\tvisibility: visible;\r\n\t\t\t\t\theight: auto;\r\n\t\t\t\t}.tdi_7 .td_module_flex_4 .td-audio-player{\r\n\t\t\t\t\tfont-size: 12px;\r\n\t\t\t\t\r\n\t\t\t\t\topacity: 1;\r\n\t\t\t\t\tvisibility: visible;\r\n\t\t\t\t\theight: auto;\r\n\t\t\t\t}.tdi_7 .td_module_flex_1 .td-author-photo .avatar{\r\n\t\t\t\t    width: 20px;\r\n\t\t\t\t    height: 20px;\r\n\t\t\t\t\r\n\t\t\t\t    margin-right: 6px;\r\n\t\t\t\t\r\n\t\t\t\t    border-radius: 50%;\r\n\t\t\t\t}.tdi_7 .td_module_flex_4 .td-author-photo .avatar{\r\n\t\t\t\t    width: 20px;\r\n\t\t\t\t    height: 20px;\r\n\t\t\t\t\r\n\t\t\t\t    margin-right: 6px;\r\n\t\t\t\t\r\n\t\t\t\t    border-radius: 50%;\r\n\t\t\t\t}.tdi_7 .td_module_flex_1 .td-post-category:not(.td-post-extra-category){\r\n\t\t\t\t\tdisplay: inline-block;\r\n\t\t\t\t}.tdi_7 .td_module_flex_4 .td-post-category:not(.td-post-extra-category){\r\n\t\t\t\t\tdisplay: inline-block;\r\n\t\t\t\t}.tdi_7 .td_module_flex_1 .td-excerpt{\r\n\t\t\t\t\tdisplay: block;\r\n\t\t\t\t}.tdi_7 .td_module_flex_4 .td-excerpt{\r\n\t\t\t\t\tdisplay: block;\r\n\t\t\t\t}.tdi_7 .td_module_flex_1 .td-author-date{\r\n\t\t\t\t\tdisplay: inline;\r\n\t\t\t\t}.tdi_7 .td_module_flex_4 .td-author-date{\r\n\t\t\t\t\tdisplay: inline;\r\n\t\t\t\t}.tdi_7 .td_module_flex_1 .td-post-author-name{\r\n\t\t\t\t\tdisplay: inline-block;\r\n\t\t\t\t}.tdi_7 .td_module_flex_4 .td-post-author-name{\r\n\t\t\t\t\tdisplay: inline-block;\r\n\t\t\t\t}.tdi_7 .td_module_flex_1 .td-post-date,\r\n\t\t\t\t.tdi_7 .td_module_flex_1 .td-post-author-name span{\r\n\t\t\t\t\tdisplay: inline-block;\r\n\t\t\t\t}.tdi_7 .td_module_flex_4 .td-post-date,\r\n\t\t\t\t.tdi_7 .td_module_flex_4 .td-post-author-name span{\r\n\t\t\t\t\tdisplay: inline-block;\r\n\t\t\t\t}.tdi_7 .td_module_flex_1 .entry-review-stars{\r\n\t\t\t\t\tdisplay: inline-block;\r\n\t\t\t\t}.tdi_7 .td_module_flex_1 .td-icon-star,\r\n                .tdi_7 .td_module_flex_1 .td-icon-star-empty,\r\n                .tdi_7 .td_module_flex_1 .td-icon-star-half{\r\n\t\t\t\t\tfont-size: 15px;\r\n\t\t\t\t}.tdi_7 .td_module_flex_4 .entry-review-stars{\r\n\t\t\t\t\tdisplay: inline-block;\r\n\t\t\t\t}.tdi_7 .td_module_flex_4 .td-icon-star,\r\n                .tdi_7 .td_module_flex_4 .td-icon-star-empty,\r\n                .tdi_7 .td_module_flex_4 .td-icon-star-half{\r\n\t\t\t\t\tfont-size: 15px;\r\n\t\t\t\t}.tdi_7 .td_module_flex_1 .td-module-comments{\r\n\t\t\t\t\tdisplay: block;\r\n\t\t\t\t}.tdi_7 .td_module_flex_4 .td-module-comments{\r\n\t\t\t\t\tdisplay: block;\r\n\t\t\t\t}html:not([class*='ie']) .tdi_7 .td-module-container:hover .entry-thumb:before{\r\n                    opacity: 0;\r\n                }@media (min-width: 767px) {\r\n                    .tdi_7 .td_module_wrap {\r\n                        width: 100%;\r\n                        float: left;\r\n                    }\r\n                    .rtl .tdi_7 .td_module_wrap {\r\n                        float: right;\r\n                    }\r\n                }\n\n\/* landscape *\/\n@media (min-width: 1019px) and (max-width: 1140px){\n\n}\n\n\/* portrait *\/\n@media (min-width: 768px) and (max-width: 1018px){\n\n}\n\n\/* phone *\/\n@media (max-width: 767px){\n\n}\n<\/style><script>var block_tdi_7 = new tdBlock();\nblock_tdi_7.id = \"tdi_7\";\nblock_tdi_7.atts = '{\"category_id\":\"152\",\"ajax_pagination\":\"load_more\",\"block_template_id\":\"\",\"limit\":\"12\",\"block_type\":\"td_flex_block_4\",\"separator\":\"\",\"custom_title\":\"\",\"custom_url\":\"\",\"title_tag\":\"\",\"mc1_tl\":\"\",\"mc1_title_tag\":\"\",\"mc1_el\":\"\",\"mc4_tl\":\"\",\"mc4_title_tag\":\"\",\"mc4_el\":\"\",\"post_ids\":\"\",\"taxonomies\":\"\",\"category_ids\":\"\",\"in_all_terms\":\"\",\"tag_slug\":\"\",\"autors_id\":\"\",\"installed_post_types\":\"\",\"include_cf_posts\":\"\",\"exclude_cf_posts\":\"\",\"sort\":\"\",\"linked_posts\":\"\",\"favourite_only\":\"\",\"offset\":\"\",\"open_in_new_window\":\"\",\"show_modified_date\":\"\",\"time_ago\":\"\",\"time_ago_add_txt\":\"ago\",\"time_ago_txt_pos\":\"\",\"el_class\":\"\",\"td_query_cache\":\"\",\"td_query_cache_expiration\":\"\",\"td_ajax_filter_type\":\"\",\"td_ajax_filter_ids\":\"\",\"td_filter_default_txt\":\"All\",\"td_ajax_preloading\":\"\",\"columns\":\"100%\",\"columns_gap\":\"\",\"h_effect\":\"\",\"modules_space1\":\"21\",\"modules_border_size1\":\"\",\"modules_border_style1\":\"\",\"modules_border_color1\":\"#eaeaea\",\"modules_divider1\":\"\",\"modules_divider_color1\":\"#eaeaea\",\"image_size\":\"\",\"image_alignment1\":\"50\",\"image_height1\":\"\",\"image_radius1\":\"\",\"hide_image\":\"\",\"show_favourites\":\"\",\"fav_size\":\"2\",\"fav_space\":\"\",\"fav_ico_color\":\"\",\"fav_ico_color_h\":\"\",\"fav_bg\":\"\",\"fav_bg_h\":\"\",\"fav_shadow_shadow_header\":\"\",\"fav_shadow_shadow_title\":\"Shadow\",\"fav_shadow_shadow_size\":\"\",\"fav_shadow_shadow_offset_horizontal\":\"\",\"fav_shadow_shadow_offset_vertical\":\"\",\"fav_shadow_shadow_spread\":\"\",\"fav_shadow_shadow_color\":\"\",\"video_icon1\":\"\",\"video_icon_pos1\":\"center\",\"video_popup\":\"yes\",\"video_rec\":\"\",\"spot_header\":\"\",\"video_rec_title\":\"\",\"video_rec_color\":\"\",\"video_rec_disable\":\"\",\"autoplay_vid\":\"yes\",\"show_vid_t\":\"block\",\"vid_t_margin\":\"\",\"vid_t_padding\":\"\",\"video_title_color\":\"\",\"video_title_color_h\":\"\",\"video_bg\":\"\",\"video_overlay\":\"\",\"vid_t_color\":\"\",\"vid_t_bg_color\":\"\",\"f_vid_title_font_header\":\"\",\"f_vid_title_font_title\":\"Video pop-up article title\",\"f_vid_title_font_settings\":\"\",\"f_vid_title_font_family\":\"\",\"f_vid_title_font_size\":\"\",\"f_vid_title_font_line_height\":\"\",\"f_vid_title_font_style\":\"\",\"f_vid_title_font_weight\":\"\",\"f_vid_title_font_transform\":\"\",\"f_vid_title_font_spacing\":\"\",\"f_vid_title_\":\"\",\"f_vid_time_font_title\":\"Video duration text\",\"f_vid_time_font_settings\":\"\",\"f_vid_time_font_family\":\"\",\"f_vid_time_font_size\":\"\",\"f_vid_time_font_line_height\":\"\",\"f_vid_time_font_style\":\"\",\"f_vid_time_font_weight\":\"\",\"f_vid_time_font_transform\":\"\",\"f_vid_time_font_spacing\":\"\",\"f_vid_time_\":\"\",\"meta_info_align1\":\"\",\"meta_info_horiz1\":\"content-horiz-left\",\"meta_width1\":\"\",\"meta_margin1\":\"\",\"meta_padding1\":\"\",\"meta_info_border_radius1\":\"\",\"art_title1\":\"\",\"modules_category\":\"\",\"modules_category_margin1\":\"\",\"modules_category_padding1\":\"\",\"modules_cat_border1\":\"\",\"modules_category_radius1\":\"0\",\"show_cat1\":\"inline-block\",\"modules_extra_cat1\":\"\",\"show_author1\":\"inline-block\",\"author_photo\":\"\",\"author_photo_size1\":\"\",\"author_photo_space1\":\"\",\"author_photo_radius1\":\"\",\"show_date1\":\"inline-block\",\"show_com1\":\"block\",\"show_review1\":\"inline-block\",\"review_space1\":\"\",\"review_size1\":\"2.5\",\"review_distance1\":\"\",\"show_excerpt1\":\"block\",\"art_excerpt1\":\"\",\"excerpt_middle\":\"\",\"show_audio1\":\"block\",\"hide_audio\":\"\",\"art_audio1\":\"\",\"art_audio_size1\":\"1.5\",\"m_padding2\":\"\",\"modules_space2\":\"26\",\"modules_border_size2\":\"\",\"modules_border_style2\":\"\",\"modules_border_color2\":\"#eaeaea\",\"modules_divider2\":\"\",\"modules_divider_color2\":\"#eaeaea\",\"image_size3\":\"\",\"image_alignment2\":\"50\",\"image_width2\":\"\",\"image_height2\":\"\",\"image_floated2\":\"float_left\",\"image_radius2\":\"\",\"hide_image3\":\"\",\"show_favourites2\":\"\",\"fav_size2\":\"2\",\"fav_space2\":\"\",\"fav_ico_color2\":\"\",\"fav_ico_color_h2\":\"\",\"fav_bg2\":\"\",\"fav_bg_h2\":\"\",\"fav_shadow2_shadow_header\":\"\",\"fav_shadow2_shadow_title\":\"Shadow\",\"fav_shadow2_shadow_size\":\"\",\"fav_shadow2_shadow_offset_horizontal\":\"\",\"fav_shadow2_shadow_offset_vertical\":\"\",\"fav_shadow2_shadow_spread\":\"\",\"fav_shadow2_shadow_color\":\"\",\"video_icon2\":\"\",\"video_popup3\":\"yes\",\"video_rec3\":\"\",\"video_rec_title3\":\"\",\"video_rec_color3\":\"\",\"autoplay_vid3\":\"yes\",\"show_vid_t3\":\"block\",\"vid_t_margin3\":\"\",\"vid_t_padding3\":\"\",\"meta_info_horiz2\":\"content-horiz-left\",\"meta_width2\":\"\",\"meta_margin2\":\"\",\"meta_padding2\":\"\",\"meta_info_border_radius2\":\"\",\"art_title2\":\"\",\"modules_category3\":\"\",\"modules_category_margin2\":\"\",\"modules_category_padding2\":\"\",\"modules_cat_border2\":\"\",\"modules_category_radius2\":\"0\",\"show_cat2\":\"inline-block\",\"modules_extra_cat2\":\"\",\"show_author2\":\"inline-block\",\"author_photo3\":\"\",\"author_photo_size2\":\"\",\"author_photo_space2\":\"\",\"author_photo_radius2\":\"\",\"show_date2\":\"inline-block\",\"show_com2\":\"block\",\"show_review2\":\"inline-block\",\"review_space2\":\"\",\"review_size2\":\"2.5\",\"review_distance2\":\"\",\"show_excerpt2\":\"block\",\"art_excerpt2\":\"\",\"excerpt_middle3\":\"\",\"show_audio2\":\"block\",\"hide_audio3\":\"\",\"art_audio2\":\"\",\"art_audio_size2\":\"1\",\"pag_space\":\"\",\"pag_padding\":\"\",\"pag_border_width\":\"\",\"pag_border_radius\":\"\",\"prev_tdicon\":\"\",\"next_tdicon\":\"\",\"pag_icons_size\":\"\",\"f_header_font_header\":\"\",\"f_header_font_title\":\"Block header\",\"f_header_font_settings\":\"\",\"f_header_font_family\":\"\",\"f_header_font_size\":\"\",\"f_header_font_line_height\":\"\",\"f_header_font_style\":\"\",\"f_header_font_weight\":\"\",\"f_header_font_transform\":\"\",\"f_header_font_spacing\":\"\",\"f_header_\":\"\",\"f_ajax_font_title\":\"Ajax categories\",\"f_ajax_font_settings\":\"\",\"f_ajax_font_family\":\"\",\"f_ajax_font_size\":\"\",\"f_ajax_font_line_height\":\"\",\"f_ajax_font_style\":\"\",\"f_ajax_font_weight\":\"\",\"f_ajax_font_transform\":\"\",\"f_ajax_font_spacing\":\"\",\"f_ajax_\":\"\",\"f_more_font_title\":\"Load more button\",\"f_more_font_settings\":\"\",\"f_more_font_family\":\"\",\"f_more_font_size\":\"\",\"f_more_font_line_height\":\"\",\"f_more_font_style\":\"\",\"f_more_font_weight\":\"\",\"f_more_font_transform\":\"\",\"f_more_font_spacing\":\"\",\"f_more_\":\"\",\"f_title1_font_header\":\"\",\"f_title1_font_title\":\"Article title 1\",\"f_title1_font_settings\":\"\",\"f_title1_font_family\":\"\",\"f_title1_font_size\":\"\",\"f_title1_font_line_height\":\"\",\"f_title1_font_style\":\"\",\"f_title1_font_weight\":\"\",\"f_title1_font_transform\":\"\",\"f_title1_font_spacing\":\"\",\"f_title1_\":\"\",\"f_cat1_font_title\":\"Article category tag 1\",\"f_cat1_font_settings\":\"\",\"f_cat1_font_family\":\"\",\"f_cat1_font_size\":\"\",\"f_cat1_font_line_height\":\"\",\"f_cat1_font_style\":\"\",\"f_cat1_font_weight\":\"\",\"f_cat1_font_transform\":\"\",\"f_cat1_font_spacing\":\"\",\"f_cat1_\":\"\",\"f_meta1_font_title\":\"Article meta info 1\",\"f_meta1_font_settings\":\"\",\"f_meta1_font_family\":\"\",\"f_meta1_font_size\":\"\",\"f_meta1_font_line_height\":\"\",\"f_meta1_font_style\":\"\",\"f_meta1_font_weight\":\"\",\"f_meta1_font_transform\":\"\",\"f_meta1_font_spacing\":\"\",\"f_meta1_\":\"\",\"f_ex1_font_title\":\"Article excerpt 1\",\"f_ex1_font_settings\":\"\",\"f_ex1_font_family\":\"\",\"f_ex1_font_size\":\"\",\"f_ex1_font_line_height\":\"\",\"f_ex1_font_style\":\"\",\"f_ex1_font_weight\":\"\",\"f_ex1_font_transform\":\"\",\"f_ex1_font_spacing\":\"\",\"f_ex1_\":\"\",\"f_title2_font_title\":\"Article title 2\",\"f_title2_font_settings\":\"\",\"f_title2_font_family\":\"\",\"f_title2_font_size\":\"\",\"f_title2_font_line_height\":\"\",\"f_title2_font_style\":\"\",\"f_title2_font_weight\":\"\",\"f_title2_font_transform\":\"\",\"f_title2_font_spacing\":\"\",\"f_title2_\":\"\",\"f_cat2_font_title\":\"Article category tag 2\",\"f_cat2_font_settings\":\"\",\"f_cat2_font_family\":\"\",\"f_cat2_font_size\":\"\",\"f_cat2_font_line_height\":\"\",\"f_cat2_font_style\":\"\",\"f_cat2_font_weight\":\"\",\"f_cat2_font_transform\":\"\",\"f_cat2_font_spacing\":\"\",\"f_cat2_\":\"\",\"f_meta2_font_title\":\"Article meta info 2\",\"f_meta2_font_settings\":\"\",\"f_meta2_font_family\":\"\",\"f_meta2_font_size\":\"\",\"f_meta2_font_line_height\":\"\",\"f_meta2_font_style\":\"\",\"f_meta2_font_weight\":\"\",\"f_meta2_font_transform\":\"\",\"f_meta2_font_spacing\":\"\",\"f_meta2_\":\"\",\"f_ex2_font_title\":\"Article excerpt 2\",\"f_ex2_font_settings\":\"\",\"f_ex2_font_family\":\"\",\"f_ex2_font_size\":\"\",\"f_ex2_font_line_height\":\"\",\"f_ex2_font_style\":\"\",\"f_ex2_font_weight\":\"\",\"f_ex2_font_transform\":\"\",\"f_ex2_font_spacing\":\"\",\"f_ex2_\":\"\",\"mix_color\":\"\",\"mix_type\":\"\",\"fe_brightness\":\"1\",\"fe_contrast\":\"1\",\"fe_saturate\":\"1\",\"mix_color_h\":\"\",\"mix_type_h\":\"\",\"fe_brightness_h\":\"1\",\"fe_contrast_h\":\"1\",\"fe_saturate_h\":\"1\",\"shadow_shadow_header\":\"\",\"shadow_shadow_title\":\"Module Shadow\",\"shadow_shadow_size\":\"\",\"shadow_shadow_offset_horizontal\":\"\",\"shadow_shadow_offset_vertical\":\"\",\"shadow_shadow_spread\":\"\",\"shadow_shadow_color\":\"\",\"color_overlay\":\"\",\"meta_bg\":\"\",\"title_txt\":\"\",\"title_txt_hover\":\"\",\"all_underline_height1\":\"\",\"all_underline_color1\":\"#000\",\"cat_bg\":\"\",\"cat_bg_hover\":\"\",\"cat_txt\":\"\",\"cat_txt_hover\":\"\",\"cat_border1\":\"\",\"cat_border_hover1\":\"\",\"author_txt\":\"\",\"author_txt_hover\":\"\",\"date_txt\":\"\",\"ex_txt\":\"\",\"com_bg\":\"\",\"com_txt\":\"\",\"rev_txt\":\"\",\"audio_btn_color\":\"\",\"audio_time_color\":\"\",\"audio_bar_color\":\"\",\"audio_bar_curr_color\":\"\",\"meta_bg2\":\"\",\"title_txt2\":\"\",\"title_txt_hover2\":\"\",\"all_underline_height2\":\"\",\"all_underline_color2\":\"#000\",\"cat_bg2\":\"\",\"cat_bg_hover2\":\"\",\"cat_txt2\":\"\",\"cat_txt_hover2\":\"\",\"cat_border2\":\"\",\"cat_border_hover2\":\"\",\"author_txt2\":\"\",\"author_txt_hover2\":\"\",\"date_txt2\":\"\",\"ex_txt2\":\"\",\"com_bg2\":\"\",\"com_txt2\":\"\",\"rev_txt2\":\"\",\"audio_btn_color2\":\"\",\"audio_time_color2\":\"\",\"audio_bar_color2\":\"\",\"audio_bar_curr_color2\":\"\",\"pag_text\":\"\",\"pag_h_text\":\"\",\"pag_bg\":\"\",\"pag_h_bg\":\"\",\"pag_border\":\"\",\"pag_h_border\":\"\",\"btn_title\":\"\",\"ajax_pagination_next_prev_swipe\":\"\",\"ajax_pagination_infinite_stop\":\"\",\"css\":\"\",\"tdc_css\":\"\",\"td_column_number\":3,\"header_color\":\"\",\"color_preset\":\"\",\"border_top\":\"\",\"class\":\"tdi_7\",\"tdc_css_class\":\"tdi_7\",\"tdc_css_class_style\":\"tdi_7_rand_style\"}';\nblock_tdi_7.td_column_number = \"3\";\nblock_tdi_7.block_type = \"td_flex_block_4\";\nblock_tdi_7.post_count = \"12\";\nblock_tdi_7.found_posts = \"6013\";\nblock_tdi_7.header_color = \"\";\nblock_tdi_7.ajax_pagination_infinite_stop = \"\";\nblock_tdi_7.max_num_pages = \"502\";\ntdBlocksArray.push(block_tdi_7);\n<\/script><div class=\"td-block-title-wrap\"><\/div><div id=tdi_7 class=\"td_block_inner td-mc1-wrap\">\r\n        <div class=\"td_module_flex td_module_flex_1 td_module_wrap td-animation-stack td-meta-info-hide td-cpt-post\">\r\n            <div class=\"td-module-container td-category-pos-\">\r\n                                    <div class=\"td-image-container\">\r\n                                                <div class=\"td-module-thumb\"><a href=\"https:\/\/futbolhoy.co\/index.php\/2026\/04\/25\/munoz-de-un-polemico-gol-a-ser-agredido-por-un-hincha-de-liverpool-en-premier\/\"  rel=\"bookmark\" class=\"td-image-wrap \" title=\"Mu\u00f1oz, de un pol\u00e9mico gol a ser agredido por un hincha de Liverpool en Premier\" ><span class=\"entry-thumb td-thumb-css\" data-type=\"css_image\" data-img-url=\"https:\/\/futbolhoy.co\/wp-content\/uploads\/2026\/04\/image-5-3-696x407.png\"  ><\/span><\/a><\/div>                                                                    <\/div>\r\n                \r\n                <div class=\"td-module-meta-info\">\r\n                                        \r\n                    <h3 class=\"entry-title td-module-title\"><a href=\"https:\/\/futbolhoy.co\/index.php\/2026\/04\/25\/munoz-de-un-polemico-gol-a-ser-agredido-por-un-hincha-de-liverpool-en-premier\/\"  rel=\"bookmark\" title=\"Mu\u00f1oz, de un pol\u00e9mico gol a ser agredido por un hincha de Liverpool en Premier\">Mu\u00f1oz, de un pol\u00e9mico gol a ser agredido por un hincha de Liverpool en Premier<\/a><\/h3>\r\n                    \r\n                                            <div class=\"td-editor-date\">\r\n                                                        <a href=\"https:\/\/futbolhoy.co\/index.php\/category\/mundo-futbol\/\" class=\"td-post-category\">Mundo Futbol<\/a>\r\n                                                            <span class=\"td-author-date\">\r\n                                                                                                                                                                                                                    <\/span>\r\n                                                    <\/div>\r\n                    \r\n                    <div class=\"td-excerpt\">Pol\u00e9mico enfrentamiento entre Liverpool y Crystal Palace durante la jornada 34 de la Premier League. Aunque los Reds lograron la victoria con un contundente...<\/div>\r\n                    \r\n                                    <\/div>\r\n            <\/div>\r\n        <\/div>\r\n\r\n        \r\n        <div class=\"td_module_flex td_module_flex_4 td_module_wrap td-animation-stack td-meta-info-hide td-cpt-post\">\r\n            <div class=\"td-module-container td-category-pos-\">\r\n                                    <div class=\"td-image-container\">\r\n                                                <div class=\"td-module-thumb\"><a href=\"https:\/\/futbolhoy.co\/index.php\/2026\/04\/24\/dura-sancion-contra-prestianni-por-comportamiento-discriminatorio-contra-vinicius\/\"  rel=\"bookmark\" class=\"td-image-wrap \" title=\"Dura sanci\u00f3n contra Prestianni por &quot;comportamiento discriminatorio&quot; contra Vin\u00edcius\" ><span class=\"entry-thumb td-thumb-css\" data-type=\"css_image\" data-img-url=\"https:\/\/futbolhoy.co\/wp-content\/uploads\/2026\/04\/image-11-1-218x150.png\"  ><\/span><\/a><\/div>                                                                    <\/div>\r\n                \r\n                <div class=\"td-module-meta-info\">\r\n                                        \r\n                    <h3 class=\"entry-title td-module-title\"><a href=\"https:\/\/futbolhoy.co\/index.php\/2026\/04\/24\/dura-sancion-contra-prestianni-por-comportamiento-discriminatorio-contra-vinicius\/\"  rel=\"bookmark\" title=\"Dura sanci\u00f3n contra Prestianni por &quot;comportamiento discriminatorio&quot; contra Vin\u00edcius\">Dura sanci\u00f3n contra Prestianni por &quot;comportamiento discriminatorio&quot; contra Vin\u00edcius<\/a><\/h3>\r\n                    \r\n                                            <div class=\"td-editor-date\">\r\n                                                        <a href=\"https:\/\/futbolhoy.co\/index.php\/category\/mundo-futbol\/\" class=\"td-post-category\">Mundo Futbol<\/a>\r\n                                                            <span class=\"td-author-date\">\r\n                                                                                                                                                                                                                    <\/span>\r\n                                                    <\/div>\r\n                    \r\n                    <div class=\"td-excerpt\">La UEFA suspendi\u00f3 este viernes al jugador argentino Gianluca Prestianni seis partidos por comportamiento &quot;discriminatorio&quot;, aunque tres de esos duelos quedan en suspenso durante...<\/div>\r\n                                    <\/div>\r\n            <\/div>\r\n        <\/div>\r\n\r\n        \r\n        <div class=\"td_module_flex td_module_flex_4 td_module_wrap td-animation-stack td-meta-info-hide td-cpt-post\">\r\n            <div class=\"td-module-container td-category-pos-\">\r\n                                    <div class=\"td-image-container\">\r\n                                                <div class=\"td-module-thumb\"><a href=\"https:\/\/futbolhoy.co\/index.php\/2026\/04\/23\/barcelona-dio-a-conocer-el-parte-medico-de-yamal-llega-al-mundial\/\"  rel=\"bookmark\" class=\"td-image-wrap \" title=\"Barcelona dio a conocer el parte m\u00e9dico de Yamal: \u00bfLlega al Mundial?\" ><span class=\"entry-thumb td-thumb-css\" data-type=\"css_image\" data-img-url=\"https:\/\/futbolhoy.co\/wp-content\/uploads\/2026\/04\/Captura-de-pantalla-2026-04-23-073234-218x150.png\"  ><\/span><\/a><\/div>                                                                    <\/div>\r\n                \r\n                <div class=\"td-module-meta-info\">\r\n                                        \r\n                    <h3 class=\"entry-title td-module-title\"><a href=\"https:\/\/futbolhoy.co\/index.php\/2026\/04\/23\/barcelona-dio-a-conocer-el-parte-medico-de-yamal-llega-al-mundial\/\"  rel=\"bookmark\" title=\"Barcelona dio a conocer el parte m\u00e9dico de Yamal: \u00bfLlega al Mundial?\">Barcelona dio a conocer el parte m\u00e9dico de Yamal: \u00bfLlega al Mundial?<\/a><\/h3>\r\n                    \r\n                                            <div class=\"td-editor-date\">\r\n                                                        <a href=\"https:\/\/futbolhoy.co\/index.php\/category\/mundial\/\" class=\"td-post-category\">Mundial<\/a>\r\n                                                            <span class=\"td-author-date\">\r\n                                                                                                                                                                                                                    <\/span>\r\n                                                    <\/div>\r\n                    \r\n                    <div class=\"td-excerpt\">Barcelona dio a conocer el parte m\u00e9dico de su principal figura, el delantero de 18 a\u00f1os Lamine Yamal, quien present\u00f3 una lesi\u00f3n este mi\u00e9rcoles...<\/div>\r\n                                    <\/div>\r\n            <\/div>\r\n        <\/div>\r\n\r\n        \r\n        <div class=\"td_module_flex td_module_flex_4 td_module_wrap td-animation-stack td-meta-info-hide td-cpt-post\">\r\n            <div class=\"td-module-container td-category-pos-\">\r\n                                    <div class=\"td-image-container\">\r\n                                                <div class=\"td-module-thumb\"><a href=\"https:\/\/futbolhoy.co\/index.php\/2026\/04\/22\/chelsea-despide-a-su-entrenador-tres-meses-despues-de-su-llegada\/\"  rel=\"bookmark\" class=\"td-image-wrap \" title=\"Chelsea despide a su entrenador, tres meses despu\u00e9s de su llegada\" ><span class=\"entry-thumb td-thumb-css\" data-type=\"css_image\" data-img-url=\"https:\/\/futbolhoy.co\/wp-content\/uploads\/2026\/04\/Captura-de-pantalla-2026-04-22-121634-218x150.png\"  ><\/span><\/a><\/div>                                                                    <\/div>\r\n                \r\n                <div class=\"td-module-meta-info\">\r\n                                        \r\n                    <h3 class=\"entry-title td-module-title\"><a href=\"https:\/\/futbolhoy.co\/index.php\/2026\/04\/22\/chelsea-despide-a-su-entrenador-tres-meses-despues-de-su-llegada\/\"  rel=\"bookmark\" title=\"Chelsea despide a su entrenador, tres meses despu\u00e9s de su llegada\">Chelsea despide a su entrenador, tres meses despu\u00e9s de su llegada<\/a><\/h3>\r\n                    \r\n                                            <div class=\"td-editor-date\">\r\n                                                        <a href=\"https:\/\/futbolhoy.co\/index.php\/category\/mundo-futbol\/\" class=\"td-post-category\">Mundo Futbol<\/a>\r\n                                                            <span class=\"td-author-date\">\r\n                                                                                                                                                                                                                    <\/span>\r\n                                                    <\/div>\r\n                    \r\n                    <div class=\"td-excerpt\">Chelsea ha tomado la determinaci\u00f3n de prescindir de los servicios de Liam Rosenior, entrenador franc\u00e9s que hab\u00eda llegado en enero desde Racing de Estrasburgo....<\/div>\r\n                                    <\/div>\r\n            <\/div>\r\n        <\/div>\r\n\r\n        \r\n        <div class=\"td_module_flex td_module_flex_4 td_module_wrap td-animation-stack td-meta-info-hide td-cpt-post\">\r\n            <div class=\"td-module-container td-category-pos-\">\r\n                                    <div class=\"td-image-container\">\r\n                                                <div class=\"td-module-thumb\"><a href=\"https:\/\/futbolhoy.co\/index.php\/2026\/04\/21\/messi-vs-cristiano-en-busca-de-los-1-000-goles\/\"  rel=\"bookmark\" class=\"td-image-wrap \" title=\"Messi Vs. Cristiano, en busca de los 1.000 goles\" ><span class=\"entry-thumb td-thumb-css\" data-type=\"css_image\" data-img-url=\"https:\/\/futbolhoy.co\/wp-content\/uploads\/2026\/04\/2647e5db-57fd-4694-b21f-d6b52a9fac40-218x150.jpeg\"  ><\/span><\/a><\/div>                                                                    <\/div>\r\n                \r\n                <div class=\"td-module-meta-info\">\r\n                                        \r\n                    <h3 class=\"entry-title td-module-title\"><a href=\"https:\/\/futbolhoy.co\/index.php\/2026\/04\/21\/messi-vs-cristiano-en-busca-de-los-1-000-goles\/\"  rel=\"bookmark\" title=\"Messi Vs. Cristiano, en busca de los 1.000 goles\">Messi Vs. Cristiano, en busca de los 1.000 goles<\/a><\/h3>\r\n                    \r\n                                            <div class=\"td-editor-date\">\r\n                                                        <a href=\"https:\/\/futbolhoy.co\/index.php\/category\/infografias\/\" class=\"td-post-category\">Infograf\u00edas<\/a>\r\n                                                            <span class=\"td-author-date\">\r\n                                                                                                                                                                                                                    <\/span>\r\n                                                    <\/div>\r\n                    \r\n                    <div class=\"td-excerpt\"><\/div>\r\n                                    <\/div>\r\n            <\/div>\r\n        <\/div>\r\n\r\n        \r\n        <div class=\"td_module_flex td_module_flex_4 td_module_wrap td-animation-stack td-meta-info-hide td-cpt-post\">\r\n            <div class=\"td-module-container td-category-pos-\">\r\n                                    <div class=\"td-image-container\">\r\n                                                <div class=\"td-module-thumb\"><a href=\"https:\/\/futbolhoy.co\/index.php\/2026\/04\/19\/city-vencio-a-arsenal-y-apreto-la-premier-league-asi-quedo-la-tabla\/\"  rel=\"bookmark\" class=\"td-image-wrap \" title=\"City venci\u00f3 a Arsenal y apret\u00f3 la Premier League: As\u00ed qued\u00f3 la tabla\" ><span class=\"entry-thumb td-thumb-css\" data-type=\"css_image\" data-img-url=\"https:\/\/futbolhoy.co\/wp-content\/uploads\/2026\/04\/Captura-de-pantalla-2026-04-19-131058-218x150.png\"  ><\/span><\/a><\/div>                                                                    <\/div>\r\n                \r\n                <div class=\"td-module-meta-info\">\r\n                                        \r\n                    <h3 class=\"entry-title td-module-title\"><a href=\"https:\/\/futbolhoy.co\/index.php\/2026\/04\/19\/city-vencio-a-arsenal-y-apreto-la-premier-league-asi-quedo-la-tabla\/\"  rel=\"bookmark\" title=\"City venci\u00f3 a Arsenal y apret\u00f3 la Premier League: As\u00ed qued\u00f3 la tabla\">City venci\u00f3 a Arsenal y apret\u00f3 la Premier League: As\u00ed qued\u00f3 la tabla<\/a><\/h3>\r\n                    \r\n                                            <div class=\"td-editor-date\">\r\n                                                        <a href=\"https:\/\/futbolhoy.co\/index.php\/category\/mundo-futbol\/\" class=\"td-post-category\">Mundo Futbol<\/a>\r\n                                                            <span class=\"td-author-date\">\r\n                                                                                                                                                                                                                    <\/span>\r\n                                                    <\/div>\r\n                    \r\n                    <div class=\"td-excerpt\">Arsenal perdi\u00f3 el partido directo por el t\u00edtulo con el Manchester City y pareciera que nuevamente se le va a escapar la Premier League....<\/div>\r\n                                    <\/div>\r\n            <\/div>\r\n        <\/div>\r\n\r\n        \r\n        <div class=\"td_module_flex td_module_flex_4 td_module_wrap td-animation-stack td-meta-info-hide td-cpt-post\">\r\n            <div class=\"td-module-container td-category-pos-\">\r\n                                    <div class=\"td-image-container\">\r\n                                                <div class=\"td-module-thumb\"><a href=\"https:\/\/futbolhoy.co\/index.php\/2026\/04\/18\/historico-primera-entrenadora-en-dirigir-un-partido-en-las-cinco-grandes-ligas-de-europa\/\"  rel=\"bookmark\" class=\"td-image-wrap \" title=\"Hist\u00f3rico: Primera entrenadora en dirigir un partido en las cinco grandes ligas de Europa\" ><span class=\"entry-thumb td-thumb-css\" data-type=\"css_image\" data-img-url=\"https:\/\/futbolhoy.co\/wp-content\/uploads\/2026\/04\/HGBzvbHWYAAxXXC-218x150.jpg\"  ><\/span><\/a><\/div>                                                                    <\/div>\r\n                \r\n                <div class=\"td-module-meta-info\">\r\n                                        \r\n                    <h3 class=\"entry-title td-module-title\"><a href=\"https:\/\/futbolhoy.co\/index.php\/2026\/04\/18\/historico-primera-entrenadora-en-dirigir-un-partido-en-las-cinco-grandes-ligas-de-europa\/\"  rel=\"bookmark\" title=\"Hist\u00f3rico: Primera entrenadora en dirigir un partido en las cinco grandes ligas de Europa\">Hist\u00f3rico: Primera entrenadora en dirigir un partido en las cinco grandes ligas de Europa<\/a><\/h3>\r\n                    \r\n                                            <div class=\"td-editor-date\">\r\n                                                        <a href=\"https:\/\/futbolhoy.co\/index.php\/category\/mundo-futbol\/\" class=\"td-post-category\">Mundo Futbol<\/a>\r\n                                                            <span class=\"td-author-date\">\r\n                                                                                                                                                                                                                    <\/span>\r\n                                                    <\/div>\r\n                    \r\n                    <div class=\"td-excerpt\">Se dio el debut de la primera entrenadora dirigiendo a un equipo masculino en un partido de las cinco grandes ligas europeas, con el...<\/div>\r\n                                    <\/div>\r\n            <\/div>\r\n        <\/div>\r\n\r\n        \r\n        <div class=\"td_module_flex td_module_flex_4 td_module_wrap td-animation-stack td-meta-info-hide td-cpt-post\">\r\n            <div class=\"td-module-container td-category-pos-\">\r\n                                    <div class=\"td-image-container\">\r\n                                                <div class=\"td-module-thumb\"><a href=\"https:\/\/futbolhoy.co\/index.php\/2026\/04\/17\/primer-equipo-ascendido-a-la-premier-league-regresa-tras-25-anos\/\"  rel=\"bookmark\" class=\"td-image-wrap \" title=\"Primer equipo ascendido a la Premier League: regresa tras 25 a\u00f1os\" ><span class=\"entry-thumb td-thumb-css\" data-type=\"css_image\" data-img-url=\"https:\/\/futbolhoy.co\/wp-content\/uploads\/2026\/04\/HGI14KyWMAA2NbV-218x150.jpg\"  ><\/span><\/a><\/div>                                                                    <\/div>\r\n                \r\n                <div class=\"td-module-meta-info\">\r\n                                        \r\n                    <h3 class=\"entry-title td-module-title\"><a href=\"https:\/\/futbolhoy.co\/index.php\/2026\/04\/17\/primer-equipo-ascendido-a-la-premier-league-regresa-tras-25-anos\/\"  rel=\"bookmark\" title=\"Primer equipo ascendido a la Premier League: regresa tras 25 a\u00f1os\">Primer equipo ascendido a la Premier League: regresa tras 25 a\u00f1os<\/a><\/h3>\r\n                    \r\n                                            <div class=\"td-editor-date\">\r\n                                                        <a href=\"https:\/\/futbolhoy.co\/index.php\/category\/mundo-futbol\/\" class=\"td-post-category\">Mundo Futbol<\/a>\r\n                                                            <span class=\"td-author-date\">\r\n                                                                                                                                                                                                                    <\/span>\r\n                                                    <\/div>\r\n                    \r\n                    <div class=\"td-excerpt\">Coventry se asegur\u00f3 el ascenso a la Premier League, ya que el empate a 1-1 del l\u00edder de la Championship contra el Blackburn puso...<\/div>\r\n                                    <\/div>\r\n            <\/div>\r\n        <\/div>\r\n\r\n        \r\n        <div class=\"td_module_flex td_module_flex_4 td_module_wrap td-animation-stack td-meta-info-hide td-cpt-post\">\r\n            <div class=\"td-module-container td-category-pos-\">\r\n                                    <div class=\"td-image-container\">\r\n                                                <div class=\"td-module-thumb\"><a href=\"https:\/\/futbolhoy.co\/index.php\/2026\/04\/17\/este-es-el-xi-ideal-de-la-vuelta-de-semifinales-de-champions-league\/\"  rel=\"bookmark\" class=\"td-image-wrap \" title=\"Este es el XI ideal de la vuelta de semifinales de Champions League\" ><span class=\"entry-thumb td-thumb-css\" data-type=\"css_image\" data-img-url=\"https:\/\/futbolhoy.co\/wp-content\/uploads\/2026\/04\/HGCKL_KaMAA6Z5m-218x150.jpg\"  ><\/span><\/a><\/div>                                                                    <\/div>\r\n                \r\n                <div class=\"td-module-meta-info\">\r\n                                        \r\n                    <h3 class=\"entry-title td-module-title\"><a href=\"https:\/\/futbolhoy.co\/index.php\/2026\/04\/17\/este-es-el-xi-ideal-de-la-vuelta-de-semifinales-de-champions-league\/\"  rel=\"bookmark\" title=\"Este es el XI ideal de la vuelta de semifinales de Champions League\">Este es el XI ideal de la vuelta de semifinales de Champions League<\/a><\/h3>\r\n                    \r\n                                            <div class=\"td-editor-date\">\r\n                                                        <a href=\"https:\/\/futbolhoy.co\/index.php\/category\/mundo-futbol\/\" class=\"td-post-category\">Mundo Futbol<\/a>\r\n                                                            <span class=\"td-author-date\">\r\n                                                                                                                                                                                                                    <\/span>\r\n                                                    <\/div>\r\n                    \r\n                    <div class=\"td-excerpt\">El franc\u00e9s Michael Olise, del Bayern M\u00fanich, lidera el once ideal de la vuelta de cuartos de final de la Champions League, seg\u00fan anunci\u00f3...<\/div>\r\n                                    <\/div>\r\n            <\/div>\r\n        <\/div>\r\n\r\n        \r\n        <div class=\"td_module_flex td_module_flex_4 td_module_wrap td-animation-stack td-meta-info-hide td-cpt-post\">\r\n            <div class=\"td-module-container td-category-pos-\">\r\n                                    <div class=\"td-image-container\">\r\n                                                <div class=\"td-module-thumb\"><a href=\"https:\/\/futbolhoy.co\/index.php\/2026\/04\/16\/munoz-a-semis-de-conference-con-el-palace-deossa-cucho-y-lucumi-eliminados-en-europa-league\/\"  rel=\"bookmark\" class=\"td-image-wrap \" title=\"Mu\u00f1oz a semis de Conference con el Palace; Deossa, Cucho y Lucum\u00ed eliminados en Europa League\" ><span class=\"entry-thumb td-thumb-css\" data-type=\"css_image\" data-img-url=\"https:\/\/futbolhoy.co\/wp-content\/uploads\/2026\/04\/FACEBOOK-2026-04-16T161214.102-218x150.png\"  ><\/span><\/a><\/div>                                                                    <\/div>\r\n                \r\n                <div class=\"td-module-meta-info\">\r\n                                        \r\n                    <h3 class=\"entry-title td-module-title\"><a href=\"https:\/\/futbolhoy.co\/index.php\/2026\/04\/16\/munoz-a-semis-de-conference-con-el-palace-deossa-cucho-y-lucumi-eliminados-en-europa-league\/\"  rel=\"bookmark\" title=\"Mu\u00f1oz a semis de Conference con el Palace; Deossa, Cucho y Lucum\u00ed eliminados en Europa League\">Mu\u00f1oz a semis de Conference con el Palace; Deossa, Cucho y Lucum\u00ed eliminados en Europa League<\/a><\/h3>\r\n                    \r\n                                            <div class=\"td-editor-date\">\r\n                                                        <a href=\"https:\/\/futbolhoy.co\/index.php\/category\/mundo-futbol\/\" class=\"td-post-category\">Mundo Futbol<\/a>\r\n                                                            <span class=\"td-author-date\">\r\n                                                                                                                                                                                                                    <\/span>\r\n                                                    <\/div>\r\n                    \r\n                    <div class=\"td-excerpt\">Agridulce jornada europea para los futbolistas colombianos. Mientras que Daniel Mu\u00f1oz y Jefferson Lerma clasificaron a semifinales de Conference League con el Crystal Palace,...<\/div>\r\n                                    <\/div>\r\n            <\/div>\r\n        <\/div>\r\n\r\n        \r\n        <div class=\"td_module_flex td_module_flex_4 td_module_wrap td-animation-stack td-meta-info-hide td-cpt-post\">\r\n            <div class=\"td-module-container td-category-pos-\">\r\n                                    <div class=\"td-image-container\">\r\n                                                <div class=\"td-module-thumb\"><a href=\"https:\/\/futbolhoy.co\/index.php\/2026\/04\/15\/james-fue-titular-por-primera-vez-en-la-clasificacion-del-minnesota-por-copa\/\"  rel=\"bookmark\" class=\"td-image-wrap \" title=\"James fue titular por primera vez en la clasificaci\u00f3n del Minnesota por Copa\" ><span class=\"entry-thumb td-thumb-css\" data-type=\"css_image\" data-img-url=\"https:\/\/futbolhoy.co\/wp-content\/uploads\/2026\/04\/image-9-1-218x150.png\"  ><\/span><\/a><\/div>                                                                    <\/div>\r\n                \r\n                <div class=\"td-module-meta-info\">\r\n                                        \r\n                    <h3 class=\"entry-title td-module-title\"><a href=\"https:\/\/futbolhoy.co\/index.php\/2026\/04\/15\/james-fue-titular-por-primera-vez-en-la-clasificacion-del-minnesota-por-copa\/\"  rel=\"bookmark\" title=\"James fue titular por primera vez en la clasificaci\u00f3n del Minnesota por Copa\">James fue titular por primera vez en la clasificaci\u00f3n del Minnesota por Copa<\/a><\/h3>\r\n                    \r\n                                            <div class=\"td-editor-date\">\r\n                                                        <a href=\"https:\/\/futbolhoy.co\/index.php\/category\/mundo-futbol\/\" class=\"td-post-category\">Mundo Futbol<\/a>\r\n                                                            <span class=\"td-author-date\">\r\n                                                                                                                                                                                                                    <\/span>\r\n                                                    <\/div>\r\n                    \r\n                    <div class=\"td-excerpt\">James Rodr\u00edguez volvi\u00f3 a la titularidad con Minnesota United despu\u00e9s de varios d\u00edas de ausencia y disput\u00f3 66 minutos en la victoria 9-8 en...<\/div>\r\n                                    <\/div>\r\n            <\/div>\r\n        <\/div>\r\n\r\n        \r\n        <div class=\"td_module_flex td_module_flex_4 td_module_wrap td-animation-stack td-meta-info-hide td-cpt-post\">\r\n            <div class=\"td-module-container td-category-pos-\">\r\n                                    <div class=\"td-image-container\">\r\n                                                <div class=\"td-module-thumb\"><a href=\"https:\/\/futbolhoy.co\/index.php\/2026\/04\/14\/javier-mascherano-se-despide-del-inter-miami-despues-de-un-exitoso-2025\/\"  rel=\"bookmark\" class=\"td-image-wrap \" title=\"Javier Mascherano se despide del Inter Miami despu\u00e9s de un exitoso 2025\" ><span class=\"entry-thumb td-thumb-css\" data-type=\"css_image\" data-img-url=\"https:\/\/futbolhoy.co\/wp-content\/uploads\/2026\/04\/image-2-1-218x150.png\"  ><\/span><\/a><\/div>                                                                    <\/div>\r\n                \r\n                <div class=\"td-module-meta-info\">\r\n                                        \r\n                    <h3 class=\"entry-title td-module-title\"><a href=\"https:\/\/futbolhoy.co\/index.php\/2026\/04\/14\/javier-mascherano-se-despide-del-inter-miami-despues-de-un-exitoso-2025\/\"  rel=\"bookmark\" title=\"Javier Mascherano se despide del Inter Miami despu\u00e9s de un exitoso 2025\">Javier Mascherano se despide del Inter Miami despu\u00e9s de un exitoso 2025<\/a><\/h3>\r\n                    \r\n                                            <div class=\"td-editor-date\">\r\n                                                        <a href=\"https:\/\/futbolhoy.co\/index.php\/category\/mundo-futbol\/\" class=\"td-post-category\">Mundo Futbol<\/a>\r\n                                                            <span class=\"td-author-date\">\r\n                                                                                                                                                                                                                    <\/span>\r\n                                                    <\/div>\r\n                    \r\n                    <div class=\"td-excerpt\">Este martes 14 de abril, en horas de la ma\u00f1ana, Inter Miami oficializ\u00f3 la salida de Javier Mascherano a trav\u00e9s de un comunicado en...<\/div>\r\n                                    <\/div>\r\n            <\/div>\r\n        <\/div>\r\n\r\n        <\/div><div class=\"td-load-more-wrap\"><a href=\"#\" class=\"td_ajax_load_more td_ajax_load_more_js\"  aria-label=\"load_more\" id=\"next-page-tdi_7\" data-td_block_id=\"tdi_7\">Cargar m\u00e1s<i class=\"td-load-more-icon td-icon-font td-icon-menu-right\"><\/i><\/a><\/div><\/div><\/div><\/div><\/div><\/div><\/div><\/div>","protected":false},"excerpt":{"rendered":"","protected":false},"author":1,"featured_media":0,"parent":0,"menu_order":0,"comment_status":"closed","ping_status":"closed","template":"page-pagebuilder-title.php","meta":{"_acf_changed":false,"footnotes":""},"class_list":["post-6175","page","type-page","status-publish"],"acf":[],"yoast_head":"<!-- This site is optimized with the Yoast SEO plugin v26.8 - https:\/\/yoast.com\/product\/yoast-seo-wordpress\/ -->\n<title>Mundo F\u00fatbol -<\/title>\n<meta name=\"robots\" content=\"index, follow, max-snippet:-1, max-image-preview:large, max-video-preview:-1\" \/>\n<link rel=\"canonical\" href=\"https:\/\/futbolhoy.co\/index.php\/mundo-futbol\/\" \/>\n<meta property=\"og:locale\" content=\"es_ES\" \/>\n<meta property=\"og:type\" content=\"article\" \/>\n<meta property=\"og:title\" content=\"Mundo F\u00fatbol -\" \/>\n<meta property=\"og:url\" content=\"https:\/\/futbolhoy.co\/index.php\/mundo-futbol\/\" \/>\n<meta property=\"article:publisher\" content=\"https:\/\/www.facebook.com\/FutbolHoyCol\/\" \/>\n<meta property=\"article:modified_time\" content=\"2023-11-26T13:32:26+00:00\" \/>\n<meta name=\"twitter:card\" content=\"summary_large_image\" \/>\n<meta name=\"twitter:site\" content=\"@FutbolHoyCol\" \/>\n<script type=\"application\/ld+json\" class=\"yoast-schema-graph\">{\"@context\":\"https:\/\/schema.org\",\"@graph\":[{\"@type\":\"WebPage\",\"@id\":\"https:\/\/futbolhoy.co\/index.php\/mundo-futbol\/\",\"url\":\"https:\/\/futbolhoy.co\/index.php\/mundo-futbol\/\",\"name\":\"Mundo F\u00fatbol -\",\"isPartOf\":{\"@id\":\"https:\/\/futbolhoy.co\/#website\"},\"datePublished\":\"2017-09-23T12:14:29+00:00\",\"dateModified\":\"2023-11-26T13:32:26+00:00\",\"breadcrumb\":{\"@id\":\"https:\/\/futbolhoy.co\/index.php\/mundo-futbol\/#breadcrumb\"},\"inLanguage\":\"es\",\"potentialAction\":[{\"@type\":\"ReadAction\",\"target\":[\"https:\/\/futbolhoy.co\/index.php\/mundo-futbol\/\"]}]},{\"@type\":\"BreadcrumbList\",\"@id\":\"https:\/\/futbolhoy.co\/index.php\/mundo-futbol\/#breadcrumb\",\"itemListElement\":[{\"@type\":\"ListItem\",\"position\":1,\"name\":\"Portada\",\"item\":\"https:\/\/futbolhoy.co\/\"},{\"@type\":\"ListItem\",\"position\":2,\"name\":\"Mundo F\u00fatbol\"}]},{\"@type\":\"WebSite\",\"@id\":\"https:\/\/futbolhoy.co\/#website\",\"url\":\"https:\/\/futbolhoy.co\/\",\"name\":\"FutbolHoy\",\"description\":\"\",\"publisher\":{\"@id\":\"https:\/\/futbolhoy.co\/#organization\"},\"potentialAction\":[{\"@type\":\"SearchAction\",\"target\":{\"@type\":\"EntryPoint\",\"urlTemplate\":\"https:\/\/futbolhoy.co\/?s={search_term_string}\"},\"query-input\":{\"@type\":\"PropertyValueSpecification\",\"valueRequired\":true,\"valueName\":\"search_term_string\"}}],\"inLanguage\":\"es\"},{\"@type\":\"Organization\",\"@id\":\"https:\/\/futbolhoy.co\/#organization\",\"name\":\"Futbolhoy.co\",\"url\":\"https:\/\/futbolhoy.co\/\",\"logo\":{\"@type\":\"ImageObject\",\"inLanguage\":\"es\",\"@id\":\"https:\/\/futbolhoy.co\/#\/schema\/logo\/image\/\",\"url\":\"https:\/\/futbolhoy.co\/wp-content\/uploads\/2018\/08\/17426380_1906371736249227_6326180412931521141_n.jpg\",\"contentUrl\":\"https:\/\/futbolhoy.co\/wp-content\/uploads\/2018\/08\/17426380_1906371736249227_6326180412931521141_n.jpg\",\"width\":960,\"height\":960,\"caption\":\"Futbolhoy.co\"},\"image\":{\"@id\":\"https:\/\/futbolhoy.co\/#\/schema\/logo\/image\/\"},\"sameAs\":[\"https:\/\/www.facebook.com\/FutbolHoyCol\/\",\"https:\/\/x.com\/FutbolHoyCol\",\"https:\/\/www.instagram.com\/futbolhoycol\/\"]}]}<\/script>\n<!-- \/ Yoast SEO plugin. -->","yoast_head_json":{"title":"Mundo F\u00fatbol -","robots":{"index":"index","follow":"follow","max-snippet":"max-snippet:-1","max-image-preview":"max-image-preview:large","max-video-preview":"max-video-preview:-1"},"canonical":"https:\/\/futbolhoy.co\/index.php\/mundo-futbol\/","og_locale":"es_ES","og_type":"article","og_title":"Mundo F\u00fatbol -","og_url":"https:\/\/futbolhoy.co\/index.php\/mundo-futbol\/","article_publisher":"https:\/\/www.facebook.com\/FutbolHoyCol\/","article_modified_time":"2023-11-26T13:32:26+00:00","twitter_card":"summary_large_image","twitter_site":"@FutbolHoyCol","schema":{"@context":"https:\/\/schema.org","@graph":[{"@type":"WebPage","@id":"https:\/\/futbolhoy.co\/index.php\/mundo-futbol\/","url":"https:\/\/futbolhoy.co\/index.php\/mundo-futbol\/","name":"Mundo F\u00fatbol -","isPartOf":{"@id":"https:\/\/futbolhoy.co\/#website"},"datePublished":"2017-09-23T12:14:29+00:00","dateModified":"2023-11-26T13:32:26+00:00","breadcrumb":{"@id":"https:\/\/futbolhoy.co\/index.php\/mundo-futbol\/#breadcrumb"},"inLanguage":"es","potentialAction":[{"@type":"ReadAction","target":["https:\/\/futbolhoy.co\/index.php\/mundo-futbol\/"]}]},{"@type":"BreadcrumbList","@id":"https:\/\/futbolhoy.co\/index.php\/mundo-futbol\/#breadcrumb","itemListElement":[{"@type":"ListItem","position":1,"name":"Portada","item":"https:\/\/futbolhoy.co\/"},{"@type":"ListItem","position":2,"name":"Mundo F\u00fatbol"}]},{"@type":"WebSite","@id":"https:\/\/futbolhoy.co\/#website","url":"https:\/\/futbolhoy.co\/","name":"FutbolHoy","description":"","publisher":{"@id":"https:\/\/futbolhoy.co\/#organization"},"potentialAction":[{"@type":"SearchAction","target":{"@type":"EntryPoint","urlTemplate":"https:\/\/futbolhoy.co\/?s={search_term_string}"},"query-input":{"@type":"PropertyValueSpecification","valueRequired":true,"valueName":"search_term_string"}}],"inLanguage":"es"},{"@type":"Organization","@id":"https:\/\/futbolhoy.co\/#organization","name":"Futbolhoy.co","url":"https:\/\/futbolhoy.co\/","logo":{"@type":"ImageObject","inLanguage":"es","@id":"https:\/\/futbolhoy.co\/#\/schema\/logo\/image\/","url":"https:\/\/futbolhoy.co\/wp-content\/uploads\/2018\/08\/17426380_1906371736249227_6326180412931521141_n.jpg","contentUrl":"https:\/\/futbolhoy.co\/wp-content\/uploads\/2018\/08\/17426380_1906371736249227_6326180412931521141_n.jpg","width":960,"height":960,"caption":"Futbolhoy.co"},"image":{"@id":"https:\/\/futbolhoy.co\/#\/schema\/logo\/image\/"},"sameAs":["https:\/\/www.facebook.com\/FutbolHoyCol\/","https:\/\/x.com\/FutbolHoyCol","https:\/\/www.instagram.com\/futbolhoycol\/"]}]}},"publishpress_future_action":{"enabled":false,"date":"2026-05-05 09:49:28","action":"change-status","newStatus":"draft","terms":[],"taxonomy":"","extraData":[]},"publishpress_future_workflow_manual_trigger":{"enabledWorkflows":[]},"_links":{"self":[{"href":"https:\/\/futbolhoy.co\/index.php\/wp-json\/wp\/v2\/pages\/6175","targetHints":{"allow":["GET"]}}],"collection":[{"href":"https:\/\/futbolhoy.co\/index.php\/wp-json\/wp\/v2\/pages"}],"about":[{"href":"https:\/\/futbolhoy.co\/index.php\/wp-json\/wp\/v2\/types\/page"}],"author":[{"embeddable":true,"href":"https:\/\/futbolhoy.co\/index.php\/wp-json\/wp\/v2\/users\/1"}],"replies":[{"embeddable":true,"href":"https:\/\/futbolhoy.co\/index.php\/wp-json\/wp\/v2\/comments?post=6175"}],"version-history":[{"count":30,"href":"https:\/\/futbolhoy.co\/index.php\/wp-json\/wp\/v2\/pages\/6175\/revisions"}],"predecessor-version":[{"id":94670,"href":"https:\/\/futbolhoy.co\/index.php\/wp-json\/wp\/v2\/pages\/6175\/revisions\/94670"}],"wp:attachment":[{"href":"https:\/\/futbolhoy.co\/index.php\/wp-json\/wp\/v2\/media?parent=6175"}],"curies":[{"name":"wp","href":"https:\/\/api.w.org\/{rel}","templated":true}]}}